{"id":206579,"date":"2018-10-15T10:05:39","date_gmt":"2018-10-15T10:05:39","guid":{"rendered":"https:\/\/www.casavacanzemoresco.com\/apartments-ceriale\/"},"modified":"2020-01-09T16:16:02","modified_gmt":"2020-01-09T16:16:02","slug":"appartements-ceriale","status":"publish","type":"page","link":"https:\/\/www.casavacanzemoresco.com\/fr\/appartements-ceriale\/","title":{"rendered":"Appartements"},"content":{"rendered":"<p>[et_pb_section fb_built=\u00a0\u00bb1&Prime; disabled_on=\u00a0\u00bbon|on|off\u00a0\u00bb _builder_version=\u00a0\u00bb3.22.3&Prime; background_color=\u00a0\u00bbrgba(0,0,0,0)\u00a0\u00bb background_image=\u00a0\u00bbhttps:\/\/www.casavacanzemoresco.com\/wp-content\/uploads\/2018\/11\/appartamenti-ceriale-residence-moresco.jpg\u00a0\u00bb background_position=\u00a0\u00bbtop_center\u00a0\u00bb animation_style=\u00a0\u00bbslide\u00a0\u00bb animation_direction=\u00a0\u00bbtop\u00a0\u00bb animation_intensity_slide=\u00a0\u00bb10%\u00a0\u00bb custom_css_main_element=\u00a0\u00bbheight:650px;\u00a0\u00bb][\/et_pb_section][et_pb_section fb_built=\u00a0\u00bb1&Prime; disabled_on=\u00a0\u00bbon|off|on\u00a0\u00bb admin_label=\u00a0\u00bbcopertina mobile\u00a0\u00bb _builder_version=\u00a0\u00bb3.22.3&Prime; background_color=\u00a0\u00bbrgba(0,0,0,0)\u00a0\u00bb background_image=\u00a0\u00bbhttps:\/\/www.casavacanzemoresco.com\/wp-content\/uploads\/2018\/11\/appartamenti-ceriale-residence-moresco.jpg\u00a0\u00bb animation_style=\u00a0\u00bbslide\u00a0\u00bb animation_direction=\u00a0\u00bbtop\u00a0\u00bb animation_intensity_slide=\u00a0\u00bb10%\u00a0\u00bb custom_css_main_element=\u00a0\u00bbheight:400px;\u00a0\u00bb][\/et_pb_section][et_pb_section fb_built=\u00a0\u00bb1&Prime; disabled_on=\u00a0\u00bboff|on|on\u00a0\u00bb admin_label=\u00a0\u00bbcopertina mobile tel\u00a0\u00bb _builder_version=\u00a0\u00bb3.22.3&Prime; background_color=\u00a0\u00bbrgba(0,0,0,0)\u00a0\u00bb background_image=\u00a0\u00bbhttps:\/\/www.casavacanzemoresco.com\/wp-content\/uploads\/2018\/11\/appartamenti-ceriale-residence-moresco.jpg\u00a0\u00bb animation_style=\u00a0\u00bbslide\u00a0\u00bb animation_direction=\u00a0\u00bbtop\u00a0\u00bb animation_intensity_slide=\u00a0\u00bb10%\u00a0\u00bb custom_css_main_element=\u00a0\u00bbheight:200px;\u00a0\u00bb][\/et_pb_section][et_pb_section fb_built=\u00a0\u00bb1&Prime; disabled_on=\u00a0\u00bb||on\u00a0\u00bb _builder_version=\u00a0\u00bb3.22.3&Prime; custom_margin=\u00a0\u00bb0px||0px|\u00a0\u00bb custom_padding=\u00a0\u00bb0px||0px|\u00a0\u00bb custom_css_main_element=\u00a0\u00bbz-index:99999;\u00a0\u00bb][et_pb_row admin_label=\u00a0\u00bbrighe book e tel mobile\u00a0\u00bb _builder_version=\u00a0\u00bb3.25&Prime; custom_margin=\u00a0\u00bb0px||0px\u00a0\u00bb custom_padding=\u00a0\u00bb0px||0px\u00a0\u00bb][et_pb_column type=\u00a0\u00bb4_4&Prime; _builder_version=\u00a0\u00bb3.25&Prime; custom_padding=\u00a0\u00bb|||\u00a0\u00bb custom_padding__hover=\u00a0\u00bb|||\u00a0\u00bb][et_pb_code disabled_on=\u00a0\u00bboff|off|off\u00a0\u00bb admin_label=\u00a0\u00bbcodice book now mobile\u00a0\u00bb _builder_version=\u00a0\u00bb3.19.12&Prime;]<a href=\"https:\/\/www.casavacanzemoresco.com\/book-now\/\"><\/p>\n<div id=\"booknow\">BOOK NOW <img decoding=\"async\" src=\"https:\/\/www.casavacanzemoresco.com\/wp-content\/uploads\/2019\/02\/meilleur-prix-garanti.png\" width=\"150px\" style=\"vertical-align:middle;\"><\/div>\n<p><\/a>[\/et_pb_code][et_pb_code disabled_on=\u00a0\u00bboff|off|off\u00a0\u00bb admin_label=\u00a0\u00bbcodice telefono mobile\u00a0\u00bb _builder_version=\u00a0\u00bb3.18.8&Prime;]<a href=\"tel:+390182930020\"><\/p>\n<div id=\"telmob\"><img decoding=\"async\" src=\"https:\/\/www.casavacanzemoresco.com\/wp-content\/uploads\/2018\/12\/telefono-cellulare.png\" width=\"25px\"><\/div>\n<p><\/a>[\/et_pb_code][\/et_pb_column][\/et_pb_row][\/et_pb_section][et_pb_section fb_built=\u00a0\u00bb1&Prime; custom_padding_last_edited=\u00a0\u00bbon|phone\u00a0\u00bb _builder_version=\u00a0\u00bb3.22.3&Prime; background_size=\u00a0\u00bbinitial\u00a0\u00bb background_position=\u00a0\u00bbtop_left\u00a0\u00bb custom_margin=\u00a0\u00bb||\u00a0\u00bb custom_padding=\u00a0\u00bb||\u00a0\u00bb custom_padding_tablet=\u00a0\u00bb0px|||\u00a0\u00bb custom_padding_phone=\u00a0\u00bb\u00a0\u00bb animation_style=\u00a0\u00bbslide\u00a0\u00bb animation_direction=\u00a0\u00bbbottom\u00a0\u00bb animation_intensity_slide=\u00a0\u00bb10%\u00a0\u00bb][et_pb_row _builder_version=\u00a0\u00bb3.25&Prime; background_color=\u00a0\u00bb#ffffff\u00a0\u00bb column_structure=\u00a0\u00bb1_2,1_2&Prime;][et_pb_column type=\u00a0\u00bb1_2&Prime; _builder_version=\u00a0\u00bb3.25&Prime; custom_padding=\u00a0\u00bb|||\u00a0\u00bb custom_padding__hover=\u00a0\u00bb|||\u00a0\u00bb][et_pb_text admin_label=\u00a0\u00bbLes appartements de notre\u00a0\u00bb _builder_version=\u00a0\u00bb3.27.4&Prime; text_font=\u00a0\u00bb|300|||||||\u00a0\u00bb]Nos <strong>appartements de vacances \u00e0 Ceriale<\/strong> sont \u00e9quip\u00e9s de tout le confort n\u00e9cessaire pour vous garantir un s\u00e9jour en Ligurie sous le signe de la d\u00e9tente et du divertissement.<\/p>\n<p>Les <strong>appartements de vacances<\/strong> sont situ\u00e9s<strong> face \u00e0 la mer<\/strong>, assurant ainsi un maximum de confort.<\/p>\n<p>Notre r\u00e9sidence propose des studios, <strong>des appartements de deux et trois pi\u00e8ces<\/strong>, spacieux et lumineux, dot\u00e9s d&rsquo;un balcon donnant sur la mer ou sur les collines arri\u00e8re, <strong>toutes \u00e9quip\u00e9es de linge de lit, de bain et de cuisine, qui est chang\u00e9 chaque semaine.<\/strong><\/p>\n<p>De plus, <strong>toute la consommation est incluse dans le prix.<\/strong><\/p>\n<p>Tous les logements <strong>sont \u00e9quip\u00e9s de TV, coffre-fort, syst\u00e8me de ventilation par pagaie, four \u00e0 micro-ondes et s\u00e8che-cheveux.<\/strong><\/p>\n<p>Pour les personnes qui \u00e9prouvent des difficult\u00e9s \u00e0 marcher, nous mettons \u00e0 votre disposition un<strong> monte-escaliers avec si\u00e8ge<\/strong> pratique, permettant de surmonter les huit marches depuis lesquelles vous acc\u00e9dez au r\u00e9sidence.[\/et_pb_text][\/et_pb_column][et_pb_column type=\u00a0\u00bb1_2&Prime; _builder_version=\u00a0\u00bb3.25&Prime; background_color=\u00a0\u00bb#f7f7f7&Prime; custom_padding=\u00a0\u00bb20px|20px|20px|20px\u00a0\u00bb custom_padding__hover=\u00a0\u00bb|||\u00a0\u00bb][et_pb_text admin_label=\u00a0\u00bbNous proposons\u00a0\u00bb _builder_version=\u00a0\u00bb3.27.4&Prime; header_2_text_color=\u00a0\u00bb#aa0956&Prime; custom_margin=\u00a0\u00bb|||\u00a0\u00bb custom_padding_tablet=\u00a0\u00bb||\u00a0\u00bb custom_padding_phone=\u00a0\u00bb\u00a0\u00bb custom_padding_last_edited=\u00a0\u00bbon|tablet\u00a0\u00bb header_2_font_size_tablet=\u00a0\u00bb25px\u00a0\u00bb header_2_font_size_phone=\u00a0\u00bb24px\u00a0\u00bb header_2_font_size_last_edited=\u00a0\u00bbon|phone\u00a0\u00bb]<\/p>\n<h2>Services inclus<\/h2>\n<p>[\/et_pb_text][et_pb_blurb title=\u00a0\u00bbParking priv\u00e9\u00a0\u00bb image=\u00a0\u00bbhttps:\/\/www.casavacanzemoresco.com\/wp-content\/uploads\/2018\/11\/parcheggio-gratuito-in-loco.png\u00a0\u00bb icon_placement=\u00a0\u00bbleft\u00a0\u00bb admin_label=\u00a0\u00bbParking priv\u00e9\u00a0\u00bb _builder_version=\u00a0\u00bb3.23.3&Prime; header_font_size=\u00a0\u00bb20px\u00a0\u00bb body_font=\u00a0\u00bb|300|||||||\u00a0\u00bb custom_css_blurb_image=\u00a0\u00bbwidth:60px;\u00a0\u00bb]<\/p>\n<p>Sur place disponible sur r\u00e9servation<\/p>\n<p>[\/et_pb_blurb][et_pb_blurb title=\u00a0\u00bbLaverie\u00a0\u00bb image=\u00a0\u00bbhttps:\/\/www.casavacanzemoresco.com\/wp-content\/uploads\/2018\/11\/servizio-lavanderia-gettoni.png\u00a0\u00bb icon_placement=\u00a0\u00bbleft\u00a0\u00bb admin_label=\u00a0\u00bbLaverie\u00a0\u00bb _builder_version=\u00a0\u00bb3.23.3&Prime; header_font_size=\u00a0\u00bb20px\u00a0\u00bb body_font=\u00a0\u00bb|300|||||||\u00a0\u00bb custom_css_blurb_image=\u00a0\u00bbwidth:60px;\u00a0\u00bb]Service de laverie \u00e0 pi\u00e8ces[\/et_pb_blurb][et_pb_blurb title=\u00a0\u00bbV\u00e9los\u00a0\u00bb image=\u00a0\u00bbhttps:\/\/www.casavacanzemoresco.com\/wp-content\/uploads\/2018\/11\/biciclette-ad-uso-gratuito.png\u00a0\u00bb icon_placement=\u00a0\u00bbleft\u00a0\u00bb admin_label=\u00a0\u00bbv\u00e9los\u00a0\u00bb _builder_version=\u00a0\u00bb3.19.14&Prime; header_font_size=\u00a0\u00bb20px\u00a0\u00bb body_font=\u00a0\u00bb|300|||||||\u00a0\u00bb custom_css_blurb_image=\u00a0\u00bbwidth:60px;\u00a0\u00bb]Location gratuite des v\u00e9los[\/et_pb_blurb][et_pb_blurb title=\u00a0\u00bbMonte-escaliers avec si\u00e8ge\u00a0\u00bb image=\u00a0\u00bbhttps:\/\/www.casavacanzemoresco.com\/wp-content\/uploads\/2018\/11\/montascale-per-persone-con-poca-mobilita.png\u00a0\u00bb icon_placement=\u00a0\u00bbleft\u00a0\u00bb admin_label=\u00a0\u00bbmonte-escaliers\u00a0\u00bb _builder_version=\u00a0\u00bb3.21.4&Prime; header_font_size=\u00a0\u00bb20px\u00a0\u00bb body_font=\u00a0\u00bb|300|||||||\u00a0\u00bb custom_css_blurb_image=\u00a0\u00bbwidth:60px;\u00a0\u00bb]<\/p>\n<p>Pour les personnes qui \u00e9prouvent des difficult\u00e9s \u00e0 marcher<\/p>\n<p>[\/et_pb_blurb][et_pb_blurb title=\u00a0\u00bbSolarium panoramique\u00a0\u00bb image=\u00a0\u00bbhttps:\/\/www.casavacanzemoresco.com\/wp-content\/uploads\/2019\/03\/servizio-solarium-con-lettini.png\u00a0\u00bb icon_placement=\u00a0\u00bbleft\u00a0\u00bb admin_label=\u00a0\u00bbmonte-escaliers\u00a0\u00bb _builder_version=\u00a0\u00bb3.21.4&Prime; header_font_size=\u00a0\u00bb20px\u00a0\u00bb body_font=\u00a0\u00bb|300|||||||\u00a0\u00bb custom_css_blurb_image=\u00a0\u00bbwidth:60px;\u00a0\u00bb]Equip\u00e9 de chaises longues, parasols et douche rafra\u00eechissante[\/et_pb_blurb][et_pb_blurb title=\u00a0\u00bb Wi-Fi gratuit\u00a0\u00bb image=\u00a0\u00bbhttps:\/\/www.casavacanzemoresco.com\/wp-content\/uploads\/2019\/04\/free-wifi-tutta-struttura-moresco.png\u00a0\u00bb icon_placement=\u00a0\u00bbleft\u00a0\u00bb admin_label=\u00a0\u00bbmonte-escaliers\u00a0\u00bb _builder_version=\u00a0\u00bb3.21.4&Prime; header_font_size=\u00a0\u00bb20px\u00a0\u00bb body_font=\u00a0\u00bb|300|||||||\u00a0\u00bb custom_css_blurb_image=\u00a0\u00bbwidth:60px;\u00a0\u00bb] dans toute la r\u00e9sidence[\/et_pb_blurb][\/et_pb_column][\/et_pb_row][\/et_pb_section][et_pb_section fb_built=\u00a0\u00bb1&Prime; _builder_version=\u00a0\u00bb3.22.3&Prime; custom_margin=\u00a0\u00bb0px||\u00a0\u00bb custom_margin_tablet=\u00a0\u00bb\u00a0\u00bb custom_margin_phone=\u00a0\u00bb\u00a0\u00bb custom_margin_last_edited=\u00a0\u00bbon|phone\u00a0\u00bb custom_padding=\u00a0\u00bb0px||50px\u00a0\u00bb animation_style=\u00a0\u00bbslide\u00a0\u00bb animation_direction=\u00a0\u00bbbottom\u00a0\u00bb animation_intensity_slide=\u00a0\u00bb10%\u00a0\u00bb][et_pb_row _builder_version=\u00a0\u00bb3.25&Prime;][et_pb_column type=\u00a0\u00bb4_4&Prime; _builder_version=\u00a0\u00bb3.25&Prime; custom_padding=\u00a0\u00bb|||\u00a0\u00bb custom_padding__hover=\u00a0\u00bb|||\u00a0\u00bb][et_pb_text admin_label=\u00a0\u00bbNotre r\u00e9sidence est ouverte du 26 d\u00e9cembre jusqu\u2019au 5 octobre\u00a0\u00bb _builder_version=\u00a0\u00bb3.27.4&Prime; text_font=\u00a0\u00bb|300|||||||\u00a0\u00bb text_font_size=\u00a0\u00bb20px\u00a0\u00bb text_line_height=\u00a0\u00bb1.8em\u00a0\u00bb header_2_text_align=\u00a0\u00bbcenter\u00a0\u00bb header_2_text_color=\u00a0\u00bb#aa0956&Prime; text_orientation=\u00a0\u00bbcenter\u00a0\u00bb header_2_font_size_tablet=\u00a0\u00bb\u00a0\u00bb header_2_font_size_phone=\u00a0\u00bb24px\u00a0\u00bb header_2_font_size_last_edited=\u00a0\u00bbon|phone\u00a0\u00bb header_2_line_height_tablet=\u00a0\u00bb1.4em\u00a0\u00bb header_2_line_height_phone=\u00a0\u00bb\u00a0\u00bb header_2_line_height_last_edited=\u00a0\u00bbon|phone\u00a0\u00bb]<\/p>\n<h2>Notre r\u00e9sidence est ouverte du 26 d\u00e9cembre jusqu\u2019au 3 octobre<\/h2>\n<p>vous pouvez donc profiter des vacances d&rsquo;\u00e9t\u00e9, caract\u00e9ris\u00e9es par le soleil et les loisirs, ou choisir le charme d&rsquo;une station baln\u00e9aire m\u00eame en hiver, quand le temps est encore doux.<\/p>\n<p>[\/et_pb_text][\/et_pb_column][\/et_pb_row][\/et_pb_section][et_pb_section fb_built=\u00a0\u00bb1&Prime; _builder_version=\u00a0\u00bb3.22.3&Prime; background_color=\u00a0\u00bb#793673&Prime; custom_margin=\u00a0\u00bb||\u00a0\u00bb custom_padding=\u00a0\u00bb||\u00a0\u00bb][et_pb_row _builder_version=\u00a0\u00bb3.25&Prime; background_color=\u00a0\u00bb#f7f7f7&Prime; background_size=\u00a0\u00bbinitial\u00a0\u00bb background_position=\u00a0\u00bbtop_left\u00a0\u00bb background_repeat=\u00a0\u00bbrepeat\u00a0\u00bb module_alignment=\u00a0\u00bbcenter\u00a0\u00bb custom_padding=\u00a0\u00bb50px|50px|0px|50px\u00a0\u00bb column_structure=\u00a0\u00bb1_3,2_3&Prime;][et_pb_column type=\u00a0\u00bb1_3&Prime; _builder_version=\u00a0\u00bb3.25&Prime; custom_padding=\u00a0\u00bb|||\u00a0\u00bb custom_padding__hover=\u00a0\u00bb|||\u00a0\u00bb][et_pb_text admin_label=\u00a0\u00bbPourquoi choisir les appartements de vacances \u00e0 la R\u00e9sidence Moresco \u00e0 Ceriale?\u00a0\u00bb _builder_version=\u00a0\u00bb3.27.4&Prime; text_font=\u00a0\u00bb|300|||||||\u00a0\u00bb text_font_size=\u00a0\u00bb27px\u00a0\u00bb text_line_height=\u00a0\u00bb1.4em\u00a0\u00bb header_font=\u00a0\u00bbRoboto||||||||\u00a0\u00bb header_text_color=\u00a0\u00bb#aa0956&Prime; header_line_height=\u00a0\u00bb1.1em\u00a0\u00bb header_2_font=\u00a0\u00bb|700|||||||\u00a0\u00bb header_2_text_color=\u00a0\u00bb#b265ae\u00a0\u00bb header_2_font_size=\u00a0\u00bb35px\u00a0\u00bb custom_margin=\u00a0\u00bb|||\u00a0\u00bb custom_padding=\u00a0\u00bb|||\u00a0\u00bb text_font_size_tablet=\u00a0\u00bb24px\u00a0\u00bb text_font_size_phone=\u00a0\u00bb\u00a0\u00bb text_font_size_last_edited=\u00a0\u00bbon|tablet\u00a0\u00bb header_font_size_tablet=\u00a0\u00bb25px\u00a0\u00bb header_font_size_phone=\u00a0\u00bb24px\u00a0\u00bb header_font_size_last_edited=\u00a0\u00bbon|phone\u00a0\u00bb header_line_height_tablet=\u00a0\u00bb1.4em\u00a0\u00bb header_line_height_phone=\u00a0\u00bb\u00a0\u00bb header_line_height_last_edited=\u00a0\u00bbon|phone\u00a0\u00bb header_2_font_size_tablet=\u00a0\u00bb27px\u00a0\u00bb header_2_font_size_phone=\u00a0\u00bb\u00a0\u00bb header_2_font_size_last_edited=\u00a0\u00bbon|tablet\u00a0\u00bb]<\/p>\n<h1 class=\"testores\">Pourquoi choisir les appartements de vacances \u00e0 la R\u00e9sidence Moresco \u00e0 Ceriale?<\/h1>\n<p>[\/et_pb_text][\/et_pb_column][et_pb_column type=\u00a0\u00bb2_3&Prime; _builder_version=\u00a0\u00bb3.25&Prime; custom_padding=\u00a0\u00bb|||\u00a0\u00bb custom_padding__hover=\u00a0\u00bb|||\u00a0\u00bb][et_pb_blurb use_icon=\u00a0\u00bbon\u00a0\u00bb font_icon=\u00a0\u00bb%%45%%\u00a0\u00bb icon_color=\u00a0\u00bb#AA0956&Prime; icon_placement=\u00a0\u00bbleft\u00a0\u00bb use_icon_font_size=\u00a0\u00bbon\u00a0\u00bb icon_font_size=\u00a0\u00bb40px\u00a0\u00bb admin_label=\u00a0\u00bbnormes de qualit\u00e9 sont tr\u00e8s \u00e9lev\u00e9es\u00a0\u00bb _builder_version=\u00a0\u00bb3.19.11&Prime; header_font=\u00a0\u00bbRoboto|300|||||||\u00a0\u00bb header_font_size=\u00a0\u00bb25px\u00a0\u00bb body_font=\u00a0\u00bbRoboto|300|||||||\u00a0\u00bb body_text_align=\u00a0\u00bbleft\u00a0\u00bb body_font_size=\u00a0\u00bb25px\u00a0\u00bb header_font_size_tablet=\u00a0\u00bb\u00a0\u00bb header_font_size_phone=\u00a0\u00bb\u00a0\u00bb header_font_size_last_edited=\u00a0\u00bbon|tablet\u00a0\u00bb body_font_size_tablet=\u00a0\u00bb22px\u00a0\u00bb body_font_size_phone=\u00a0\u00bb20px\u00a0\u00bb body_font_size_last_edited=\u00a0\u00bbon|phone\u00a0\u00bb]<\/p>\n<p>nos <span style=\"font-weight:400\">normes de qualit\u00e9 sont tr\u00e8s \u00e9lev\u00e9es<\/span><\/p>\n<p>[\/et_pb_blurb][et_pb_blurb use_icon=\u00a0\u00bbon\u00a0\u00bb font_icon=\u00a0\u00bb%%45%%\u00a0\u00bb icon_color=\u00a0\u00bb#AA0956&Prime; icon_placement=\u00a0\u00bbleft\u00a0\u00bb use_icon_font_size=\u00a0\u00bbon\u00a0\u00bb icon_font_size=\u00a0\u00bb40px\u00a0\u00bb admin_label=\u00a0\u00bbnous sommes soucieux du\u00a0\u00bb _builder_version=\u00a0\u00bb3.19.11&Prime; header_font=\u00a0\u00bbRoboto|300|||||||\u00a0\u00bb header_font_size=\u00a0\u00bb25px\u00a0\u00bb body_font=\u00a0\u00bbRoboto|300|||||||\u00a0\u00bb body_text_align=\u00a0\u00bbleft\u00a0\u00bb body_font_size=\u00a0\u00bb25px\u00a0\u00bb body_font_size_tablet=\u00a0\u00bb22px\u00a0\u00bb body_font_size_phone=\u00a0\u00bb20px\u00a0\u00bb body_font_size_last_edited=\u00a0\u00bbon|phone\u00a0\u00bb]nous sommes soucieux du <span style=\"font-weight:400\">client et aux ses besoins<\/span><br \/>\n[\/et_pb_blurb][et_pb_blurb use_icon=\u00a0\u00bbon\u00a0\u00bb font_icon=\u00a0\u00bb%%45%%\u00a0\u00bb icon_color=\u00a0\u00bb#AA0956&Prime; icon_placement=\u00a0\u00bbleft\u00a0\u00bb use_icon_font_size=\u00a0\u00bbon\u00a0\u00bb icon_font_size=\u00a0\u00bb40px\u00a0\u00bb admin_label=\u00a0\u00bbnous proposons des prix concurrentiels\u00a0\u00bb _builder_version=\u00a0\u00bb3.19.11&Prime; header_font=\u00a0\u00bbRoboto|300|||||||\u00a0\u00bb header_font_size=\u00a0\u00bb25px\u00a0\u00bb body_font=\u00a0\u00bbRoboto|300|||||||\u00a0\u00bb body_text_align=\u00a0\u00bbleft\u00a0\u00bb body_font_size=\u00a0\u00bb25px\u00a0\u00bb body_font_size_tablet=\u00a0\u00bb22px\u00a0\u00bb body_font_size_phone=\u00a0\u00bb20px\u00a0\u00bb body_font_size_last_edited=\u00a0\u00bbon|phone\u00a0\u00bb]<\/p>\n<p>nous proposons des prix concurrentiels<\/p>\n<p>[\/et_pb_blurb][\/et_pb_column][\/et_pb_row][et_pb_row _builder_version=\u00a0\u00bb3.25&Prime; background_color=\u00a0\u00bb#f7f7f7&Prime; custom_margin=\u00a0\u00bb0px||\u00a0\u00bb custom_padding=\u00a0\u00bb30px||30px\u00a0\u00bb column_structure=\u00a0\u00bb2_5,3_5&Prime;][et_pb_column type=\u00a0\u00bb2_5&Prime; _builder_version=\u00a0\u00bb3.25&Prime; custom_padding=\u00a0\u00bb|||\u00a0\u00bb custom_padding__hover=\u00a0\u00bb|||\u00a0\u00bb][\/et_pb_column][et_pb_column type=\u00a0\u00bb3_5&Prime; _builder_version=\u00a0\u00bb3.25&Prime; custom_padding=\u00a0\u00bb|||\u00a0\u00bb custom_padding__hover=\u00a0\u00bb|||\u00a0\u00bb][et_pb_text admin_label=\u00a0\u00bbEn bref\u00a0\u00bb _builder_version=\u00a0\u00bb3.27.4&Prime; text_font=\u00a0\u00bb|300|||||||\u00a0\u00bb text_font_size=\u00a0\u00bb18px\u00a0\u00bb header_4_font=\u00a0\u00bbDamion||||||||\u00a0\u00bb header_4_font_size=\u00a0\u00bb25px\u00a0\u00bb max_width=\u00a0\u00bb70%\u00a0\u00bb module_alignment=\u00a0\u00bbright\u00a0\u00bb]<\/p>\n<p>En bref&#8230;<\/p>\n<h4>nous savons nous distinguer de la concurrence!<\/h4>\n<p>[\/et_pb_text][\/et_pb_column][\/et_pb_row][\/et_pb_section][et_pb_section fb_built=\u00a0\u00bb1&Prime; _builder_version=\u00a0\u00bb3.22.3&Prime; custom_padding=\u00a0\u00bb||\u00a0\u00bb animation_direction=\u00a0\u00bbbottom\u00a0\u00bb][et_pb_row _builder_version=\u00a0\u00bb3.25&Prime; background_size=\u00a0\u00bbinitial\u00a0\u00bb background_position=\u00a0\u00bbtop_left\u00a0\u00bb background_repeat=\u00a0\u00bbrepeat\u00a0\u00bb column_structure=\u00a0\u00bb1_2,1_2&Prime;][et_pb_column type=\u00a0\u00bb1_2&Prime; _builder_version=\u00a0\u00bb3.25&Prime; custom_padding=\u00a0\u00bb|||\u00a0\u00bb custom_padding__hover=\u00a0\u00bb|||\u00a0\u00bb][et_pb_image src=\u00a0\u00bbhttps:\/\/www.casavacanzemoresco.com\/wp-content\/uploads\/2018\/12\/ceriale-negozi-ristoranti-vita-notturna.jpg\u00a0\u00bb align_tablet=\u00a0\u00bbcenter\u00a0\u00bb align_phone=\u00a0\u00bb\u00a0\u00bb align_last_edited=\u00a0\u00bbon|desktop\u00a0\u00bb _builder_version=\u00a0\u00bb3.23&Prime; animation_style=\u00a0\u00bbslide\u00a0\u00bb animation_direction=\u00a0\u00bbleft\u00a0\u00bb animation_intensity_slide=\u00a0\u00bb10%\u00a0\u00bb]<\/p>\n<p>[\/et_pb_image][\/et_pb_column][et_pb_column type=\u00a0\u00bb1_2&Prime; _builder_version=\u00a0\u00bb3.25&Prime; custom_padding=\u00a0\u00bb|||\u00a0\u00bb custom_padding__hover=\u00a0\u00bb|||\u00a0\u00bb][et_pb_text admin_label=\u00a0\u00bbLa position des appartements de la R\u00e9sidence Moresco\u00a0\u00bb _builder_version=\u00a0\u00bb3.27.4&Prime; text_font=\u00a0\u00bb|300|||||||\u00a0\u00bb animation_style=\u00a0\u00bbslide\u00a0\u00bb animation_direction=\u00a0\u00bbright\u00a0\u00bb animation_intensity_slide=\u00a0\u00bb10%\u00a0\u00bb]<\/p>\n<p><strong>La position des appartements de la R\u00e9sidence Moresco<\/strong> est un autre point fort de l\u2019\u00e9tablissement situ\u00e9 <strong>en face des plus belles plages de la Ligurie, \u00e0 quelques pas du centre de Ceriale<\/strong><\/p>\n<p>Magasins, restaurants, bo\u00eetes de nuit, pharmacies et banques sont \u00e0 port\u00e9e de main. De plus, le <strong>c\u00e9l\u00e8bre parc aquatique \u00ab\u00a0Le Caravelle\u00a0\u00bb est \u00e0 quelques minutes<\/strong> et vous permettant de profiter pleinement de vos vacances.<\/p>\n<p>Au sein de notre propri\u00e9t\u00e9, vous trouverez <strong>des brochures \u00e0 votre disposition<\/strong> sur tous <strong>les manifestations et les f\u00eates<\/strong> organis\u00e9s pendant la p\u00e9riode de votre s\u00e9jour, <strong>divis\u00e9es par groupes d&rsquo;\u00e2ge<\/strong>.<\/p>\n<p>Informez-vous \u00e9galement des loisirs propos\u00e9s par le personnel de la r\u00e9ception: <strong>nous serons heureux de vous donner des conseils.<\/strong><\/p>\n<p>Que vous soyez \u00e0 la recherche des vacances <strong>d\u2019amusement<\/strong> ou que vous cherchiez des vacances<strong> calmes et reposantes<\/strong> avec votre famille ou votre partenaire, <strong>choisissez les appartements de vacances \u00e0 la R\u00e8sidence Moresco \u00e0 Ceriale.<\/strong><\/p>\n<p>[\/et_pb_text][\/et_pb_column][\/et_pb_row][\/et_pb_section][et_pb_section fb_built=\u00a0\u00bb1&Prime; custom_padding_last_edited=\u00a0\u00bbon|desktop\u00a0\u00bb _builder_version=\u00a0\u00bb3.22.3&Prime; background_color=\u00a0\u00bb#f7f7f7&Prime; custom_margin=\u00a0\u00bb50px|||\u00a0\u00bb custom_padding=\u00a0\u00bb120px||175px\u00a0\u00bb custom_padding_tablet=\u00a0\u00bb50px||50px|\u00a0\u00bb custom_padding_phone=\u00a0\u00bb\u00a0\u00bb animation_style=\u00a0\u00bbslide\u00a0\u00bb animation_direction=\u00a0\u00bbbottom\u00a0\u00bb animation_intensity_slide=\u00a0\u00bb10%\u00a0\u00bb][et_pb_row _builder_version=\u00a0\u00bb3.25&Prime; custom_padding=\u00a0\u00bb24.8594px|0px|60px|0px|false|false\u00a0\u00bb][et_pb_column type=\u00a0\u00bb4_4&Prime; _builder_version=\u00a0\u00bb3.25&Prime; custom_padding=\u00a0\u00bb|||\u00a0\u00bb custom_padding__hover=\u00a0\u00bb|||\u00a0\u00bb][et_pb_text admin_label=\u00a0\u00bbOur apartments\u00a0\u00bb _builder_version=\u00a0\u00bb3.27.4&Prime; text_font=\u00a0\u00bb||||||||\u00a0\u00bb text_text_color=\u00a0\u00bb#aa0956&Prime; text_font_size=\u00a0\u00bb35px\u00a0\u00bb text_line_height=\u00a0\u00bb1.4em\u00a0\u00bb header_font=\u00a0\u00bbRoboto||||||||\u00a0\u00bb header_text_color=\u00a0\u00bb#aa0956&Prime; header_line_height=\u00a0\u00bb1.1em\u00a0\u00bb header_2_font=\u00a0\u00bb|700|||||||\u00a0\u00bb header_2_text_color=\u00a0\u00bb#b265ae\u00a0\u00bb header_2_font_size=\u00a0\u00bb35px\u00a0\u00bb text_orientation=\u00a0\u00bbcenter\u00a0\u00bb custom_margin=\u00a0\u00bb|||\u00a0\u00bb custom_padding=\u00a0\u00bb|||\u00a0\u00bb text_font_size_tablet=\u00a0\u00bb24px\u00a0\u00bb text_font_size_phone=\u00a0\u00bb\u00a0\u00bb text_font_size_last_edited=\u00a0\u00bbon|tablet\u00a0\u00bb]Nos appartements[\/et_pb_text][\/et_pb_column][\/et_pb_row][et_pb_row column_structure=\u00a0\u00bb1_3,1_3,1_3&Prime; use_custom_gutter=\u00a0\u00bbon\u00a0\u00bb gutter_width=\u00a0\u00bb2&Prime; module_class=\u00a0\u00bb et_pb_row_fullwidth et_pb_row_fullwidth et_pb_row_fullwidth et_pb_row_fullwidth\u00a0\u00bb _builder_version=\u00a0\u00bb3.22.3&Prime; width=\u00a0\u00bb94%\u00a0\u00bb width_tablet=\u00a0\u00bb80%\u00a0\u00bb width_phone=\u00a0\u00bb\u00a0\u00bb width_last_edited=\u00a0\u00bbon|desktop\u00a0\u00bb max_width=\u00a0\u00bb94%\u00a0\u00bb max_width_tablet=\u00a0\u00bb80%\u00a0\u00bb max_width_phone=\u00a0\u00bb\u00a0\u00bb max_width_last_edited=\u00a0\u00bbon|desktop\u00a0\u00bb custom_margin=\u00a0\u00bb0px||0px\u00a0\u00bb custom_padding=\u00a0\u00bb0px||0px\u00a0\u00bb make_fullwidth=\u00a0\u00bbon\u00a0\u00bb custom_width_px=\u00a0\u00bb1300px\u00a0\u00bb global_module=\u00a0\u00bb208467&Prime;][et_pb_column type=\u00a0\u00bb1_3&Prime; _builder_version=\u00a0\u00bb3.0.47&Prime; custom_padding=\u00a0\u00bb|||\u00a0\u00bb custom_padding__hover=\u00a0\u00bb|||\u00a0\u00bb][et_pb_image src=\u00a0\u00bbhttps:\/\/www.casavacanzemoresco.com\/wp-content\/uploads\/2018\/11\/monolocale-ceriale-moresco.jpg\u00a0\u00bb url=\u00a0\u00bbhttps:\/\/www.casavacanzemoresco.com\/fr\/appartements-ceriale\/studios-ceriale\/\u00a0\u00bb show_bottom_space=\u00a0\u00bboff\u00a0\u00bb force_fullwidth=\u00a0\u00bbon\u00a0\u00bb align_tablet=\u00a0\u00bbcenter\u00a0\u00bb align_phone=\u00a0\u00bb\u00a0\u00bb align_last_edited=\u00a0\u00bbon|desktop\u00a0\u00bb _builder_version=\u00a0\u00bb3.23&Prime;][\/et_pb_image][et_pb_text admin_label=\u00a0\u00bbMonolocali\u00a0\u00bb module_class=\u00a0\u00bbds-advent-6-text-hide\u00a0\u00bb _builder_version=\u00a0\u00bb3.27.4&Prime; text_font=\u00a0\u00bb|300|||||||\u00a0\u00bb text_font_size=\u00a0\u00bb20px\u00a0\u00bb text_line_height=\u00a0\u00bb1em\u00a0\u00bb header_3_font=\u00a0\u00bbRoboto|||on|||||\u00a0\u00bb header_3_font_size=\u00a0\u00bb30px\u00a0\u00bb use_background_color_gradient=\u00a0\u00bbon\u00a0\u00bb background_color_gradient_start=\u00a0\u00bbrgba(121,54,115,0.53)\u00a0\u00bb background_color_gradient_end=\u00a0\u00bbrgba(121,54,115,0.53)\u00a0\u00bb background_color_gradient_direction=\u00a0\u00bb90deg\u00a0\u00bb text_orientation=\u00a0\u00bbcenter\u00a0\u00bb background_layout=\u00a0\u00bbdark\u00a0\u00bb module_alignment=\u00a0\u00bbcenter\u00a0\u00bb custom_padding=\u00a0\u00bb20px|20px|20px|20px\u00a0\u00bb link_option_url=\u00a0\u00bbhttps:\/\/www.casavacanzemoresco.com\/fr\/appartements-ceriale\/studios-ceriale\/\u00a0\u00bb text_font_size_tablet=\u00a0\u00bb\u00a0\u00bb text_font_size_phone=\u00a0\u00bb16px\u00a0\u00bb text_font_size_last_edited=\u00a0\u00bbon|desktop\u00a0\u00bb header_3_font_size_tablet=\u00a0\u00bb\u00a0\u00bb header_3_font_size_phone=\u00a0\u00bb22px\u00a0\u00bb header_3_font_size_last_edited=\u00a0\u00bbon|desktop\u00a0\u00bb]<\/p>\n<h3>Studios<\/h3>\n<p><img decoding=\"async\" src=\"https:\/\/www.casavacanzemoresco.com\/wp-content\/uploads\/2018\/11\/persone-per-appartamento.png\" alt=\"\" width=\"15\"> 3 personnes &#8211; <img decoding=\"async\" src=\"https:\/\/www.casavacanzemoresco.com\/wp-content\/uploads\/2018\/11\/mq.png\" alt=\"\" width=\"15\"> 30 m\u00b2<\/p>\n<p>[\/et_pb_text][\/et_pb_column][et_pb_column type=\u00a0\u00bb1_3&Prime; _builder_version=\u00a0\u00bb3.0.47&Prime; custom_padding=\u00a0\u00bb|||\u00a0\u00bb custom_padding__hover=\u00a0\u00bb|||\u00a0\u00bb][et_pb_image src=\u00a0\u00bbhttps:\/\/www.casavacanzemoresco.com\/wp-content\/uploads\/2019\/01\/bilocale-ceriale-fronte-mare.jpg\u00a0\u00bb url=\u00a0\u00bbhttps:\/\/www.casavacanzemoresco.com\/fr\/appartements-ceriale\/appartements-de-deux-pieces\/\u00a0\u00bb show_bottom_space=\u00a0\u00bboff\u00a0\u00bb force_fullwidth=\u00a0\u00bbon\u00a0\u00bb align_tablet=\u00a0\u00bbcenter\u00a0\u00bb align_phone=\u00a0\u00bb\u00a0\u00bb align_last_edited=\u00a0\u00bbon|desktop\u00a0\u00bb _builder_version=\u00a0\u00bb3.23&Prime;][\/et_pb_image][et_pb_text admin_label=\u00a0\u00bbAppartements de deux pi\u00e8ces\u00a0\u00bb module_class=\u00a0\u00bbds-advent-6-text-hide\u00a0\u00bb _builder_version=\u00a0\u00bb3.27.4&Prime; text_font=\u00a0\u00bb|300|||||||\u00a0\u00bb text_font_size=\u00a0\u00bb20px\u00a0\u00bb text_line_height=\u00a0\u00bb1em\u00a0\u00bb header_3_font=\u00a0\u00bbRoboto|||on|||||\u00a0\u00bb header_3_font_size=\u00a0\u00bb30px\u00a0\u00bb use_background_color_gradient=\u00a0\u00bbon\u00a0\u00bb background_color_gradient_start=\u00a0\u00bbrgba(121,54,115,0.53)\u00a0\u00bb background_color_gradient_end=\u00a0\u00bbrgba(121,54,115,0.53)\u00a0\u00bb background_color_gradient_direction=\u00a0\u00bb90deg\u00a0\u00bb text_orientation=\u00a0\u00bbcenter\u00a0\u00bb background_layout=\u00a0\u00bbdark\u00a0\u00bb module_alignment=\u00a0\u00bbcenter\u00a0\u00bb custom_padding=\u00a0\u00bb20px|20px|20px|20px\u00a0\u00bb link_option_url=\u00a0\u00bbhttps:\/\/www.casavacanzemoresco.com\/fr\/appartements-ceriale\/appartements-de-deux-pieces\/\u00a0\u00bb text_font_size_tablet=\u00a0\u00bb\u00a0\u00bb text_font_size_phone=\u00a0\u00bb16px\u00a0\u00bb text_font_size_last_edited=\u00a0\u00bbon|phone\u00a0\u00bb header_3_font_size_tablet=\u00a0\u00bb\u00a0\u00bb header_3_font_size_phone=\u00a0\u00bb22px\u00a0\u00bb header_3_font_size_last_edited=\u00a0\u00bbon|desktop\u00a0\u00bb]<\/p>\n<h3>Appartements de deux pi\u00e8ces<\/h3>\n<p><img decoding=\"async\" src=\"https:\/\/www.casavacanzemoresco.com\/wp-content\/uploads\/2018\/11\/persone-per-appartamento.png\" alt=\"\" width=\"15\"> 4\/5 personnes &#8211; <img decoding=\"async\" src=\"https:\/\/www.casavacanzemoresco.com\/wp-content\/uploads\/2018\/11\/mq.png\" alt=\"\" width=\"15\"> 40\/45 m\u00b2<\/p>\n<p>[\/et_pb_text][\/et_pb_column][et_pb_column type=\u00a0\u00bb1_3&Prime; _builder_version=\u00a0\u00bb3.0.47&Prime; custom_padding=\u00a0\u00bb|||\u00a0\u00bb custom_padding__hover=\u00a0\u00bb|||\u00a0\u00bb][et_pb_image src=\u00a0\u00bbhttps:\/\/www.casavacanzemoresco.com\/wp-content\/uploads\/2019\/03\/trilocali-moresco-residence.jpg\u00a0\u00bb url=\u00a0\u00bbhttps:\/\/www.casavacanzemoresco.com\/fr\/appartements-ceriale\/appartements-de-trois-pieces\/\u00a0\u00bb show_bottom_space=\u00a0\u00bboff\u00a0\u00bb force_fullwidth=\u00a0\u00bbon\u00a0\u00bb align_tablet=\u00a0\u00bbcenter\u00a0\u00bb align_phone=\u00a0\u00bb\u00a0\u00bb align_last_edited=\u00a0\u00bbon|desktop\u00a0\u00bb _builder_version=\u00a0\u00bb3.23&Prime;][\/et_pb_image][et_pb_text admin_label=\u00a0\u00bbAppartements de  trois pi\u00e8ces\u00a0\u00bb module_class=\u00a0\u00bbds-advent-6-text-hide\u00a0\u00bb _builder_version=\u00a0\u00bb3.27.4&Prime; text_font=\u00a0\u00bb|300|||||||\u00a0\u00bb text_font_size=\u00a0\u00bb20px\u00a0\u00bb text_line_height=\u00a0\u00bb1em\u00a0\u00bb header_3_font=\u00a0\u00bbRoboto|||on|||||\u00a0\u00bb header_3_font_size=\u00a0\u00bb30px\u00a0\u00bb use_background_color_gradient=\u00a0\u00bbon\u00a0\u00bb background_color_gradient_start=\u00a0\u00bbrgba(121,54,115,0.53)\u00a0\u00bb background_color_gradient_end=\u00a0\u00bbrgba(121,54,115,0.53)\u00a0\u00bb background_color_gradient_direction=\u00a0\u00bb90deg\u00a0\u00bb text_orientation=\u00a0\u00bbcenter\u00a0\u00bb background_layout=\u00a0\u00bbdark\u00a0\u00bb module_alignment=\u00a0\u00bbcenter\u00a0\u00bb custom_padding=\u00a0\u00bb20px|20px|20px|20px\u00a0\u00bb link_option_url=\u00a0\u00bbhttps:\/\/www.casavacanzemoresco.com\/fr\/appartements-ceriale\/appartements-de-trois-pieces\/\u00a0\u00bb text_font_size_tablet=\u00a0\u00bb\u00a0\u00bb text_font_size_phone=\u00a0\u00bb16px\u00a0\u00bb text_font_size_last_edited=\u00a0\u00bbon|phone\u00a0\u00bb header_3_font_size_tablet=\u00a0\u00bb\u00a0\u00bb header_3_font_size_phone=\u00a0\u00bb22px\u00a0\u00bb header_3_font_size_last_edited=\u00a0\u00bbon|desktop\u00a0\u00bb]<\/p>\n<h3>Appartements de trois pi\u00e8ces<\/h3>\n<p><img decoding=\"async\" src=\"https:\/\/www.casavacanzemoresco.com\/wp-content\/uploads\/2018\/11\/persone-per-appartamento.png\" alt=\"\" width=\"15\"> 5\/6 personnes &#8211; <img decoding=\"async\" src=\"https:\/\/www.casavacanzemoresco.com\/wp-content\/uploads\/2018\/11\/mq.png\" alt=\"\" width=\"15\"> 55 m\u00b2<\/p>\n<p>[\/et_pb_text][\/et_pb_column][\/et_pb_row][\/et_pb_section]<\/p>\n","protected":false},"excerpt":{"rendered":"<p>Nos appartements de vacances \u00e0 Ceriale sont \u00e9quip\u00e9s de tout le confort n\u00e9cessaire pour vous garantir un s\u00e9jour en Ligurie sous le signe de la d\u00e9tente et du divertissement. Les appartements de vacances sont situ\u00e9s face \u00e0 la mer, assurant ainsi un maximum de confort. Notre r\u00e9sidence propose des studios, des appartements de deux et [&hellip;]<\/p>\n","protected":false},"author":1,"featured_media":0,"parent":0,"menu_order":0,"comment_status":"closed","ping_status":"closed","template":"","meta":{"_et_pb_use_builder":"on","_et_pb_old_content":"","_et_gb_content_width":"","footnotes":""},"class_list":["post-206579","page","type-page","status-publish","hentry"],"yoast_head":"<!-- This site is optimized with the Yoast SEO plugin v27.4 - https:\/\/yoast.com\/product\/yoast-seo-wordpress\/ -->\n<title>Appartements | Residence Moresco<\/title>\n<meta name=\"robots\" content=\"index, follow, max-snippet:-1, max-image-preview:large, max-video-preview:-1\" \/>\n<link rel=\"canonical\" href=\"https:\/\/www.casavacanzemoresco.com\/fr\/appartements-ceriale\/\" \/>\n<meta property=\"og:locale\" content=\"fr_FR\" \/>\n<meta property=\"og:type\" content=\"article\" \/>\n<meta property=\"og:title\" content=\"Appartements | Residence Moresco\" \/>\n<meta property=\"og:description\" content=\"Nos appartements de vacances \u00e0 Ceriale sont \u00e9quip\u00e9s de tout le confort n\u00e9cessaire pour vous garantir un s\u00e9jour en Ligurie sous le signe de la d\u00e9tente et du divertissement. Les appartements de vacances sont situ\u00e9s face \u00e0 la mer, assurant ainsi un maximum de confort. Notre r\u00e9sidence propose des studios, des appartements de deux et [&hellip;]\" \/>\n<meta property=\"og:url\" content=\"https:\/\/www.casavacanzemoresco.com\/fr\/appartements-ceriale\/\" \/>\n<meta property=\"og:site_name\" content=\"Residence Moresco\" \/>\n<meta property=\"article:modified_time\" content=\"2020-01-09T16:16:02+00:00\" \/>\n<meta property=\"og:image\" content=\"https:\/\/www.casavacanzemoresco.com\/wp-content\/uploads\/2019\/02\/meilleur-prix-garanti.png\" \/>\n<meta name=\"twitter:card\" content=\"summary_large_image\" \/>\n<meta name=\"twitter:label1\" content=\"Dur\u00e9e de lecture estim\u00e9e\" \/>\n\t<meta name=\"twitter:data1\" content=\"13 minutes\" \/>\n<script type=\"application\/ld+json\" class=\"yoast-schema-graph\">{\"@context\":\"https:\\\/\\\/schema.org\",\"@graph\":[{\"@type\":\"WebPage\",\"@id\":\"https:\\\/\\\/www.casavacanzemoresco.com\\\/fr\\\/appartements-ceriale\\\/\",\"url\":\"https:\\\/\\\/www.casavacanzemoresco.com\\\/fr\\\/appartements-ceriale\\\/\",\"name\":\"Appartements | Residence Moresco\",\"isPartOf\":{\"@id\":\"https:\\\/\\\/www.casavacanzemoresco.com\\\/#website\"},\"primaryImageOfPage\":{\"@id\":\"https:\\\/\\\/www.casavacanzemoresco.com\\\/fr\\\/appartements-ceriale\\\/#primaryimage\"},\"image\":{\"@id\":\"https:\\\/\\\/www.casavacanzemoresco.com\\\/fr\\\/appartements-ceriale\\\/#primaryimage\"},\"thumbnailUrl\":\"https:\\\/\\\/www.casavacanzemoresco.com\\\/wp-content\\\/uploads\\\/2019\\\/02\\\/meilleur-prix-garanti.png\",\"datePublished\":\"2018-10-15T10:05:39+00:00\",\"dateModified\":\"2020-01-09T16:16:02+00:00\",\"breadcrumb\":{\"@id\":\"https:\\\/\\\/www.casavacanzemoresco.com\\\/fr\\\/appartements-ceriale\\\/#breadcrumb\"},\"inLanguage\":\"fr-FR\",\"potentialAction\":[{\"@type\":\"ReadAction\",\"target\":[\"https:\\\/\\\/www.casavacanzemoresco.com\\\/fr\\\/appartements-ceriale\\\/\"]}]},{\"@type\":\"ImageObject\",\"inLanguage\":\"fr-FR\",\"@id\":\"https:\\\/\\\/www.casavacanzemoresco.com\\\/fr\\\/appartements-ceriale\\\/#primaryimage\",\"url\":\"https:\\\/\\\/www.casavacanzemoresco.com\\\/wp-content\\\/uploads\\\/2019\\\/02\\\/meilleur-prix-garanti.png\",\"contentUrl\":\"https:\\\/\\\/www.casavacanzemoresco.com\\\/wp-content\\\/uploads\\\/2019\\\/02\\\/meilleur-prix-garanti.png\"},{\"@type\":\"BreadcrumbList\",\"@id\":\"https:\\\/\\\/www.casavacanzemoresco.com\\\/fr\\\/appartements-ceriale\\\/#breadcrumb\",\"itemListElement\":[{\"@type\":\"ListItem\",\"position\":1,\"name\":\"Home\",\"item\":\"https:\\\/\\\/www.casavacanzemoresco.com\\\/fr\\\/\"},{\"@type\":\"ListItem\",\"position\":2,\"name\":\"Appartements\"}]},{\"@type\":\"WebSite\",\"@id\":\"https:\\\/\\\/www.casavacanzemoresco.com\\\/#website\",\"url\":\"https:\\\/\\\/www.casavacanzemoresco.com\\\/\",\"name\":\"Residence Moresco\",\"description\":\"Casa vacanza Liguria fronte mare\",\"publisher\":{\"@id\":\"https:\\\/\\\/www.casavacanzemoresco.com\\\/#organization\"},\"potentialAction\":[{\"@type\":\"SearchAction\",\"target\":{\"@type\":\"EntryPoint\",\"urlTemplate\":\"https:\\\/\\\/www.casavacanzemoresco.com\\\/?s={search_term_string}\"},\"query-input\":{\"@type\":\"PropertyValueSpecification\",\"valueRequired\":true,\"valueName\":\"search_term_string\"}}],\"inLanguage\":\"fr-FR\"},{\"@type\":\"Organization\",\"@id\":\"https:\\\/\\\/www.casavacanzemoresco.com\\\/#organization\",\"name\":\"Casa Vacanze Moresco\",\"url\":\"https:\\\/\\\/www.casavacanzemoresco.com\\\/\",\"logo\":{\"@type\":\"ImageObject\",\"inLanguage\":\"fr-FR\",\"@id\":\"https:\\\/\\\/www.casavacanzemoresco.com\\\/#\\\/schema\\\/logo\\\/image\\\/\",\"url\":\"https:\\\/\\\/www.casavacanzemoresco.com\\\/wp-content\\\/uploads\\\/2018\\\/10\\\/logo-residence-moresco.png\",\"contentUrl\":\"https:\\\/\\\/www.casavacanzemoresco.com\\\/wp-content\\\/uploads\\\/2018\\\/10\\\/logo-residence-moresco.png\",\"width\":756,\"height\":270,\"caption\":\"Casa Vacanze Moresco\"},\"image\":{\"@id\":\"https:\\\/\\\/www.casavacanzemoresco.com\\\/#\\\/schema\\\/logo\\\/image\\\/\"}}]}<\/script>\n<!-- \/ Yoast SEO plugin. -->","yoast_head_json":{"title":"Appartements | Residence Moresco","robots":{"index":"index","follow":"follow","max-snippet":"max-snippet:-1","max-image-preview":"max-image-preview:large","max-video-preview":"max-video-preview:-1"},"canonical":"https:\/\/www.casavacanzemoresco.com\/fr\/appartements-ceriale\/","og_locale":"fr_FR","og_type":"article","og_title":"Appartements | Residence Moresco","og_description":"Nos appartements de vacances \u00e0 Ceriale sont \u00e9quip\u00e9s de tout le confort n\u00e9cessaire pour vous garantir un s\u00e9jour en Ligurie sous le signe de la d\u00e9tente et du divertissement. Les appartements de vacances sont situ\u00e9s face \u00e0 la mer, assurant ainsi un maximum de confort. Notre r\u00e9sidence propose des studios, des appartements de deux et [&hellip;]","og_url":"https:\/\/www.casavacanzemoresco.com\/fr\/appartements-ceriale\/","og_site_name":"Residence Moresco","article_modified_time":"2020-01-09T16:16:02+00:00","og_image":[{"url":"https:\/\/www.casavacanzemoresco.com\/wp-content\/uploads\/2019\/02\/meilleur-prix-garanti.png","type":"","width":"","height":""}],"twitter_card":"summary_large_image","twitter_misc":{"Dur\u00e9e de lecture estim\u00e9e":"13 minutes"},"schema":{"@context":"https:\/\/schema.org","@graph":[{"@type":"WebPage","@id":"https:\/\/www.casavacanzemoresco.com\/fr\/appartements-ceriale\/","url":"https:\/\/www.casavacanzemoresco.com\/fr\/appartements-ceriale\/","name":"Appartements | Residence Moresco","isPartOf":{"@id":"https:\/\/www.casavacanzemoresco.com\/#website"},"primaryImageOfPage":{"@id":"https:\/\/www.casavacanzemoresco.com\/fr\/appartements-ceriale\/#primaryimage"},"image":{"@id":"https:\/\/www.casavacanzemoresco.com\/fr\/appartements-ceriale\/#primaryimage"},"thumbnailUrl":"https:\/\/www.casavacanzemoresco.com\/wp-content\/uploads\/2019\/02\/meilleur-prix-garanti.png","datePublished":"2018-10-15T10:05:39+00:00","dateModified":"2020-01-09T16:16:02+00:00","breadcrumb":{"@id":"https:\/\/www.casavacanzemoresco.com\/fr\/appartements-ceriale\/#breadcrumb"},"inLanguage":"fr-FR","potentialAction":[{"@type":"ReadAction","target":["https:\/\/www.casavacanzemoresco.com\/fr\/appartements-ceriale\/"]}]},{"@type":"ImageObject","inLanguage":"fr-FR","@id":"https:\/\/www.casavacanzemoresco.com\/fr\/appartements-ceriale\/#primaryimage","url":"https:\/\/www.casavacanzemoresco.com\/wp-content\/uploads\/2019\/02\/meilleur-prix-garanti.png","contentUrl":"https:\/\/www.casavacanzemoresco.com\/wp-content\/uploads\/2019\/02\/meilleur-prix-garanti.png"},{"@type":"BreadcrumbList","@id":"https:\/\/www.casavacanzemoresco.com\/fr\/appartements-ceriale\/#breadcrumb","itemListElement":[{"@type":"ListItem","position":1,"name":"Home","item":"https:\/\/www.casavacanzemoresco.com\/fr\/"},{"@type":"ListItem","position":2,"name":"Appartements"}]},{"@type":"WebSite","@id":"https:\/\/www.casavacanzemoresco.com\/#website","url":"https:\/\/www.casavacanzemoresco.com\/","name":"Residence Moresco","description":"Casa vacanza Liguria fronte mare","publisher":{"@id":"https:\/\/www.casavacanzemoresco.com\/#organization"},"potentialAction":[{"@type":"SearchAction","target":{"@type":"EntryPoint","urlTemplate":"https:\/\/www.casavacanzemoresco.com\/?s={search_term_string}"},"query-input":{"@type":"PropertyValueSpecification","valueRequired":true,"valueName":"search_term_string"}}],"inLanguage":"fr-FR"},{"@type":"Organization","@id":"https:\/\/www.casavacanzemoresco.com\/#organization","name":"Casa Vacanze Moresco","url":"https:\/\/www.casavacanzemoresco.com\/","logo":{"@type":"ImageObject","inLanguage":"fr-FR","@id":"https:\/\/www.casavacanzemoresco.com\/#\/schema\/logo\/image\/","url":"https:\/\/www.casavacanzemoresco.com\/wp-content\/uploads\/2018\/10\/logo-residence-moresco.png","contentUrl":"https:\/\/www.casavacanzemoresco.com\/wp-content\/uploads\/2018\/10\/logo-residence-moresco.png","width":756,"height":270,"caption":"Casa Vacanze Moresco"},"image":{"@id":"https:\/\/www.casavacanzemoresco.com\/#\/schema\/logo\/image\/"}}]}},"_links":{"self":[{"href":"https:\/\/www.casavacanzemoresco.com\/fr\/wp-json\/wp\/v2\/pages\/206579","targetHints":{"allow":["GET"]}}],"collection":[{"href":"https:\/\/www.casavacanzemoresco.com\/fr\/wp-json\/wp\/v2\/pages"}],"about":[{"href":"https:\/\/www.casavacanzemoresco.com\/fr\/wp-json\/wp\/v2\/types\/page"}],"author":[{"embeddable":true,"href":"https:\/\/www.casavacanzemoresco.com\/fr\/wp-json\/wp\/v2\/users\/1"}],"replies":[{"embeddable":true,"href":"https:\/\/www.casavacanzemoresco.com\/fr\/wp-json\/wp\/v2\/comments?post=206579"}],"version-history":[{"count":14,"href":"https:\/\/www.casavacanzemoresco.com\/fr\/wp-json\/wp\/v2\/pages\/206579\/revisions"}],"predecessor-version":[{"id":210234,"href":"https:\/\/www.casavacanzemoresco.com\/fr\/wp-json\/wp\/v2\/pages\/206579\/revisions\/210234"}],"wp:attachment":[{"href":"https:\/\/www.casavacanzemoresco.com\/fr\/wp-json\/wp\/v2\/media?parent=206579"}],"curies":[{"name":"wp","href":"https:\/\/api.w.org\/{rel}","templated":true}]}}