{"id":206517,"date":"2018-10-31T14:55:41","date_gmt":"2018-10-31T14:55:41","guid":{"rendered":"https:\/\/www.casavacanzemoresco.com\/monolocale-ceriale\/"},"modified":"2026-02-17T08:57:51","modified_gmt":"2026-02-17T08:57:51","slug":"studios-ceriale","status":"publish","type":"page","link":"https:\/\/www.casavacanzemoresco.com\/fr\/appartements-ceriale\/studios-ceriale\/","title":{"rendered":"Studios"},"content":{"rendered":"<p>[et_pb_section fb_built=\u00a0\u00bb1&Prime; disabled_on=\u00a0\u00bbon|on|off\u00a0\u00bb _builder_version=\u00a0\u00bb4.16&Prime; background_color=\u00a0\u00bbrgba(0,0,0,0)\u00a0\u00bb background_image=\u00a0\u00bbhttps:\/\/www.casavacanzemoresco.com\/wp-content\/uploads\/2018\/11\/monolocale-ceriale-moresco.jpg\u00a0\u00bb filter_sepia=\u00a0\u00bb9%\u00a0\u00bb animation_style=\u00a0\u00bbslide\u00a0\u00bb animation_direction=\u00a0\u00bbtop\u00a0\u00bb animation_intensity_slide=\u00a0\u00bb10%\u00a0\u00bb custom_css_main_element=\u00a0\u00bbheight:650px;\u00a0\u00bb global_colors_info=\u00a0\u00bb{}\u00a0\u00bb][et_pb_row column_structure=\u00a0\u00bb1_6,1_6,1_6,1_6,1_6,1_6&Prime; use_custom_gutter=\u00a0\u00bbon\u00a0\u00bb gutter_width=\u00a0\u00bb2&Prime; make_equal=\u00a0\u00bbon\u00a0\u00bb disabled_on=\u00a0\u00bbon|on|off\u00a0\u00bb _builder_version=\u00a0\u00bb4.16&Prime; max_width=\u00a0\u00bb525px\u00a0\u00bb module_alignment=\u00a0\u00bbleft\u00a0\u00bb custom_padding=\u00a0\u00bb|||50px\u00a0\u00bb animation_style=\u00a0\u00bbslide\u00a0\u00bb animation_direction=\u00a0\u00bbbottom\u00a0\u00bb animation_intensity_slide=\u00a0\u00bb10%\u00a0\u00bb custom_css_main_element=\u00a0\u00bbposition:relative;||top:85%;\u00a0\u00bb use_custom_width=\u00a0\u00bbon\u00a0\u00bb custom_width_px=\u00a0\u00bb525px\u00a0\u00bb global_colors_info=\u00a0\u00bb{}\u00a0\u00bb][et_pb_column type=\u00a0\u00bb1_6&Prime; _builder_version=\u00a0\u00bb4.16&Prime; custom_padding=\u00a0\u00bb|||\u00a0\u00bb global_colors_info=\u00a0\u00bb{}\u00a0\u00bb custom_padding__hover=\u00a0\u00bb|||\u00a0\u00bb][et_pb_image src=\u00a0\u00bbhttps:\/\/www.casavacanzemoresco.com\/wp-content\/uploads\/2019\/04\/30m2-studio-1.png\u00a0\u00bb align_tablet=\u00a0\u00bbcenter\u00a0\u00bb align_phone=\u00a0\u00bb\u00a0\u00bb align_last_edited=\u00a0\u00bbon|desktop\u00a0\u00bb admin_label=\u00a0\u00bb30mq\u00a0\u00bb _builder_version=\u00a0\u00bb4.16&Prime; animation_style=\u00a0\u00bbslide\u00a0\u00bb animation_direction=\u00a0\u00bbbottom\u00a0\u00bb animation_intensity_slide=\u00a0\u00bb10%\u00a0\u00bb global_colors_info=\u00a0\u00bb{}\u00a0\u00bb]<\/p>\n<p>&nbsp;<\/p>\n<p>[\/et_pb_image][\/et_pb_column][et_pb_column type=\u00a0\u00bb1_6&Prime; _builder_version=\u00a0\u00bb4.16&Prime; custom_padding=\u00a0\u00bb|||\u00a0\u00bb global_colors_info=\u00a0\u00bb{}\u00a0\u00bb custom_padding__hover=\u00a0\u00bb|||\u00a0\u00bb][et_pb_image src=\u00a0\u00bbhttps:\/\/www.casavacanzemoresco.com\/wp-content\/uploads\/2018\/11\/monolocale-massimo-3-persone.png\u00a0\u00bb align_tablet=\u00a0\u00bbcenter\u00a0\u00bb align_phone=\u00a0\u00bb\u00a0\u00bb align_last_edited=\u00a0\u00bbon|desktop\u00a0\u00bb admin_label=\u00a0\u00bb3 persone\u00a0\u00bb _builder_version=\u00a0\u00bb4.16&Prime; animation_style=\u00a0\u00bbslide\u00a0\u00bb animation_direction=\u00a0\u00bbbottom\u00a0\u00bb animation_intensity_slide=\u00a0\u00bb10%\u00a0\u00bb global_colors_info=\u00a0\u00bb{}\u00a0\u00bb]<\/p>\n<p>&nbsp;<\/p>\n<p>[\/et_pb_image][\/et_pb_column][et_pb_column type=\u00a0\u00bb1_6&Prime; _builder_version=\u00a0\u00bb4.16&Prime; custom_padding=\u00a0\u00bb|||\u00a0\u00bb global_colors_info=\u00a0\u00bb{}\u00a0\u00bb custom_padding__hover=\u00a0\u00bb|||\u00a0\u00bb][\/et_pb_column][et_pb_column type=\u00a0\u00bb1_6&Prime; _builder_version=\u00a0\u00bb4.16&Prime; custom_padding=\u00a0\u00bb|||\u00a0\u00bb global_colors_info=\u00a0\u00bb{}\u00a0\u00bb custom_padding__hover=\u00a0\u00bb|||\u00a0\u00bb][\/et_pb_column][et_pb_column type=\u00a0\u00bb1_6&Prime; _builder_version=\u00a0\u00bb4.16&Prime; custom_padding=\u00a0\u00bb|||\u00a0\u00bb global_colors_info=\u00a0\u00bb{}\u00a0\u00bb custom_padding__hover=\u00a0\u00bb|||\u00a0\u00bb][\/et_pb_column][et_pb_column type=\u00a0\u00bb1_6&Prime; _builder_version=\u00a0\u00bb4.16&Prime; custom_padding=\u00a0\u00bb|||\u00a0\u00bb global_colors_info=\u00a0\u00bb{}\u00a0\u00bb custom_padding__hover=\u00a0\u00bb|||\u00a0\u00bb][\/et_pb_column][\/et_pb_row][\/et_pb_section][et_pb_section fb_built=\u00a0\u00bb1&Prime; disabled_on=\u00a0\u00bbon|off|on\u00a0\u00bb admin_label=\u00a0\u00bbcopertina mobile\u00a0\u00bb _builder_version=\u00a0\u00bb4.16&Prime; background_color=\u00a0\u00bbrgba(0,0,0,0)\u00a0\u00bb background_image=\u00a0\u00bbhttps:\/\/www.casavacanzemoresco.com\/wp-content\/uploads\/2018\/11\/monolocale-ceriale-moresco.jpg\u00a0\u00bb animation_style=\u00a0\u00bbslide\u00a0\u00bb animation_direction=\u00a0\u00bbtop\u00a0\u00bb animation_intensity_slide=\u00a0\u00bb10%\u00a0\u00bb custom_css_main_element=\u00a0\u00bbheight:400px;\u00a0\u00bb global_colors_info=\u00a0\u00bb{}\u00a0\u00bb][\/et_pb_section][et_pb_section fb_built=\u00a0\u00bb1&Prime; disabled_on=\u00a0\u00bboff|on|on\u00a0\u00bb admin_label=\u00a0\u00bbcopertina mobile tel\u00a0\u00bb _builder_version=\u00a0\u00bb4.16&Prime; background_color=\u00a0\u00bbrgba(0,0,0,0)\u00a0\u00bb background_image=\u00a0\u00bbhttps:\/\/www.casavacanzemoresco.com\/wp-content\/uploads\/2018\/11\/monolocale-ceriale-moresco.jpg\u00a0\u00bb animation_style=\u00a0\u00bbslide\u00a0\u00bb animation_direction=\u00a0\u00bbtop\u00a0\u00bb animation_intensity_slide=\u00a0\u00bb10%\u00a0\u00bb custom_css_main_element=\u00a0\u00bbheight:200px;\u00a0\u00bb global_colors_info=\u00a0\u00bb{}\u00a0\u00bb][\/et_pb_section][et_pb_section fb_built=\u00a0\u00bb1&Prime; disabled_on=\u00a0\u00bb||on\u00a0\u00bb _builder_version=\u00a0\u00bb4.16&Prime; custom_margin=\u00a0\u00bb0px||0px|\u00a0\u00bb custom_padding=\u00a0\u00bb0px||0px|\u00a0\u00bb custom_css_main_element=\u00a0\u00bbz-index:99999;\u00a0\u00bb global_colors_info=\u00a0\u00bb{}\u00a0\u00bb][et_pb_row admin_label=\u00a0\u00bbrighe book e tel mobile\u00a0\u00bb _builder_version=\u00a0\u00bb4.16&Prime; custom_margin=\u00a0\u00bb0px||0px\u00a0\u00bb custom_padding=\u00a0\u00bb0px||0px\u00a0\u00bb global_colors_info=\u00a0\u00bb{}\u00a0\u00bb][et_pb_column type=\u00a0\u00bb4_4&Prime; _builder_version=\u00a0\u00bb4.16&Prime; custom_padding=\u00a0\u00bb|||\u00a0\u00bb global_colors_info=\u00a0\u00bb{}\u00a0\u00bb custom_padding__hover=\u00a0\u00bb|||\u00a0\u00bb][et_pb_code disabled_on=\u00a0\u00bboff|off|off\u00a0\u00bb admin_label=\u00a0\u00bbcodice book now mobile\u00a0\u00bb _builder_version=\u00a0\u00bb4.16&Prime; global_colors_info=\u00a0\u00bb{}\u00a0\u00bb]<a href=\"https:\/\/www.casavacanzemoresco.com\/fr\/book-now-fr\/\"><\/p>\n<div id=\"booknow\">BOOK NOW <img decoding=\"async\" src=\"https:\/\/www.casavacanzemoresco.com\/wp-content\/uploads\/2019\/02\/meilleur-prix-garanti.png\" width=\"150px\" style=\"vertical-align:middle;\"><\/div>\n<p><\/a>[\/et_pb_code][et_pb_code disabled_on=\u00a0\u00bboff|off|off\u00a0\u00bb admin_label=\u00a0\u00bbcodice telefono mobile\u00a0\u00bb _builder_version=\u00a0\u00bb4.16&Prime; global_colors_info=\u00a0\u00bb{}\u00a0\u00bb]<a href=\"tel:+390182930020\"><\/p>\n<div id=\"telmob\"><img decoding=\"async\" src=\"https:\/\/www.casavacanzemoresco.com\/wp-content\/uploads\/2018\/12\/telefono-cellulare.png\" width=\"25px\"><\/div>\n<p><\/a>[\/et_pb_code][\/et_pb_column][\/et_pb_row][\/et_pb_section][et_pb_section fb_built=\u00a0\u00bb1&Prime; custom_padding_last_edited=\u00a0\u00bbon|phone\u00a0\u00bb _builder_version=\u00a0\u00bb4.16&Prime; background_size=\u00a0\u00bbcontain\u00a0\u00bb background_position=\u00a0\u00bbtop_left\u00a0\u00bb custom_padding_tablet=\u00a0\u00bb0px|||\u00a0\u00bb custom_padding_phone=\u00a0\u00bb\u00a0\u00bb animation_style=\u00a0\u00bbslide\u00a0\u00bb animation_direction=\u00a0\u00bbbottom\u00a0\u00bb animation_intensity_slide=\u00a0\u00bb10%\u00a0\u00bb global_colors_info=\u00a0\u00bb{}\u00a0\u00bb][et_pb_row _builder_version=\u00a0\u00bb4.16&Prime; global_colors_info=\u00a0\u00bb{}\u00a0\u00bb][et_pb_column type=\u00a0\u00bb4_4&Prime; _builder_version=\u00a0\u00bb4.16&Prime; custom_padding=\u00a0\u00bb|||\u00a0\u00bb global_colors_info=\u00a0\u00bb{}\u00a0\u00bb custom_padding__hover=\u00a0\u00bb|||\u00a0\u00bb][et_pb_text admin_label=\u00a0\u00bbStudios \u00e0 louer pour 3 personnes\u00a0\u00bb _builder_version=\u00a0\u00bb4.27.5&Prime; text_font=\u00a0\u00bb|300|||||||\u00a0\u00bb text_font_size=\u00a0\u00bb18px\u00a0\u00bb text_line_height=\u00a0\u00bb1.4em\u00a0\u00bb header_font=\u00a0\u00bbRoboto||||||||\u00a0\u00bb header_text_color=\u00a0\u00bb#aa0956&Prime; header_font_size=\u00a0\u00bb36px\u00a0\u00bb header_line_height=\u00a0\u00bb1.4em\u00a0\u00bb header_2_font=\u00a0\u00bb|700|||||||\u00a0\u00bb header_2_text_color=\u00a0\u00bb#b265ae\u00a0\u00bb header_2_font_size=\u00a0\u00bb35px\u00a0\u00bb custom_margin=\u00a0\u00bb|||\u00a0\u00bb custom_padding=\u00a0\u00bb|||\u00a0\u00bb hover_enabled=\u00a0\u00bb0&Prime; text_font_size_tablet=\u00a0\u00bb\u00a0\u00bb text_font_size_phone=\u00a0\u00bb\u00a0\u00bb text_font_size_last_edited=\u00a0\u00bbon|phone\u00a0\u00bb header_font_size_tablet=\u00a0\u00bb27px\u00a0\u00bb header_font_size_phone=\u00a0\u00bb24px\u00a0\u00bb header_font_size_last_edited=\u00a0\u00bbon|phone\u00a0\u00bb global_colors_info=\u00a0\u00bb{}\u00a0\u00bb sticky_enabled=\u00a0\u00bb0&Prime;]<\/p>\n<h1 class=\"testores\">Studios \u00e0 louer pour 3 personnes face \u00e0 la mer avec balcon<\/h1>\n<p>Nous proposons des <strong>studios<\/strong> \u00e0 louer \u00e0 Ceriale pour des vacances plus ou moins courtes ou des s\u00e9jours de longue dur\u00e9e.<\/p>\n<p>Les studios \u00e0 louer ont une superficie de 30 m\u00b2 et peuvent accueillir jusqu&rsquo;\u00e0 <strong>trois personnes<\/strong>. Ils se composent d&rsquo;un <strong>balcon<\/strong> avec vue imprenable sur la mer et sont structur\u00e9s avec un <strong>grand salon<\/strong> avec deux canap\u00e9s -lits, <strong>une kitchenette<\/strong> avec un four \u00e0 micro-ondes et une salle de bain avec <span>douche<\/span>.<\/p>\n<p>[\/et_pb_text][\/et_pb_column][\/et_pb_row][\/et_pb_section][et_pb_section fb_built=\u00a0\u00bb1&Prime; disabled_on=\u00a0\u00bbon|on|off\u00a0\u00bb _builder_version=\u00a0\u00bb4.16&Prime; background_color=\u00a0\u00bb#793673&Prime; custom_margin=\u00a0\u00bb0px||0px\u00a0\u00bb custom_padding=\u00a0\u00bb80px||80px\u00a0\u00bb global_colors_info=\u00a0\u00bb{}\u00a0\u00bb][et_pb_row _builder_version=\u00a0\u00bb4.16&Prime; background_size=\u00a0\u00bbinitial\u00a0\u00bb background_position=\u00a0\u00bbtop_left\u00a0\u00bb background_repeat=\u00a0\u00bbrepeat\u00a0\u00bb custom_margin=\u00a0\u00bb0px||\u00a0\u00bb custom_padding=\u00a0\u00bb0px||\u00a0\u00bb global_colors_info=\u00a0\u00bb{}\u00a0\u00bb][et_pb_column type=\u00a0\u00bb4_4&Prime; _builder_version=\u00a0\u00bb4.16&Prime; custom_padding=\u00a0\u00bb|||\u00a0\u00bb global_colors_info=\u00a0\u00bb{}\u00a0\u00bb custom_padding__hover=\u00a0\u00bb|||\u00a0\u00bb][et_pb_text admin_label=\u00a0\u00bbServices inclus\u00a0\u00bb _builder_version=\u00a0\u00bb4.16&Prime; text_font=\u00a0\u00bb|300|||||||\u00a0\u00bb text_font_size=\u00a0\u00bb18px\u00a0\u00bb text_line_height=\u00a0\u00bb1.4em\u00a0\u00bb header_font=\u00a0\u00bbRoboto||||||||\u00a0\u00bb header_text_color=\u00a0\u00bb#ffffff\u00a0\u00bb header_2_text_color=\u00a0\u00bb#ffffff\u00a0\u00bb header_2_font_size=\u00a0\u00bb35px\u00a0\u00bb header_3_text_color=\u00a0\u00bb#ffffff\u00a0\u00bb text_orientation=\u00a0\u00bbcenter\u00a0\u00bb background_layout=\u00a0\u00bbdark\u00a0\u00bb custom_margin=\u00a0\u00bb|||\u00a0\u00bb custom_padding=\u00a0\u00bb|||\u00a0\u00bb text_font_size_tablet=\u00a0\u00bb\u00a0\u00bb text_font_size_phone=\u00a0\u00bb\u00a0\u00bb text_font_size_last_edited=\u00a0\u00bbon|tablet\u00a0\u00bb header_2_font_size_tablet=\u00a0\u00bb27px\u00a0\u00bb header_2_font_size_phone=\u00a0\u00bb25px\u00a0\u00bb header_2_font_size_last_edited=\u00a0\u00bbon|phone\u00a0\u00bb global_colors_info=\u00a0\u00bb{}\u00a0\u00bb]<\/p>\n<h2>Services inclus<\/h2>\n<p>Nos <strong>studios<\/strong> sont confortables, pratiques et fonctionnels, \u00e9quip\u00e9s de tout le confort.<\/p>\n<p>[\/et_pb_text][\/et_pb_column][\/et_pb_row][et_pb_row use_custom_gutter=\u00a0\u00bbon\u00a0\u00bb gutter_width=\u00a0\u00bb1&Prime; module_id=\u00a0\u00bbeight-columns\u00a0\u00bb module_class=\u00a0\u00bbeight-columns\u00a0\u00bb _builder_version=\u00a0\u00bb4.16&Prime; background_size=\u00a0\u00bbinitial\u00a0\u00bb background_position=\u00a0\u00bbtop_left\u00a0\u00bb background_repeat=\u00a0\u00bbrepeat\u00a0\u00bb max_width=\u00a0\u00bb1400px\u00a0\u00bb custom_margin=\u00a0\u00bb||0px\u00a0\u00bb custom_padding=\u00a0\u00bb||0px\u00a0\u00bb animation_style=\u00a0\u00bbslide\u00a0\u00bb use_custom_width=\u00a0\u00bbon\u00a0\u00bb custom_width_px=\u00a0\u00bb1400px\u00a0\u00bb global_colors_info=\u00a0\u00bb{}\u00a0\u00bb][et_pb_column type=\u00a0\u00bb4_4&Prime; _builder_version=\u00a0\u00bb4.16&Prime; custom_padding=\u00a0\u00bb|||\u00a0\u00bb global_colors_info=\u00a0\u00bb{}\u00a0\u00bb custom_padding__hover=\u00a0\u00bb|||\u00a0\u00bb][et_pb_blurb title=\u00a0\u00bbCoffre\u00a0\u00bb image=\u00a0\u00bbhttps:\/\/www.casavacanzemoresco.com\/wp-content\/uploads\/2018\/10\/sicurezza-camere-cassaforte-1.png\u00a0\u00bb image_icon_width=\u00a0\u00bb50%\u00a0\u00bb image_icon_width_phone=\u00a0\u00bb30%\u00a0\u00bb image_icon_width_last_edited=\u00a0\u00bbon|desktop\u00a0\u00bb _builder_version=\u00a0\u00bb4.16&Prime; header_font=\u00a0\u00bb||||||||\u00a0\u00bb header_text_align=\u00a0\u00bbcenter\u00a0\u00bb header_text_color=\u00a0\u00bb#ffffff\u00a0\u00bb header_font_size=\u00a0\u00bb20px\u00a0\u00bb image_max_width=\u00a0\u00bb50%\u00a0\u00bb image_max_width_tablet=\u00a0\u00bb\u00a0\u00bb image_max_width_phone=\u00a0\u00bb30%\u00a0\u00bb image_max_width_last_edited=\u00a0\u00bbon|desktop\u00a0\u00bb global_colors_info=\u00a0\u00bb{}\u00a0\u00bb image_icon_width_tablet=\u00a0\u00bb50%\u00a0\u00bb][\/et_pb_blurb][et_pb_blurb title=\u00a0\u00bbT\u00e9l\u00e9vision par satellite \u00a0\u00bb image=\u00a0\u00bbhttps:\/\/www.casavacanzemoresco.com\/wp-content\/uploads\/2018\/11\/tv-satellitare-canali-esteri.png\u00a0\u00bb image_icon_width=\u00a0\u00bb50%\u00a0\u00bb image_icon_width_phone=\u00a0\u00bb30%\u00a0\u00bb image_icon_width_last_edited=\u00a0\u00bbon|desktop\u00a0\u00bb _builder_version=\u00a0\u00bb4.16&Prime; header_font=\u00a0\u00bb||||||||\u00a0\u00bb header_text_align=\u00a0\u00bbcenter\u00a0\u00bb header_text_color=\u00a0\u00bb#ffffff\u00a0\u00bb header_font_size=\u00a0\u00bb20px\u00a0\u00bb body_font=\u00a0\u00bb|300|||||||\u00a0\u00bb text_orientation=\u00a0\u00bbcenter\u00a0\u00bb background_layout=\u00a0\u00bbdark\u00a0\u00bb image_max_width=\u00a0\u00bb50%\u00a0\u00bb image_max_width_tablet=\u00a0\u00bb\u00a0\u00bb image_max_width_phone=\u00a0\u00bb30%\u00a0\u00bb image_max_width_last_edited=\u00a0\u00bbon|desktop\u00a0\u00bb global_colors_info=\u00a0\u00bb{}\u00a0\u00bb image_icon_width_tablet=\u00a0\u00bb50%\u00a0\u00bb]<\/p>\n<p>avec cha\u00eenes \u00e9trang\u00e8res<\/p>\n<p>[\/et_pb_blurb][et_pb_blurb title=\u00a0\u00bbT\u00e9l\u00e9phone\u00a0\u00bb image=\u00a0\u00bbhttps:\/\/www.casavacanzemoresco.com\/wp-content\/uploads\/2018\/11\/teleono-diretto-nelle-camere.png\u00a0\u00bb image_icon_width=\u00a0\u00bb50%\u00a0\u00bb image_icon_width_phone=\u00a0\u00bb30%\u00a0\u00bb image_icon_width_last_edited=\u00a0\u00bbon|desktop\u00a0\u00bb _builder_version=\u00a0\u00bb4.16&Prime; header_font=\u00a0\u00bb||||||||\u00a0\u00bb header_text_align=\u00a0\u00bbcenter\u00a0\u00bb header_text_color=\u00a0\u00bb#ffffff\u00a0\u00bb header_font_size=\u00a0\u00bb20px\u00a0\u00bb body_font=\u00a0\u00bb|300|||||||\u00a0\u00bb text_orientation=\u00a0\u00bbcenter\u00a0\u00bb background_layout=\u00a0\u00bbdark\u00a0\u00bb image_max_width=\u00a0\u00bb50%\u00a0\u00bb image_max_width_tablet=\u00a0\u00bb\u00a0\u00bb image_max_width_phone=\u00a0\u00bb30%\u00a0\u00bb image_max_width_last_edited=\u00a0\u00bbon|desktop\u00a0\u00bb global_colors_info=\u00a0\u00bb{}\u00a0\u00bb image_icon_width_tablet=\u00a0\u00bb50%\u00a0\u00bb][\/et_pb_blurb][et_pb_blurb title=\u00a0\u00bbS\u00e8che-cheveux\u00a0\u00bb image=\u00a0\u00bbhttps:\/\/www.casavacanzemoresco.com\/wp-content\/uploads\/2018\/11\/asciugacapelli-in-camera.png\u00a0\u00bb image_icon_width=\u00a0\u00bb50%\u00a0\u00bb image_icon_width_phone=\u00a0\u00bb30%\u00a0\u00bb image_icon_width_last_edited=\u00a0\u00bbon|desktop\u00a0\u00bb _builder_version=\u00a0\u00bb4.16&Prime; header_font=\u00a0\u00bb||||||||\u00a0\u00bb header_text_align=\u00a0\u00bbcenter\u00a0\u00bb header_text_color=\u00a0\u00bb#ffffff\u00a0\u00bb header_font_size=\u00a0\u00bb20px\u00a0\u00bb body_font=\u00a0\u00bb|300|||||||\u00a0\u00bb text_orientation=\u00a0\u00bbcenter\u00a0\u00bb background_layout=\u00a0\u00bbdark\u00a0\u00bb custom_padding=\u00a0\u00bb||\u00a0\u00bb custom_padding_tablet=\u00a0\u00bb20px||\u00a0\u00bb custom_padding_phone=\u00a0\u00bb\u00a0\u00bb custom_padding_last_edited=\u00a0\u00bbon|tablet\u00a0\u00bb image_max_width=\u00a0\u00bb50%\u00a0\u00bb image_max_width_tablet=\u00a0\u00bb\u00a0\u00bb image_max_width_phone=\u00a0\u00bb30%\u00a0\u00bb image_max_width_last_edited=\u00a0\u00bbon|desktop\u00a0\u00bb global_colors_info=\u00a0\u00bb{}\u00a0\u00bb image_icon_width_tablet=\u00a0\u00bb50%\u00a0\u00bb][\/et_pb_blurb][et_pb_blurb title=\u00a0\u00bbFree Wifi\u00a0\u00bb image=\u00a0\u00bbhttps:\/\/www.casavacanzemoresco.com\/wp-content\/uploads\/2018\/11\/wifi-gratuito.png\u00a0\u00bb image_icon_width=\u00a0\u00bb50%\u00a0\u00bb image_icon_width_phone=\u00a0\u00bb30%\u00a0\u00bb image_icon_width_last_edited=\u00a0\u00bbon|desktop\u00a0\u00bb _builder_version=\u00a0\u00bb4.16&Prime; header_font=\u00a0\u00bb||||||||\u00a0\u00bb header_text_align=\u00a0\u00bbcenter\u00a0\u00bb header_text_color=\u00a0\u00bb#ffffff\u00a0\u00bb header_font_size=\u00a0\u00bb20px\u00a0\u00bb body_font=\u00a0\u00bb|300|||||||\u00a0\u00bb text_orientation=\u00a0\u00bbcenter\u00a0\u00bb background_layout=\u00a0\u00bbdark\u00a0\u00bb custom_padding_tablet=\u00a0\u00bb20px||\u00a0\u00bb custom_padding_phone=\u00a0\u00bb\u00a0\u00bb custom_padding_last_edited=\u00a0\u00bbon|desktop\u00a0\u00bb image_max_width=\u00a0\u00bb50%\u00a0\u00bb image_max_width_tablet=\u00a0\u00bb\u00a0\u00bb image_max_width_phone=\u00a0\u00bb30%\u00a0\u00bb image_max_width_last_edited=\u00a0\u00bbon|desktop\u00a0\u00bb global_colors_info=\u00a0\u00bb{}\u00a0\u00bb image_icon_width_tablet=\u00a0\u00bb50%\u00a0\u00bb][\/et_pb_blurb][et_pb_blurb title=\u00a0\u00bbFour \u00e0 micro-ondes\u00a0\u00bb image=\u00a0\u00bbhttps:\/\/www.casavacanzemoresco.com\/wp-content\/uploads\/2019\/04\/forno-microonde.png\u00a0\u00bb image_icon_width=\u00a0\u00bb50%\u00a0\u00bb image_icon_width_phone=\u00a0\u00bb30%\u00a0\u00bb image_icon_width_last_edited=\u00a0\u00bbon|desktop\u00a0\u00bb _builder_version=\u00a0\u00bb4.16&Prime; header_font=\u00a0\u00bb||||||||\u00a0\u00bb header_text_align=\u00a0\u00bbcenter\u00a0\u00bb header_text_color=\u00a0\u00bb#ffffff\u00a0\u00bb header_font_size=\u00a0\u00bb20px\u00a0\u00bb body_font=\u00a0\u00bb|300|||||||\u00a0\u00bb text_orientation=\u00a0\u00bbcenter\u00a0\u00bb background_layout=\u00a0\u00bbdark\u00a0\u00bb custom_padding_tablet=\u00a0\u00bb20px||\u00a0\u00bb custom_padding_phone=\u00a0\u00bb\u00a0\u00bb custom_padding_last_edited=\u00a0\u00bbon|desktop\u00a0\u00bb image_max_width=\u00a0\u00bb50%\u00a0\u00bb image_max_width_tablet=\u00a0\u00bb\u00a0\u00bb image_max_width_phone=\u00a0\u00bb30%\u00a0\u00bb image_max_width_last_edited=\u00a0\u00bbon|desktop\u00a0\u00bb global_colors_info=\u00a0\u00bb{}\u00a0\u00bb image_icon_width_tablet=\u00a0\u00bb50%\u00a0\u00bb][\/et_pb_blurb][et_pb_blurb title=\u00a0\u00bbVentilateur\u00a0\u00bb image=\u00a0\u00bbhttps:\/\/www.casavacanzemoresco.com\/wp-content\/uploads\/2018\/11\/impianto-ventilazione-a-pale.png\u00a0\u00bb image_icon_width=\u00a0\u00bb50%\u00a0\u00bb image_icon_width_phone=\u00a0\u00bb30%\u00a0\u00bb image_icon_width_last_edited=\u00a0\u00bbon|desktop\u00a0\u00bb admin_label=\u00a0\u00bbVentilateur\u00a0\u00bb _builder_version=\u00a0\u00bb4.16&Prime; header_font=\u00a0\u00bb||||||||\u00a0\u00bb header_text_align=\u00a0\u00bbcenter\u00a0\u00bb header_text_color=\u00a0\u00bb#ffffff\u00a0\u00bb header_font_size=\u00a0\u00bb20px\u00a0\u00bb body_font=\u00a0\u00bb|300|||||||\u00a0\u00bb text_orientation=\u00a0\u00bbcenter\u00a0\u00bb background_layout=\u00a0\u00bbdark\u00a0\u00bb image_max_width=\u00a0\u00bb50%\u00a0\u00bb image_max_width_tablet=\u00a0\u00bb\u00a0\u00bb image_max_width_phone=\u00a0\u00bb30%\u00a0\u00bb image_max_width_last_edited=\u00a0\u00bbon|desktop\u00a0\u00bb global_colors_info=\u00a0\u00bb{}\u00a0\u00bb image_icon_width_tablet=\u00a0\u00bb50%\u00a0\u00bb]<\/p>\n<p>Syst\u00e8me de ventilateur \u00e0 palettes<\/p>\n<p>[\/et_pb_blurb][et_pb_blurb title=\u00a0\u00bbLinge\u00a0\u00bb image=\u00a0\u00bbhttps:\/\/www.casavacanzemoresco.com\/wp-content\/uploads\/2019\/04\/biancheria-camera-bagno-cucina-1.png\u00a0\u00bb image_icon_width=\u00a0\u00bb50%\u00a0\u00bb image_icon_width_phone=\u00a0\u00bb30%\u00a0\u00bb image_icon_width_last_edited=\u00a0\u00bbon|desktop\u00a0\u00bb _builder_version=\u00a0\u00bb4.16&Prime; header_font=\u00a0\u00bb||||||||\u00a0\u00bb header_text_align=\u00a0\u00bbcenter\u00a0\u00bb header_text_color=\u00a0\u00bb#ffffff\u00a0\u00bb header_font_size=\u00a0\u00bb20px\u00a0\u00bb body_font=\u00a0\u00bb|300|||||||\u00a0\u00bb text_orientation=\u00a0\u00bbcenter\u00a0\u00bb background_layout=\u00a0\u00bbdark\u00a0\u00bb custom_padding_tablet=\u00a0\u00bb20px||\u00a0\u00bb custom_padding_phone=\u00a0\u00bb\u00a0\u00bb custom_padding_last_edited=\u00a0\u00bbon|desktop\u00a0\u00bb image_max_width=\u00a0\u00bb50%\u00a0\u00bb image_max_width_tablet=\u00a0\u00bb\u00a0\u00bb image_max_width_phone=\u00a0\u00bb30%\u00a0\u00bb image_max_width_last_edited=\u00a0\u00bbon|desktop\u00a0\u00bb global_colors_info=\u00a0\u00bb{}\u00a0\u00bb image_icon_width_tablet=\u00a0\u00bb50%\u00a0\u00bb]de lit, de bain et de cuisine[\/et_pb_blurb][\/et_pb_column][\/et_pb_row][\/et_pb_section][et_pb_section fb_built=\u00a0\u00bb1&Prime; disabled_on=\u00a0\u00bboff|off|on\u00a0\u00bb _builder_version=\u00a0\u00bb4.16&Prime; background_color=\u00a0\u00bb#793673&Prime; custom_margin=\u00a0\u00bb0px||0px\u00a0\u00bb custom_padding=\u00a0\u00bb80px||80px\u00a0\u00bb global_colors_info=\u00a0\u00bb{}\u00a0\u00bb][et_pb_row _builder_version=\u00a0\u00bb4.16&Prime; background_size=\u00a0\u00bbinitial\u00a0\u00bb background_position=\u00a0\u00bbtop_left\u00a0\u00bb background_repeat=\u00a0\u00bbrepeat\u00a0\u00bb custom_margin=\u00a0\u00bb0px||\u00a0\u00bb custom_padding=\u00a0\u00bb0px||\u00a0\u00bb global_colors_info=\u00a0\u00bb{}\u00a0\u00bb][et_pb_column type=\u00a0\u00bb4_4&Prime; _builder_version=\u00a0\u00bb4.16&Prime; custom_padding=\u00a0\u00bb|||\u00a0\u00bb global_colors_info=\u00a0\u00bb{}\u00a0\u00bb custom_padding__hover=\u00a0\u00bb|||\u00a0\u00bb][et_pb_text admin_label=\u00a0\u00bbServizi inclusi\u00a0\u00bb _builder_version=\u00a0\u00bb4.16&Prime; text_font=\u00a0\u00bb|300|||||||\u00a0\u00bb text_font_size=\u00a0\u00bb18px\u00a0\u00bb text_line_height=\u00a0\u00bb1.4em\u00a0\u00bb header_font=\u00a0\u00bbRoboto||||||||\u00a0\u00bb header_text_color=\u00a0\u00bb#ffffff\u00a0\u00bb header_2_font=\u00a0\u00bb||||||||\u00a0\u00bb header_2_text_color=\u00a0\u00bb#ffffff\u00a0\u00bb header_2_font_size=\u00a0\u00bb35px\u00a0\u00bb header_3_font=\u00a0\u00bb||||||||\u00a0\u00bb header_3_text_color=\u00a0\u00bb#ffffff\u00a0\u00bb text_orientation=\u00a0\u00bbcenter\u00a0\u00bb background_layout=\u00a0\u00bbdark\u00a0\u00bb custom_margin=\u00a0\u00bb|||\u00a0\u00bb custom_padding=\u00a0\u00bb|||\u00a0\u00bb text_font_size_tablet=\u00a0\u00bb18px\u00a0\u00bb text_font_size_phone=\u00a0\u00bb\u00a0\u00bb text_font_size_last_edited=\u00a0\u00bbon|tablet\u00a0\u00bb header_2_font_size_tablet=\u00a0\u00bb27px\u00a0\u00bb header_2_font_size_phone=\u00a0\u00bb25px\u00a0\u00bb header_2_font_size_last_edited=\u00a0\u00bbon|phone\u00a0\u00bb global_colors_info=\u00a0\u00bb{}\u00a0\u00bb]<\/p>\n<h2>Services inclus<\/h2>\n<p>Nos <strong>studios<\/strong> sont confortables, pratiques et fonctionnels, \u00e9quip\u00e9s de tout le confort.<\/p>\n<p>[\/et_pb_text][\/et_pb_column][\/et_pb_row][et_pb_row column_structure=\u00a0\u00bb1_6,1_6,1_6,1_6,1_6,1_6&Prime; use_custom_gutter=\u00a0\u00bbon\u00a0\u00bb gutter_width=\u00a0\u00bb1&Prime; _builder_version=\u00a0\u00bb4.16&Prime; background_size=\u00a0\u00bbinitial\u00a0\u00bb background_position=\u00a0\u00bbtop_left\u00a0\u00bb background_repeat=\u00a0\u00bbrepeat\u00a0\u00bb custom_margin=\u00a0\u00bb||0px\u00a0\u00bb custom_padding=\u00a0\u00bb||0px\u00a0\u00bb animation_style=\u00a0\u00bbslide\u00a0\u00bb custom_width_px=\u00a0\u00bb1400px\u00a0\u00bb global_colors_info=\u00a0\u00bb{}\u00a0\u00bb][et_pb_column type=\u00a0\u00bb1_6&Prime; _builder_version=\u00a0\u00bb4.16&Prime; custom_padding=\u00a0\u00bb|||\u00a0\u00bb global_colors_info=\u00a0\u00bb{}\u00a0\u00bb custom_padding__hover=\u00a0\u00bb|||\u00a0\u00bb][et_pb_blurb title=\u00a0\u00bbCoffre\u00a0\u00bb image=\u00a0\u00bbhttps:\/\/www.casavacanzemoresco.com\/wp-content\/uploads\/2018\/10\/sicurezza-camere-cassaforte-1.png\u00a0\u00bb image_icon_width=\u00a0\u00bb50%\u00a0\u00bb image_icon_width_phone=\u00a0\u00bb30%\u00a0\u00bb image_icon_width_last_edited=\u00a0\u00bbon|desktop\u00a0\u00bb _builder_version=\u00a0\u00bb4.16&Prime; header_font=\u00a0\u00bb||||||||\u00a0\u00bb header_text_align=\u00a0\u00bbcenter\u00a0\u00bb header_text_color=\u00a0\u00bb#ffffff\u00a0\u00bb header_font_size=\u00a0\u00bb20px\u00a0\u00bb image_max_width=\u00a0\u00bb50%\u00a0\u00bb image_max_width_tablet=\u00a0\u00bb\u00a0\u00bb image_max_width_phone=\u00a0\u00bb30%\u00a0\u00bb image_max_width_last_edited=\u00a0\u00bbon|desktop\u00a0\u00bb global_colors_info=\u00a0\u00bb{}\u00a0\u00bb image_icon_width_tablet=\u00a0\u00bb50%\u00a0\u00bb][\/et_pb_blurb][\/et_pb_column][et_pb_column type=\u00a0\u00bb1_6&Prime; _builder_version=\u00a0\u00bb4.16&Prime; custom_padding=\u00a0\u00bb|||\u00a0\u00bb global_colors_info=\u00a0\u00bb{}\u00a0\u00bb custom_padding__hover=\u00a0\u00bb|||\u00a0\u00bb][et_pb_blurb title=\u00a0\u00bbT\u00e9l\u00e9vision par satellite \u00a0\u00bb image=\u00a0\u00bbhttps:\/\/www.casavacanzemoresco.com\/wp-content\/uploads\/2018\/11\/tv-satellitare-canali-esteri.png\u00a0\u00bb image_icon_width=\u00a0\u00bb50%\u00a0\u00bb image_icon_width_phone=\u00a0\u00bb30%\u00a0\u00bb image_icon_width_last_edited=\u00a0\u00bbon|desktop\u00a0\u00bb _builder_version=\u00a0\u00bb4.16&Prime; header_font=\u00a0\u00bb||||||||\u00a0\u00bb header_text_align=\u00a0\u00bbcenter\u00a0\u00bb header_text_color=\u00a0\u00bb#ffffff\u00a0\u00bb header_font_size=\u00a0\u00bb20px\u00a0\u00bb body_font=\u00a0\u00bb|300|||||||\u00a0\u00bb text_orientation=\u00a0\u00bbcenter\u00a0\u00bb background_layout=\u00a0\u00bbdark\u00a0\u00bb image_max_width=\u00a0\u00bb50%\u00a0\u00bb image_max_width_tablet=\u00a0\u00bb\u00a0\u00bb image_max_width_phone=\u00a0\u00bb30%\u00a0\u00bb image_max_width_last_edited=\u00a0\u00bbon|desktop\u00a0\u00bb global_colors_info=\u00a0\u00bb{}\u00a0\u00bb image_icon_width_tablet=\u00a0\u00bb50%\u00a0\u00bb]<\/p>\n<p>avec cha\u00eenes \u00e9trang\u00e8res<\/p>\n<p>[\/et_pb_blurb][\/et_pb_column][et_pb_column type=\u00a0\u00bb1_6&Prime; _builder_version=\u00a0\u00bb4.16&Prime; custom_padding=\u00a0\u00bb|||\u00a0\u00bb global_colors_info=\u00a0\u00bb{}\u00a0\u00bb custom_padding__hover=\u00a0\u00bb|||\u00a0\u00bb][et_pb_blurb title=\u00a0\u00bbT\u00e9l\u00e9phone\u00a0\u00bb image=\u00a0\u00bbhttps:\/\/www.casavacanzemoresco.com\/wp-content\/uploads\/2018\/11\/teleono-diretto-nelle-camere.png\u00a0\u00bb image_icon_width=\u00a0\u00bb50%\u00a0\u00bb image_icon_width_phone=\u00a0\u00bb30%\u00a0\u00bb image_icon_width_last_edited=\u00a0\u00bbon|desktop\u00a0\u00bb _builder_version=\u00a0\u00bb4.16&Prime; header_font=\u00a0\u00bb||||||||\u00a0\u00bb header_text_align=\u00a0\u00bbcenter\u00a0\u00bb header_text_color=\u00a0\u00bb#ffffff\u00a0\u00bb header_font_size=\u00a0\u00bb20px\u00a0\u00bb body_font=\u00a0\u00bb|300|||||||\u00a0\u00bb text_orientation=\u00a0\u00bbcenter\u00a0\u00bb background_layout=\u00a0\u00bbdark\u00a0\u00bb image_max_width=\u00a0\u00bb50%\u00a0\u00bb image_max_width_tablet=\u00a0\u00bb\u00a0\u00bb image_max_width_phone=\u00a0\u00bb30%\u00a0\u00bb image_max_width_last_edited=\u00a0\u00bbon|desktop\u00a0\u00bb global_colors_info=\u00a0\u00bb{}\u00a0\u00bb image_icon_width_tablet=\u00a0\u00bb50%\u00a0\u00bb][\/et_pb_blurb][\/et_pb_column][et_pb_column type=\u00a0\u00bb1_6&Prime; _builder_version=\u00a0\u00bb4.16&Prime; custom_padding=\u00a0\u00bb|||\u00a0\u00bb global_colors_info=\u00a0\u00bb{}\u00a0\u00bb custom_padding__hover=\u00a0\u00bb|||\u00a0\u00bb][et_pb_blurb title=\u00a0\u00bbS\u00e8che-cheveux\u00a0\u00bb image=\u00a0\u00bbhttps:\/\/www.casavacanzemoresco.com\/wp-content\/uploads\/2018\/11\/asciugacapelli-in-camera.png\u00a0\u00bb image_icon_width=\u00a0\u00bb50%\u00a0\u00bb image_icon_width_phone=\u00a0\u00bb30%\u00a0\u00bb image_icon_width_last_edited=\u00a0\u00bbon|desktop\u00a0\u00bb _builder_version=\u00a0\u00bb4.16&Prime; header_font=\u00a0\u00bb||||||||\u00a0\u00bb header_text_align=\u00a0\u00bbcenter\u00a0\u00bb header_text_color=\u00a0\u00bb#ffffff\u00a0\u00bb header_font_size=\u00a0\u00bb20px\u00a0\u00bb body_font=\u00a0\u00bb|300|||||||\u00a0\u00bb text_orientation=\u00a0\u00bbcenter\u00a0\u00bb background_layout=\u00a0\u00bbdark\u00a0\u00bb custom_padding=\u00a0\u00bb||\u00a0\u00bb custom_padding_tablet=\u00a0\u00bb20px||\u00a0\u00bb custom_padding_phone=\u00a0\u00bb\u00a0\u00bb custom_padding_last_edited=\u00a0\u00bbon|tablet\u00a0\u00bb image_max_width=\u00a0\u00bb50%\u00a0\u00bb image_max_width_tablet=\u00a0\u00bb\u00a0\u00bb image_max_width_phone=\u00a0\u00bb30%\u00a0\u00bb image_max_width_last_edited=\u00a0\u00bbon|desktop\u00a0\u00bb global_colors_info=\u00a0\u00bb{}\u00a0\u00bb image_icon_width_tablet=\u00a0\u00bb50%\u00a0\u00bb][\/et_pb_blurb][\/et_pb_column][et_pb_column type=\u00a0\u00bb1_6&Prime; _builder_version=\u00a0\u00bb4.16&Prime; custom_padding=\u00a0\u00bb|||\u00a0\u00bb global_colors_info=\u00a0\u00bb{}\u00a0\u00bb custom_padding__hover=\u00a0\u00bb|||\u00a0\u00bb][et_pb_blurb title=\u00a0\u00bbFree Wifi\u00a0\u00bb image=\u00a0\u00bbhttps:\/\/www.casavacanzemoresco.com\/wp-content\/uploads\/2018\/11\/wifi-gratuito.png\u00a0\u00bb image_icon_width=\u00a0\u00bb50%\u00a0\u00bb image_icon_width_phone=\u00a0\u00bb30%\u00a0\u00bb image_icon_width_last_edited=\u00a0\u00bbon|desktop\u00a0\u00bb _builder_version=\u00a0\u00bb4.16&Prime; header_font=\u00a0\u00bb||||||||\u00a0\u00bb header_text_align=\u00a0\u00bbcenter\u00a0\u00bb header_text_color=\u00a0\u00bb#ffffff\u00a0\u00bb header_font_size=\u00a0\u00bb20px\u00a0\u00bb body_font=\u00a0\u00bb|300|||||||\u00a0\u00bb text_orientation=\u00a0\u00bbcenter\u00a0\u00bb background_layout=\u00a0\u00bbdark\u00a0\u00bb custom_padding_tablet=\u00a0\u00bb20px||\u00a0\u00bb custom_padding_phone=\u00a0\u00bb\u00a0\u00bb custom_padding_last_edited=\u00a0\u00bbon|desktop\u00a0\u00bb image_max_width=\u00a0\u00bb50%\u00a0\u00bb image_max_width_tablet=\u00a0\u00bb\u00a0\u00bb image_max_width_phone=\u00a0\u00bb30%\u00a0\u00bb image_max_width_last_edited=\u00a0\u00bbon|desktop\u00a0\u00bb global_colors_info=\u00a0\u00bb{}\u00a0\u00bb image_icon_width_tablet=\u00a0\u00bb50%\u00a0\u00bb][\/et_pb_blurb][\/et_pb_column][et_pb_column type=\u00a0\u00bb1_6&Prime; _builder_version=\u00a0\u00bb4.16&Prime; custom_padding=\u00a0\u00bb|||\u00a0\u00bb global_colors_info=\u00a0\u00bb{}\u00a0\u00bb custom_padding__hover=\u00a0\u00bb|||\u00a0\u00bb][et_pb_blurb title=\u00a0\u00bbFour \u00e0 micro-ondes\u00a0\u00bb image=\u00a0\u00bbhttps:\/\/www.casavacanzemoresco.com\/wp-content\/uploads\/2019\/04\/forno-microonde.png\u00a0\u00bb image_icon_width=\u00a0\u00bb50%\u00a0\u00bb image_icon_width_phone=\u00a0\u00bb30%\u00a0\u00bb image_icon_width_last_edited=\u00a0\u00bbon|desktop\u00a0\u00bb _builder_version=\u00a0\u00bb4.16&Prime; header_font=\u00a0\u00bb||||||||\u00a0\u00bb header_text_align=\u00a0\u00bbcenter\u00a0\u00bb header_text_color=\u00a0\u00bb#ffffff\u00a0\u00bb header_font_size=\u00a0\u00bb20px\u00a0\u00bb body_font=\u00a0\u00bb|300|||||||\u00a0\u00bb text_orientation=\u00a0\u00bbcenter\u00a0\u00bb background_layout=\u00a0\u00bbdark\u00a0\u00bb custom_padding_tablet=\u00a0\u00bb20px||\u00a0\u00bb custom_padding_phone=\u00a0\u00bb\u00a0\u00bb custom_padding_last_edited=\u00a0\u00bbon|desktop\u00a0\u00bb image_max_width=\u00a0\u00bb50%\u00a0\u00bb image_max_width_tablet=\u00a0\u00bb\u00a0\u00bb image_max_width_phone=\u00a0\u00bb30%\u00a0\u00bb image_max_width_last_edited=\u00a0\u00bbon|desktop\u00a0\u00bb global_colors_info=\u00a0\u00bb{}\u00a0\u00bb image_icon_width_tablet=\u00a0\u00bb50%\u00a0\u00bb][\/et_pb_blurb][\/et_pb_column][\/et_pb_row][et_pb_row column_structure=\u00a0\u00bb1_6,1_6,1_6,1_6,1_6,1_6&Prime; use_custom_gutter=\u00a0\u00bbon\u00a0\u00bb gutter_width=\u00a0\u00bb1&Prime; _builder_version=\u00a0\u00bb4.16&Prime; background_size=\u00a0\u00bbinitial\u00a0\u00bb background_position=\u00a0\u00bbtop_left\u00a0\u00bb background_repeat=\u00a0\u00bbrepeat\u00a0\u00bb custom_margin=\u00a0\u00bb||0px\u00a0\u00bb custom_padding=\u00a0\u00bb||0px\u00a0\u00bb animation_style=\u00a0\u00bbslide\u00a0\u00bb custom_width_px=\u00a0\u00bb1400px\u00a0\u00bb global_colors_info=\u00a0\u00bb{}\u00a0\u00bb][et_pb_column type=\u00a0\u00bb1_6&Prime; _builder_version=\u00a0\u00bb4.16&Prime; custom_padding=\u00a0\u00bb|||\u00a0\u00bb global_colors_info=\u00a0\u00bb{}\u00a0\u00bb custom_padding__hover=\u00a0\u00bb|||\u00a0\u00bb][et_pb_blurb title=\u00a0\u00bbVentilateur\u00a0\u00bb image=\u00a0\u00bbhttps:\/\/www.casavacanzemoresco.com\/wp-content\/uploads\/2018\/11\/impianto-ventilazione-a-pale.png\u00a0\u00bb image_icon_width=\u00a0\u00bb50%\u00a0\u00bb image_icon_width_phone=\u00a0\u00bb30%\u00a0\u00bb image_icon_width_last_edited=\u00a0\u00bbon|desktop\u00a0\u00bb admin_label=\u00a0\u00bbVentilateur\u00a0\u00bb _builder_version=\u00a0\u00bb4.16&Prime; header_font=\u00a0\u00bb||||||||\u00a0\u00bb header_text_align=\u00a0\u00bbcenter\u00a0\u00bb header_text_color=\u00a0\u00bb#ffffff\u00a0\u00bb header_font_size=\u00a0\u00bb20px\u00a0\u00bb body_font=\u00a0\u00bb|300|||||||\u00a0\u00bb text_orientation=\u00a0\u00bbcenter\u00a0\u00bb background_layout=\u00a0\u00bbdark\u00a0\u00bb image_max_width=\u00a0\u00bb50%\u00a0\u00bb image_max_width_tablet=\u00a0\u00bb\u00a0\u00bb image_max_width_phone=\u00a0\u00bb30%\u00a0\u00bb image_max_width_last_edited=\u00a0\u00bbon|desktop\u00a0\u00bb global_colors_info=\u00a0\u00bb{}\u00a0\u00bb image_icon_width_tablet=\u00a0\u00bb50%\u00a0\u00bb]<\/p>\n<p>Syst\u00e8me de ventilateur \u00e0 palettes<\/p>\n<p>[\/et_pb_blurb][\/et_pb_column][et_pb_column type=\u00a0\u00bb1_6&Prime; _builder_version=\u00a0\u00bb4.16&Prime; custom_padding=\u00a0\u00bb|||\u00a0\u00bb global_colors_info=\u00a0\u00bb{}\u00a0\u00bb custom_padding__hover=\u00a0\u00bb|||\u00a0\u00bb][et_pb_blurb title=\u00a0\u00bbLinge\u00a0\u00bb image=\u00a0\u00bbhttps:\/\/www.casavacanzemoresco.com\/wp-content\/uploads\/2019\/04\/biancheria-camera-bagno-cucina-1.png\u00a0\u00bb image_icon_width=\u00a0\u00bb50%\u00a0\u00bb image_icon_width_phone=\u00a0\u00bb30%\u00a0\u00bb image_icon_width_last_edited=\u00a0\u00bbon|desktop\u00a0\u00bb _builder_version=\u00a0\u00bb4.16&Prime; header_font=\u00a0\u00bb||||||||\u00a0\u00bb header_text_align=\u00a0\u00bbcenter\u00a0\u00bb header_text_color=\u00a0\u00bb#ffffff\u00a0\u00bb header_font_size=\u00a0\u00bb20px\u00a0\u00bb body_font=\u00a0\u00bb|300|||||||\u00a0\u00bb text_orientation=\u00a0\u00bbcenter\u00a0\u00bb background_layout=\u00a0\u00bbdark\u00a0\u00bb custom_padding_tablet=\u00a0\u00bb20px||\u00a0\u00bb custom_padding_phone=\u00a0\u00bb\u00a0\u00bb custom_padding_last_edited=\u00a0\u00bbon|desktop\u00a0\u00bb image_max_width=\u00a0\u00bb50%\u00a0\u00bb image_max_width_tablet=\u00a0\u00bb\u00a0\u00bb image_max_width_phone=\u00a0\u00bb30%\u00a0\u00bb image_max_width_last_edited=\u00a0\u00bbon|desktop\u00a0\u00bb global_colors_info=\u00a0\u00bb{}\u00a0\u00bb image_icon_width_tablet=\u00a0\u00bb50%\u00a0\u00bb]de lit, de bain et de cuisine[\/et_pb_blurb][\/et_pb_column][et_pb_column type=\u00a0\u00bb1_6&Prime; _builder_version=\u00a0\u00bb4.16&Prime; custom_padding=\u00a0\u00bb|||\u00a0\u00bb global_colors_info=\u00a0\u00bb{}\u00a0\u00bb custom_padding__hover=\u00a0\u00bb|||\u00a0\u00bb][\/et_pb_column][et_pb_column type=\u00a0\u00bb1_6&Prime; _builder_version=\u00a0\u00bb4.16&Prime; custom_padding=\u00a0\u00bb|||\u00a0\u00bb global_colors_info=\u00a0\u00bb{}\u00a0\u00bb custom_padding__hover=\u00a0\u00bb|||\u00a0\u00bb][\/et_pb_column][et_pb_column type=\u00a0\u00bb1_6&Prime; _builder_version=\u00a0\u00bb4.16&Prime; custom_padding=\u00a0\u00bb|||\u00a0\u00bb global_colors_info=\u00a0\u00bb{}\u00a0\u00bb custom_padding__hover=\u00a0\u00bb|||\u00a0\u00bb][\/et_pb_column][et_pb_column type=\u00a0\u00bb1_6&Prime; _builder_version=\u00a0\u00bb4.16&Prime; custom_padding=\u00a0\u00bb|||\u00a0\u00bb global_colors_info=\u00a0\u00bb{}\u00a0\u00bb custom_padding__hover=\u00a0\u00bb|||\u00a0\u00bb][\/et_pb_column][\/et_pb_row][\/et_pb_section][et_pb_section fb_built=\u00a0\u00bb1&Prime; admin_label=\u00a0\u00bbGallery Section\u00a0\u00bb _builder_version=\u00a0\u00bb4.16&Prime; background_color=\u00a0\u00bb#ffffff\u00a0\u00bb global_colors_info=\u00a0\u00bb{}\u00a0\u00bb][et_pb_row column_structure=\u00a0\u00bb1_2,1_4,1_4&Prime; use_custom_gutter=\u00a0\u00bbon\u00a0\u00bb gutter_width=\u00a0\u00bb1&Prime; _builder_version=\u00a0\u00bb4.16&Prime; global_colors_info=\u00a0\u00bb{}\u00a0\u00bb][et_pb_column type=\u00a0\u00bb1_2&Prime; _builder_version=\u00a0\u00bb4.16&Prime; custom_padding=\u00a0\u00bb|||\u00a0\u00bb global_colors_info=\u00a0\u00bb{}\u00a0\u00bb custom_padding__hover=\u00a0\u00bb|||\u00a0\u00bb][et_pb_image src=\u00a0\u00bbhttps:\/\/www.casavacanzemoresco.com\/wp-content\/uploads\/2018\/11\/monolocale-soggiorno-luminoso.jpg\u00a0\u00bb align_tablet=\u00a0\u00bbcenter\u00a0\u00bb align_phone=\u00a0\u00bb\u00a0\u00bb align_last_edited=\u00a0\u00bbon|desktop\u00a0\u00bb _builder_version=\u00a0\u00bb4.16&Prime; animation_style=\u00a0\u00bbslide\u00a0\u00bb animation_direction=\u00a0\u00bbleft\u00a0\u00bb animation_intensity_slide=\u00a0\u00bb10%\u00a0\u00bb border_width_all=\u00a0\u00bb10px\u00a0\u00bb border_color_all=\u00a0\u00bb#ffffff\u00a0\u00bb locked=\u00a0\u00bboff\u00a0\u00bb global_colors_info=\u00a0\u00bb{}\u00a0\u00bb][\/et_pb_image][\/et_pb_column][et_pb_column type=\u00a0\u00bb1_4&Prime; _builder_version=\u00a0\u00bb4.16&Prime; custom_padding=\u00a0\u00bb|||\u00a0\u00bb global_colors_info=\u00a0\u00bb{}\u00a0\u00bb custom_padding__hover=\u00a0\u00bb|||\u00a0\u00bb][et_pb_image src=\u00a0\u00bbhttps:\/\/www.casavacanzemoresco.com\/wp-content\/uploads\/2019\/03\/monolocale-moresco-sala-pranzo-vista-mare.jpg\u00a0\u00bb align_tablet=\u00a0\u00bbcenter\u00a0\u00bb align_phone=\u00a0\u00bb\u00a0\u00bb align_last_edited=\u00a0\u00bbon|desktop\u00a0\u00bb _builder_version=\u00a0\u00bb4.16&Prime; animation_style=\u00a0\u00bbslide\u00a0\u00bb animation_direction=\u00a0\u00bbbottom\u00a0\u00bb animation_intensity_slide=\u00a0\u00bb10%\u00a0\u00bb border_width_all=\u00a0\u00bb10px\u00a0\u00bb border_color_all=\u00a0\u00bb#ffffff\u00a0\u00bb locked=\u00a0\u00bboff\u00a0\u00bb global_colors_info=\u00a0\u00bb{}\u00a0\u00bb][\/et_pb_image][et_pb_image src=\u00a0\u00bbhttps:\/\/www.casavacanzemoresco.com\/wp-content\/uploads\/2019\/03\/monolocale-moresco-sala-pranzo-fronte-mare.jpg\u00a0\u00bb align_tablet=\u00a0\u00bbcenter\u00a0\u00bb align_phone=\u00a0\u00bb\u00a0\u00bb align_last_edited=\u00a0\u00bbon|desktop\u00a0\u00bb _builder_version=\u00a0\u00bb4.16&Prime; animation_style=\u00a0\u00bbslide\u00a0\u00bb animation_direction=\u00a0\u00bbbottom\u00a0\u00bb animation_intensity_slide=\u00a0\u00bb10%\u00a0\u00bb border_width_all=\u00a0\u00bb10px\u00a0\u00bb border_color_all=\u00a0\u00bb#ffffff\u00a0\u00bb locked=\u00a0\u00bboff\u00a0\u00bb global_colors_info=\u00a0\u00bb{}\u00a0\u00bb][\/et_pb_image][\/et_pb_column][et_pb_column type=\u00a0\u00bb1_4&Prime; _builder_version=\u00a0\u00bb4.16&Prime; custom_padding=\u00a0\u00bb|||\u00a0\u00bb global_colors_info=\u00a0\u00bb{}\u00a0\u00bb custom_padding__hover=\u00a0\u00bb|||\u00a0\u00bb][et_pb_image src=\u00a0\u00bbhttps:\/\/www.casavacanzemoresco.com\/wp-content\/uploads\/2019\/03\/monolocale-moresco-sala-pranzo.jpg\u00a0\u00bb align_tablet=\u00a0\u00bbcenter\u00a0\u00bb align_phone=\u00a0\u00bb\u00a0\u00bb align_last_edited=\u00a0\u00bbon|desktop\u00a0\u00bb _builder_version=\u00a0\u00bb4.16&Prime; animation_style=\u00a0\u00bbslide\u00a0\u00bb animation_direction=\u00a0\u00bbbottom\u00a0\u00bb animation_intensity_slide=\u00a0\u00bb10%\u00a0\u00bb border_width_all=\u00a0\u00bb10px\u00a0\u00bb border_color_all=\u00a0\u00bb#ffffff\u00a0\u00bb locked=\u00a0\u00bboff\u00a0\u00bb global_colors_info=\u00a0\u00bb{}\u00a0\u00bb][\/et_pb_image][et_pb_image src=\u00a0\u00bbhttps:\/\/www.casavacanzemoresco.com\/wp-content\/uploads\/2019\/03\/monolocale-moresco-angolo-cottura.jpg\u00a0\u00bb align_tablet=\u00a0\u00bbcenter\u00a0\u00bb align_phone=\u00a0\u00bb\u00a0\u00bb align_last_edited=\u00a0\u00bbon|desktop\u00a0\u00bb _builder_version=\u00a0\u00bb4.16&Prime; animation_style=\u00a0\u00bbslide\u00a0\u00bb animation_direction=\u00a0\u00bbbottom\u00a0\u00bb animation_intensity_slide=\u00a0\u00bb10%\u00a0\u00bb border_width_all=\u00a0\u00bb10px\u00a0\u00bb border_color_all=\u00a0\u00bb#ffffff\u00a0\u00bb locked=\u00a0\u00bboff\u00a0\u00bb global_colors_info=\u00a0\u00bb{}\u00a0\u00bb][\/et_pb_image][\/et_pb_column][\/et_pb_row][\/et_pb_section][et_pb_section fb_built=\u00a0\u00bb1&Prime; _builder_version=\u00a0\u00bb4.16&Prime; background_color=\u00a0\u00bb#f7f7f7&Prime; custom_margin=\u00a0\u00bb||\u00a0\u00bb custom_padding=\u00a0\u00bb||\u00a0\u00bb animation_style=\u00a0\u00bbslide\u00a0\u00bb animation_direction=\u00a0\u00bbbottom\u00a0\u00bb animation_intensity_slide=\u00a0\u00bb10%\u00a0\u00bb global_colors_info=\u00a0\u00bb{}\u00a0\u00bb][et_pb_row _builder_version=\u00a0\u00bb4.16&Prime; custom_margin=\u00a0\u00bb0px||0px\u00a0\u00bb custom_padding=\u00a0\u00bb0px||0px\u00a0\u00bb global_colors_info=\u00a0\u00bb{}\u00a0\u00bb][et_pb_column type=\u00a0\u00bb4_4&Prime; _builder_version=\u00a0\u00bb4.16&Prime; background_size=\u00a0\u00bbinitial\u00a0\u00bb background_position=\u00a0\u00bbbottom_right\u00a0\u00bb custom_padding=\u00a0\u00bb|||\u00a0\u00bb global_colors_info=\u00a0\u00bb{}\u00a0\u00bb custom_padding__hover=\u00a0\u00bb|||\u00a0\u00bb][et_pb_button button_url=\u00a0\u00bbhttps:\/\/www.casavacanzemoresco.com\/fr\/book-now-fr\/\u00a0\u00bb button_text=\u00a0\u00bbV\u00e9rifier la disponibilit\u00e9\u00a0\u00bb button_alignment=\u00a0\u00bbcenter\u00a0\u00bb _builder_version=\u00a0\u00bb4.16&Prime; custom_button=\u00a0\u00bbon\u00a0\u00bb button_text_size=\u00a0\u00bb20px\u00a0\u00bb button_font=\u00a0\u00bb||||||||\u00a0\u00bb button_use_icon=\u00a0\u00bboff\u00a0\u00bb global_colors_info=\u00a0\u00bb{}\u00a0\u00bb][\/et_pb_button][\/et_pb_column][\/et_pb_row][\/et_pb_section][et_pb_section fb_built=\u00a0\u00bb1&Prime; custom_padding_last_edited=\u00a0\u00bbon|desktop\u00a0\u00bb _builder_version=\u00a0\u00bb4.16&Prime; custom_margin=\u00a0\u00bb|||\u00a0\u00bb custom_padding=\u00a0\u00bb120px||175px\u00a0\u00bb custom_padding_tablet=\u00a0\u00bb0px||50px|\u00a0\u00bb custom_padding_phone=\u00a0\u00bb\u00a0\u00bb animation_style=\u00a0\u00bbslide\u00a0\u00bb animation_direction=\u00a0\u00bbbottom\u00a0\u00bb animation_intensity_slide=\u00a0\u00bb10%\u00a0\u00bb global_colors_info=\u00a0\u00bb{}\u00a0\u00bb][et_pb_row _builder_version=\u00a0\u00bb4.16&Prime; custom_padding=\u00a0\u00bb23.7344px|0px|60px|0px|false|false\u00a0\u00bb global_colors_info=\u00a0\u00bb{}\u00a0\u00bb][et_pb_column type=\u00a0\u00bb4_4&Prime; _builder_version=\u00a0\u00bb4.16&Prime; custom_padding=\u00a0\u00bb|||\u00a0\u00bb global_colors_info=\u00a0\u00bb{}\u00a0\u00bb custom_padding__hover=\u00a0\u00bb|||\u00a0\u00bb][et_pb_text admin_label=\u00a0\u00bbNos appartements\u00a0\u00bb _builder_version=\u00a0\u00bb4.16&Prime; text_text_color=\u00a0\u00bb#aa0956&Prime; text_font_size=\u00a0\u00bb35px\u00a0\u00bb text_line_height=\u00a0\u00bb1.4em\u00a0\u00bb header_font=\u00a0\u00bbRoboto||||||||\u00a0\u00bb header_text_color=\u00a0\u00bb#aa0956&Prime; header_line_height=\u00a0\u00bb1.1em\u00a0\u00bb header_2_font=\u00a0\u00bb|700|||||||\u00a0\u00bb header_2_text_color=\u00a0\u00bb#b265ae\u00a0\u00bb header_2_font_size=\u00a0\u00bb35px\u00a0\u00bb text_orientation=\u00a0\u00bbcenter\u00a0\u00bb custom_margin=\u00a0\u00bb|||\u00a0\u00bb custom_padding=\u00a0\u00bb|||\u00a0\u00bb text_font_size_tablet=\u00a0\u00bb27px\u00a0\u00bb text_font_size_phone=\u00a0\u00bb25px\u00a0\u00bb text_font_size_last_edited=\u00a0\u00bbon|phone\u00a0\u00bb global_colors_info=\u00a0\u00bb{}\u00a0\u00bb]<\/p>\n<p>Nos appartements<\/p>\n<p>[\/et_pb_text][\/et_pb_column][\/et_pb_row][et_pb_row column_structure=\u00a0\u00bb1_3,1_3,1_3&Prime; use_custom_gutter=\u00a0\u00bbon\u00a0\u00bb gutter_width=\u00a0\u00bb2&Prime; module_class=\u00a0\u00bb et_pb_row_fullwidth\u00a0\u00bb _builder_version=\u00a0\u00bb4.16&Prime; width=\u00a0\u00bb94%\u00a0\u00bb width_tablet=\u00a0\u00bb80%\u00a0\u00bb width_phone=\u00a0\u00bb\u00a0\u00bb width_last_edited=\u00a0\u00bbon|desktop\u00a0\u00bb max_width=\u00a0\u00bb94%\u00a0\u00bb max_width_tablet=\u00a0\u00bb80%\u00a0\u00bb max_width_phone=\u00a0\u00bb\u00a0\u00bb max_width_last_edited=\u00a0\u00bbon|desktop\u00a0\u00bb custom_margin=\u00a0\u00bb0px||0px\u00a0\u00bb custom_padding=\u00a0\u00bb0px||0px\u00a0\u00bb make_fullwidth=\u00a0\u00bbon\u00a0\u00bb custom_width_px=\u00a0\u00bb1300px\u00a0\u00bb saved_tabs=\u00a0\u00bball\u00a0\u00bb global_colors_info=\u00a0\u00bb{}\u00a0\u00bb][et_pb_column type=\u00a0\u00bb1_3&Prime; _builder_version=\u00a0\u00bb4.16&Prime; custom_padding=\u00a0\u00bb|||\u00a0\u00bb global_colors_info=\u00a0\u00bb{}\u00a0\u00bb custom_padding__hover=\u00a0\u00bb|||\u00a0\u00bb][et_pb_image src=\u00a0\u00bbhttps:\/\/www.casavacanzemoresco.com\/wp-content\/uploads\/2018\/11\/monolocale-ceriale-moresco.jpg\u00a0\u00bb url=\u00a0\u00bbhttps:\/\/www.casavacanzemoresco.com\/fr\/appartements-ceriale\/studios-ceriale\/\u00a0\u00bb show_bottom_space=\u00a0\u00bboff\u00a0\u00bb force_fullwidth=\u00a0\u00bbon\u00a0\u00bb align_tablet=\u00a0\u00bbcenter\u00a0\u00bb align_phone=\u00a0\u00bb\u00a0\u00bb align_last_edited=\u00a0\u00bbon|desktop\u00a0\u00bb _builder_version=\u00a0\u00bb4.16&Prime; global_colors_info=\u00a0\u00bb{}\u00a0\u00bb][\/et_pb_image][et_pb_text admin_label=\u00a0\u00bbMonolocali\u00a0\u00bb module_class=\u00a0\u00bbds-advent-6-text-hide\u00a0\u00bb _builder_version=\u00a0\u00bb4.16&Prime; text_font=\u00a0\u00bb|300|||||||\u00a0\u00bb text_font_size=\u00a0\u00bb20px\u00a0\u00bb text_line_height=\u00a0\u00bb1em\u00a0\u00bb header_font=\u00a0\u00bb||||||||\u00a0\u00bb header_3_font=\u00a0\u00bbRoboto|||on|||||\u00a0\u00bb header_3_font_size=\u00a0\u00bb30px\u00a0\u00bb use_background_color_gradient=\u00a0\u00bbon\u00a0\u00bb background_color_gradient_direction=\u00a0\u00bb90deg\u00a0\u00bb background_color_gradient_stops=\u00a0\u00bbrgba(121,54,115,0.53) 0%|rgba(121,54,115,0.53) 100%\u00a0\u00bb background_color_gradient_start=\u00a0\u00bbrgba(121,54,115,0.53)\u00a0\u00bb background_color_gradient_end=\u00a0\u00bbrgba(121,54,115,0.53)\u00a0\u00bb text_orientation=\u00a0\u00bbcenter\u00a0\u00bb background_layout=\u00a0\u00bbdark\u00a0\u00bb module_alignment=\u00a0\u00bbcenter\u00a0\u00bb custom_padding=\u00a0\u00bb20px|20px|20px|20px\u00a0\u00bb link_option_url=\u00a0\u00bbhttps:\/\/www.casavacanzemoresco.com\/fr\/appartements-ceriale\/studios-ceriale\/\u00a0\u00bb text_font_size_tablet=\u00a0\u00bb\u00a0\u00bb text_font_size_phone=\u00a0\u00bb16px\u00a0\u00bb text_font_size_last_edited=\u00a0\u00bbon|desktop\u00a0\u00bb header_3_font_size_tablet=\u00a0\u00bb\u00a0\u00bb header_3_font_size_phone=\u00a0\u00bb22px\u00a0\u00bb header_3_font_size_last_edited=\u00a0\u00bbon|desktop\u00a0\u00bb global_colors_info=\u00a0\u00bb{}\u00a0\u00bb]<\/p>\n<h3>Studios<\/h3>\n<p><img decoding=\"async\" src=\"https:\/\/www.casavacanzemoresco.com\/wp-content\/uploads\/2018\/11\/persone-per-appartamento.png\" alt=\"\" width=\"15\"> 3 people &#8211; <img decoding=\"async\" src=\"https:\/\/www.casavacanzemoresco.com\/wp-content\/uploads\/2018\/11\/mq.png\" alt=\"\" width=\"15\"> 30 m\u00b2<\/p>\n<p>[\/et_pb_text][\/et_pb_column][et_pb_column type=\u00a0\u00bb1_3&Prime; _builder_version=\u00a0\u00bb4.16&Prime; custom_padding=\u00a0\u00bb|||\u00a0\u00bb global_colors_info=\u00a0\u00bb{}\u00a0\u00bb custom_padding__hover=\u00a0\u00bb|||\u00a0\u00bb][et_pb_image src=\u00a0\u00bbhttps:\/\/www.casavacanzemoresco.com\/wp-content\/uploads\/2019\/01\/bilocale-ceriale-fronte-mare.jpg\u00a0\u00bb url=\u00a0\u00bbhttps:\/\/www.casavacanzemoresco.com\/fr\/appartements-ceriale\/appartements-de-deux-pieces\/\u00a0\u00bb show_bottom_space=\u00a0\u00bboff\u00a0\u00bb force_fullwidth=\u00a0\u00bbon\u00a0\u00bb align_tablet=\u00a0\u00bbcenter\u00a0\u00bb align_phone=\u00a0\u00bb\u00a0\u00bb align_last_edited=\u00a0\u00bbon|desktop\u00a0\u00bb _builder_version=\u00a0\u00bb4.16&Prime; global_colors_info=\u00a0\u00bb{}\u00a0\u00bb][\/et_pb_image][et_pb_text admin_label=\u00a0\u00bbbilocali\u00a0\u00bb module_class=\u00a0\u00bbds-advent-6-text-hide\u00a0\u00bb _builder_version=\u00a0\u00bb4.16&Prime; text_font=\u00a0\u00bb|300|||||||\u00a0\u00bb text_font_size=\u00a0\u00bb20px\u00a0\u00bb text_line_height=\u00a0\u00bb1em\u00a0\u00bb header_font=\u00a0\u00bb||||||||\u00a0\u00bb header_3_font=\u00a0\u00bbRoboto|||on|||||\u00a0\u00bb header_3_font_size=\u00a0\u00bb30px\u00a0\u00bb use_background_color_gradient=\u00a0\u00bbon\u00a0\u00bb background_color_gradient_direction=\u00a0\u00bb90deg\u00a0\u00bb background_color_gradient_stops=\u00a0\u00bbrgba(121,54,115,0.53) 0%|rgba(121,54,115,0.53) 100%\u00a0\u00bb background_color_gradient_start=\u00a0\u00bbrgba(121,54,115,0.53)\u00a0\u00bb background_color_gradient_end=\u00a0\u00bbrgba(121,54,115,0.53)\u00a0\u00bb text_orientation=\u00a0\u00bbcenter\u00a0\u00bb background_layout=\u00a0\u00bbdark\u00a0\u00bb module_alignment=\u00a0\u00bbcenter\u00a0\u00bb custom_padding=\u00a0\u00bb20px|20px|20px|20px\u00a0\u00bb link_option_url=\u00a0\u00bbhttps:\/\/www.casavacanzemoresco.com\/fr\/appartements-ceriale\/appartements-de-deux-pieces\/\u00a0\u00bb text_font_size_tablet=\u00a0\u00bb\u00a0\u00bb text_font_size_phone=\u00a0\u00bb16px\u00a0\u00bb text_font_size_last_edited=\u00a0\u00bbon|phone\u00a0\u00bb header_3_font_size_tablet=\u00a0\u00bb\u00a0\u00bb header_3_font_size_phone=\u00a0\u00bb22px\u00a0\u00bb header_3_font_size_last_edited=\u00a0\u00bbon|desktop\u00a0\u00bb global_colors_info=\u00a0\u00bb{}\u00a0\u00bb]<\/p>\n<h3>Appartements de deux pi\u00e8ces<\/h3>\n<p><img decoding=\"async\" src=\"https:\/\/www.casavacanzemoresco.com\/wp-content\/uploads\/2018\/11\/persone-per-appartamento.png\" alt=\"\" width=\"15\"> 4\/5 people &#8211; <img decoding=\"async\" src=\"https:\/\/www.casavacanzemoresco.com\/wp-content\/uploads\/2018\/11\/mq.png\" alt=\"\" width=\"15\"> 40\/45 m\u00b2<\/p>\n<p>[\/et_pb_text][\/et_pb_column][et_pb_column type=\u00a0\u00bb1_3&Prime; _builder_version=\u00a0\u00bb4.16&Prime; custom_padding=\u00a0\u00bb|||\u00a0\u00bb global_colors_info=\u00a0\u00bb{}\u00a0\u00bb custom_padding__hover=\u00a0\u00bb|||\u00a0\u00bb][et_pb_image src=\u00a0\u00bbhttps:\/\/www.casavacanzemoresco.com\/wp-content\/uploads\/2019\/03\/trilocali-moresco-residence.jpg\u00a0\u00bb url=\u00a0\u00bbhttps:\/\/www.casavacanzemoresco.com\/fr\/appartements-ceriale\/appartements-de-trois-pieces\/\u00a0\u00bb show_bottom_space=\u00a0\u00bboff\u00a0\u00bb force_fullwidth=\u00a0\u00bbon\u00a0\u00bb align_tablet=\u00a0\u00bbcenter\u00a0\u00bb align_phone=\u00a0\u00bb\u00a0\u00bb align_last_edited=\u00a0\u00bbon|desktop\u00a0\u00bb _builder_version=\u00a0\u00bb4.16&Prime; global_colors_info=\u00a0\u00bb{}\u00a0\u00bb][\/et_pb_image][et_pb_text admin_label=\u00a0\u00bbtrilocali\u00a0\u00bb module_class=\u00a0\u00bbds-advent-6-text-hide\u00a0\u00bb _builder_version=\u00a0\u00bb4.16&Prime; text_font=\u00a0\u00bb|300|||||||\u00a0\u00bb text_font_size=\u00a0\u00bb20px\u00a0\u00bb text_line_height=\u00a0\u00bb1em\u00a0\u00bb header_font=\u00a0\u00bb||||||||\u00a0\u00bb header_3_font=\u00a0\u00bbRoboto|||on|||||\u00a0\u00bb header_3_font_size=\u00a0\u00bb30px\u00a0\u00bb use_background_color_gradient=\u00a0\u00bbon\u00a0\u00bb background_color_gradient_direction=\u00a0\u00bb90deg\u00a0\u00bb background_color_gradient_stops=\u00a0\u00bbrgba(121,54,115,0.53) 0%|rgba(121,54,115,0.53) 100%\u00a0\u00bb background_color_gradient_start=\u00a0\u00bbrgba(121,54,115,0.53)\u00a0\u00bb background_color_gradient_end=\u00a0\u00bbrgba(121,54,115,0.53)\u00a0\u00bb text_orientation=\u00a0\u00bbcenter\u00a0\u00bb background_layout=\u00a0\u00bbdark\u00a0\u00bb module_alignment=\u00a0\u00bbcenter\u00a0\u00bb custom_padding=\u00a0\u00bb20px|20px|20px|20px\u00a0\u00bb link_option_url=\u00a0\u00bbhttps:\/\/www.casavacanzemoresco.com\/fr\/appartements-ceriale\/appartements-de-trois-pieces\/\u00a0\u00bb text_font_size_tablet=\u00a0\u00bb\u00a0\u00bb text_font_size_phone=\u00a0\u00bb16px\u00a0\u00bb text_font_size_last_edited=\u00a0\u00bbon|phone\u00a0\u00bb header_3_font_size_tablet=\u00a0\u00bb\u00a0\u00bb header_3_font_size_phone=\u00a0\u00bb22px\u00a0\u00bb header_3_font_size_last_edited=\u00a0\u00bbon|desktop\u00a0\u00bb global_colors_info=\u00a0\u00bb{}\u00a0\u00bb]<\/p>\n<h3>Appartements de trois pi\u00e8ces<\/h3>\n<p><img decoding=\"async\" src=\"https:\/\/www.casavacanzemoresco.com\/wp-content\/uploads\/2018\/11\/persone-per-appartamento.png\" alt=\"\" width=\"15\"> 5\/6 people &#8211; <img decoding=\"async\" src=\"https:\/\/www.casavacanzemoresco.com\/wp-content\/uploads\/2018\/11\/mq.png\" alt=\"\" width=\"15\"> 55 m\u00b2<\/p>\n<p>[\/et_pb_text][\/et_pb_column][\/et_pb_row][\/et_pb_section]<\/p>\n","protected":false},"excerpt":{"rendered":"<p>&nbsp; &nbsp; Studios \u00e0 louer pour 3 personnes face \u00e0 la mer avec balcon Nous proposons des studios \u00e0 louer \u00e0 Ceriale pour des vacances plus ou moins courtes ou des s\u00e9jours de longue dur\u00e9e. Les studios \u00e0 louer ont une superficie de 30 m\u00b2 et peuvent accueillir jusqu&rsquo;\u00e0 trois personnes. Ils se composent d&rsquo;un [&hellip;]<\/p>\n","protected":false},"author":1,"featured_media":0,"parent":206579,"menu_order":0,"comment_status":"closed","ping_status":"closed","template":"","meta":{"_et_pb_use_builder":"on","_et_pb_old_content":"","_et_gb_content_width":"","footnotes":""},"class_list":["post-206517","page","type-page","status-publish","hentry"],"yoast_head":"<!-- This site is optimized with the Yoast SEO plugin v27.4 - https:\/\/yoast.com\/product\/yoast-seo-wordpress\/ -->\n<title>Studios | Residence Moresco<\/title>\n<meta name=\"robots\" content=\"index, follow, max-snippet:-1, max-image-preview:large, max-video-preview:-1\" \/>\n<link rel=\"canonical\" href=\"https:\/\/www.casavacanzemoresco.com\/appartamenti-ceriale\/monolocale-ceriale\/\" \/>\n<meta property=\"og:locale\" content=\"fr_FR\" \/>\n<meta property=\"og:type\" content=\"article\" \/>\n<meta property=\"og:title\" content=\"Studios | Residence Moresco\" \/>\n<meta property=\"og:description\" content=\"&nbsp; &nbsp; Studios \u00e0 louer pour 3 personnes face \u00e0 la mer avec balcon Nous proposons des studios \u00e0 louer \u00e0 Ceriale pour des vacances plus ou moins courtes ou des s\u00e9jours de longue dur\u00e9e. Les studios \u00e0 louer ont une superficie de 30 m\u00b2 et peuvent accueillir jusqu&#039;\u00e0 trois personnes. Ils se composent d&#039;un [&hellip;]\" \/>\n<meta property=\"og:url\" content=\"https:\/\/www.casavacanzemoresco.com\/appartamenti-ceriale\/monolocale-ceriale\/\" \/>\n<meta property=\"og:site_name\" content=\"Residence Moresco\" \/>\n<meta property=\"article:modified_time\" content=\"2026-02-17T08:57:51+00:00\" \/>\n<meta property=\"og:image\" content=\"https:\/\/www.casavacanzemoresco.com\/wp-content\/uploads\/2019\/02\/meilleur-prix-garanti.png\" \/>\n<meta name=\"twitter:card\" content=\"summary_large_image\" \/>\n<meta name=\"twitter:label1\" content=\"Dur\u00e9e de lecture estim\u00e9e\" \/>\n\t<meta name=\"twitter:data1\" content=\"21 minutes\" \/>\n<script type=\"application\/ld+json\" class=\"yoast-schema-graph\">{\"@context\":\"https:\\\/\\\/schema.org\",\"@graph\":[{\"@type\":\"WebPage\",\"@id\":\"https:\\\/\\\/www.casavacanzemoresco.com\\\/appartamenti-ceriale\\\/monolocale-ceriale\\\/\",\"url\":\"https:\\\/\\\/www.casavacanzemoresco.com\\\/appartamenti-ceriale\\\/monolocale-ceriale\\\/\",\"name\":\"Studios | Residence Moresco\",\"isPartOf\":{\"@id\":\"https:\\\/\\\/www.casavacanzemoresco.com\\\/#website\"},\"primaryImageOfPage\":{\"@id\":\"https:\\\/\\\/www.casavacanzemoresco.com\\\/appartamenti-ceriale\\\/monolocale-ceriale\\\/#primaryimage\"},\"image\":{\"@id\":\"https:\\\/\\\/www.casavacanzemoresco.com\\\/appartamenti-ceriale\\\/monolocale-ceriale\\\/#primaryimage\"},\"thumbnailUrl\":\"https:\\\/\\\/www.casavacanzemoresco.com\\\/wp-content\\\/uploads\\\/2019\\\/02\\\/meilleur-prix-garanti.png\",\"datePublished\":\"2018-10-31T14:55:41+00:00\",\"dateModified\":\"2026-02-17T08:57:51+00:00\",\"breadcrumb\":{\"@id\":\"https:\\\/\\\/www.casavacanzemoresco.com\\\/appartamenti-ceriale\\\/monolocale-ceriale\\\/#breadcrumb\"},\"inLanguage\":\"fr-FR\",\"potentialAction\":[{\"@type\":\"ReadAction\",\"target\":[\"https:\\\/\\\/www.casavacanzemoresco.com\\\/appartamenti-ceriale\\\/monolocale-ceriale\\\/\"]}]},{\"@type\":\"ImageObject\",\"inLanguage\":\"fr-FR\",\"@id\":\"https:\\\/\\\/www.casavacanzemoresco.com\\\/appartamenti-ceriale\\\/monolocale-ceriale\\\/#primaryimage\",\"url\":\"https:\\\/\\\/www.casavacanzemoresco.com\\\/wp-content\\\/uploads\\\/2019\\\/02\\\/meilleur-prix-garanti.png\",\"contentUrl\":\"https:\\\/\\\/www.casavacanzemoresco.com\\\/wp-content\\\/uploads\\\/2019\\\/02\\\/meilleur-prix-garanti.png\"},{\"@type\":\"BreadcrumbList\",\"@id\":\"https:\\\/\\\/www.casavacanzemoresco.com\\\/appartamenti-ceriale\\\/monolocale-ceriale\\\/#breadcrumb\",\"itemListElement\":[{\"@type\":\"ListItem\",\"position\":1,\"name\":\"Home\",\"item\":\"https:\\\/\\\/www.casavacanzemoresco.com\\\/fr\\\/\"},{\"@type\":\"ListItem\",\"position\":2,\"name\":\"Appartements\",\"item\":\"https:\\\/\\\/www.casavacanzemoresco.com\\\/fr\\\/appartements-ceriale\\\/\"},{\"@type\":\"ListItem\",\"position\":3,\"name\":\"Studios\"}]},{\"@type\":\"WebSite\",\"@id\":\"https:\\\/\\\/www.casavacanzemoresco.com\\\/#website\",\"url\":\"https:\\\/\\\/www.casavacanzemoresco.com\\\/\",\"name\":\"Residence Moresco\",\"description\":\"Casa vacanza Liguria fronte mare\",\"publisher\":{\"@id\":\"https:\\\/\\\/www.casavacanzemoresco.com\\\/#organization\"},\"potentialAction\":[{\"@type\":\"SearchAction\",\"target\":{\"@type\":\"EntryPoint\",\"urlTemplate\":\"https:\\\/\\\/www.casavacanzemoresco.com\\\/?s={search_term_string}\"},\"query-input\":{\"@type\":\"PropertyValueSpecification\",\"valueRequired\":true,\"valueName\":\"search_term_string\"}}],\"inLanguage\":\"fr-FR\"},{\"@type\":\"Organization\",\"@id\":\"https:\\\/\\\/www.casavacanzemoresco.com\\\/#organization\",\"name\":\"Casa Vacanze Moresco\",\"url\":\"https:\\\/\\\/www.casavacanzemoresco.com\\\/\",\"logo\":{\"@type\":\"ImageObject\",\"inLanguage\":\"fr-FR\",\"@id\":\"https:\\\/\\\/www.casavacanzemoresco.com\\\/#\\\/schema\\\/logo\\\/image\\\/\",\"url\":\"https:\\\/\\\/www.casavacanzemoresco.com\\\/wp-content\\\/uploads\\\/2018\\\/10\\\/logo-residence-moresco.png\",\"contentUrl\":\"https:\\\/\\\/www.casavacanzemoresco.com\\\/wp-content\\\/uploads\\\/2018\\\/10\\\/logo-residence-moresco.png\",\"width\":756,\"height\":270,\"caption\":\"Casa Vacanze Moresco\"},\"image\":{\"@id\":\"https:\\\/\\\/www.casavacanzemoresco.com\\\/#\\\/schema\\\/logo\\\/image\\\/\"}}]}<\/script>\n<!-- \/ Yoast SEO plugin. -->","yoast_head_json":{"title":"Studios | Residence Moresco","robots":{"index":"index","follow":"follow","max-snippet":"max-snippet:-1","max-image-preview":"max-image-preview:large","max-video-preview":"max-video-preview:-1"},"canonical":"https:\/\/www.casavacanzemoresco.com\/appartamenti-ceriale\/monolocale-ceriale\/","og_locale":"fr_FR","og_type":"article","og_title":"Studios | Residence Moresco","og_description":"&nbsp; &nbsp; Studios \u00e0 louer pour 3 personnes face \u00e0 la mer avec balcon Nous proposons des studios \u00e0 louer \u00e0 Ceriale pour des vacances plus ou moins courtes ou des s\u00e9jours de longue dur\u00e9e. Les studios \u00e0 louer ont une superficie de 30 m\u00b2 et peuvent accueillir jusqu'\u00e0 trois personnes. Ils se composent d'un [&hellip;]","og_url":"https:\/\/www.casavacanzemoresco.com\/appartamenti-ceriale\/monolocale-ceriale\/","og_site_name":"Residence Moresco","article_modified_time":"2026-02-17T08:57:51+00:00","og_image":[{"url":"https:\/\/www.casavacanzemoresco.com\/wp-content\/uploads\/2019\/02\/meilleur-prix-garanti.png","type":"","width":"","height":""}],"twitter_card":"summary_large_image","twitter_misc":{"Dur\u00e9e de lecture estim\u00e9e":"21 minutes"},"schema":{"@context":"https:\/\/schema.org","@graph":[{"@type":"WebPage","@id":"https:\/\/www.casavacanzemoresco.com\/appartamenti-ceriale\/monolocale-ceriale\/","url":"https:\/\/www.casavacanzemoresco.com\/appartamenti-ceriale\/monolocale-ceriale\/","name":"Studios | Residence Moresco","isPartOf":{"@id":"https:\/\/www.casavacanzemoresco.com\/#website"},"primaryImageOfPage":{"@id":"https:\/\/www.casavacanzemoresco.com\/appartamenti-ceriale\/monolocale-ceriale\/#primaryimage"},"image":{"@id":"https:\/\/www.casavacanzemoresco.com\/appartamenti-ceriale\/monolocale-ceriale\/#primaryimage"},"thumbnailUrl":"https:\/\/www.casavacanzemoresco.com\/wp-content\/uploads\/2019\/02\/meilleur-prix-garanti.png","datePublished":"2018-10-31T14:55:41+00:00","dateModified":"2026-02-17T08:57:51+00:00","breadcrumb":{"@id":"https:\/\/www.casavacanzemoresco.com\/appartamenti-ceriale\/monolocale-ceriale\/#breadcrumb"},"inLanguage":"fr-FR","potentialAction":[{"@type":"ReadAction","target":["https:\/\/www.casavacanzemoresco.com\/appartamenti-ceriale\/monolocale-ceriale\/"]}]},{"@type":"ImageObject","inLanguage":"fr-FR","@id":"https:\/\/www.casavacanzemoresco.com\/appartamenti-ceriale\/monolocale-ceriale\/#primaryimage","url":"https:\/\/www.casavacanzemoresco.com\/wp-content\/uploads\/2019\/02\/meilleur-prix-garanti.png","contentUrl":"https:\/\/www.casavacanzemoresco.com\/wp-content\/uploads\/2019\/02\/meilleur-prix-garanti.png"},{"@type":"BreadcrumbList","@id":"https:\/\/www.casavacanzemoresco.com\/appartamenti-ceriale\/monolocale-ceriale\/#breadcrumb","itemListElement":[{"@type":"ListItem","position":1,"name":"Home","item":"https:\/\/www.casavacanzemoresco.com\/fr\/"},{"@type":"ListItem","position":2,"name":"Appartements","item":"https:\/\/www.casavacanzemoresco.com\/fr\/appartements-ceriale\/"},{"@type":"ListItem","position":3,"name":"Studios"}]},{"@type":"WebSite","@id":"https:\/\/www.casavacanzemoresco.com\/#website","url":"https:\/\/www.casavacanzemoresco.com\/","name":"Residence Moresco","description":"Casa vacanza Liguria fronte mare","publisher":{"@id":"https:\/\/www.casavacanzemoresco.com\/#organization"},"potentialAction":[{"@type":"SearchAction","target":{"@type":"EntryPoint","urlTemplate":"https:\/\/www.casavacanzemoresco.com\/?s={search_term_string}"},"query-input":{"@type":"PropertyValueSpecification","valueRequired":true,"valueName":"search_term_string"}}],"inLanguage":"fr-FR"},{"@type":"Organization","@id":"https:\/\/www.casavacanzemoresco.com\/#organization","name":"Casa Vacanze Moresco","url":"https:\/\/www.casavacanzemoresco.com\/","logo":{"@type":"ImageObject","inLanguage":"fr-FR","@id":"https:\/\/www.casavacanzemoresco.com\/#\/schema\/logo\/image\/","url":"https:\/\/www.casavacanzemoresco.com\/wp-content\/uploads\/2018\/10\/logo-residence-moresco.png","contentUrl":"https:\/\/www.casavacanzemoresco.com\/wp-content\/uploads\/2018\/10\/logo-residence-moresco.png","width":756,"height":270,"caption":"Casa Vacanze Moresco"},"image":{"@id":"https:\/\/www.casavacanzemoresco.com\/#\/schema\/logo\/image\/"}}]}},"_links":{"self":[{"href":"https:\/\/www.casavacanzemoresco.com\/fr\/wp-json\/wp\/v2\/pages\/206517","targetHints":{"allow":["GET"]}}],"collection":[{"href":"https:\/\/www.casavacanzemoresco.com\/fr\/wp-json\/wp\/v2\/pages"}],"about":[{"href":"https:\/\/www.casavacanzemoresco.com\/fr\/wp-json\/wp\/v2\/types\/page"}],"author":[{"embeddable":true,"href":"https:\/\/www.casavacanzemoresco.com\/fr\/wp-json\/wp\/v2\/users\/1"}],"replies":[{"embeddable":true,"href":"https:\/\/www.casavacanzemoresco.com\/fr\/wp-json\/wp\/v2\/comments?post=206517"}],"version-history":[{"count":22,"href":"https:\/\/www.casavacanzemoresco.com\/fr\/wp-json\/wp\/v2\/pages\/206517\/revisions"}],"predecessor-version":[{"id":211040,"href":"https:\/\/www.casavacanzemoresco.com\/fr\/wp-json\/wp\/v2\/pages\/206517\/revisions\/211040"}],"up":[{"embeddable":true,"href":"https:\/\/www.casavacanzemoresco.com\/fr\/wp-json\/wp\/v2\/pages\/206579"}],"wp:attachment":[{"href":"https:\/\/www.casavacanzemoresco.com\/fr\/wp-json\/wp\/v2\/media?parent=206517"}],"curies":[{"name":"wp","href":"https:\/\/api.w.org\/{rel}","templated":true}]}}