{"id":208645,"date":"2019-02-28T10:56:23","date_gmt":"2019-02-28T10:56:23","guid":{"rendered":"https:\/\/www.casavacanzemoresco.com\/ferienwohnungen-ceriale\/2-zimmer-appartements\/front-mer\/"},"modified":"2019-07-22T07:42:29","modified_gmt":"2019-07-22T07:42:29","slug":"direkt-am-meer","status":"publish","type":"page","link":"https:\/\/www.casavacanzemoresco.com\/de\/ferienwohnungen-ceriale\/2-zimmer-appartements\/direkt-am-meer\/","title":{"rendered":"2-Zimmer-Appartements mit Meerblick"},"content":{"rendered":"<p>[et_pb_section fb_built=&#8220;1&#8243; _builder_version=&#8220;3.22.3&#8243; custom_margin=&#8220;0px||0px|&#8220; custom_padding=&#8220;0px||0px|&#8220;][et_pb_row custom_padding=&#8220;0px||0px|&#8220; custom_margin=&#8220;0px||0px|&#8220; _builder_version=&#8220;3.25&#8243;][et_pb_column type=&#8220;4_4&#8243; _builder_version=&#8220;3.25&#8243; custom_padding=&#8220;|||&#8220; custom_padding__hover=&#8220;|||&#8220;][\/et_pb_column][\/et_pb_row][\/et_pb_section][et_pb_section fb_built=&#8220;1&#8243; disabled_on=&#8220;on|on|off&#8220; _builder_version=&#8220;3.22.3&#8243; background_color=&#8220;rgba(0,0,0,0)&#8220; background_image=&#8220;https:\/\/www.casavacanzemoresco.com\/wp-content\/uploads\/2019\/01\/bilocale-ceriale-fronte-mare.jpg&#8220; filter_brightness=&#8220;115%&#8220; filter_sepia=&#8220;6%&#8220; animation_style=&#8220;slide&#8220; animation_direction=&#8220;top&#8220; animation_intensity_slide=&#8220;10%&#8220; custom_css_main_element=&#8220;height:650px;&#8220;][et_pb_row column_structure=&#8220;1_6,1_6,1_6,1_6,1_6,1_6&#8243; use_custom_gutter=&#8220;on&#8220; gutter_width=&#8220;2&#8243; custom_padding=&#8220;|50px||&#8220; make_equal=&#8220;on&#8220; disabled_on=&#8220;off|off|off&#8220; _builder_version=&#8220;3.25&#8243; max_width=&#8220;525px&#8220; module_alignment=&#8220;right&#8220; animation_style=&#8220;slide&#8220; animation_direction=&#8220;bottom&#8220; animation_intensity_slide=&#8220;10%&#8220; custom_css_main_element=&#8220;position:relative;||top:85%;&#8220; use_custom_width=&#8220;on&#8220; custom_width_px=&#8220;525px&#8220;][et_pb_column type=&#8220;1_6&#8243; _builder_version=&#8220;3.25&#8243; custom_padding=&#8220;|||&#8220; custom_padding__hover=&#8220;|||&#8220;][\/et_pb_column][et_pb_column type=&#8220;1_6&#8243; _builder_version=&#8220;3.25&#8243; custom_padding=&#8220;|||&#8220; custom_padding__hover=&#8220;|||&#8220;][\/et_pb_column][et_pb_column type=&#8220;1_6&#8243; _builder_version=&#8220;3.25&#8243; custom_padding=&#8220;|||&#8220; custom_padding__hover=&#8220;|||&#8220;][\/et_pb_column][et_pb_column type=&#8220;1_6&#8243; _builder_version=&#8220;3.25&#8243; custom_padding=&#8220;|||&#8220; custom_padding__hover=&#8220;|||&#8220;][\/et_pb_column][et_pb_column type=&#8220;1_6&#8243; _builder_version=&#8220;3.25&#8243; custom_padding=&#8220;|||&#8220; custom_padding__hover=&#8220;|||&#8220;][et_pb_image src=&#8220;https:\/\/www.casavacanzemoresco.com\/wp-content\/uploads\/2019\/04\/bilocale-metratura-45-mq.png&#8220; align_tablet=&#8220;center&#8220; align_last_edited=&#8220;on|desktop&#8220; admin_label=&#8220;53mq&#8220; _builder_version=&#8220;3.23&#8243; animation_style=&#8220;slide&#8220; animation_direction=&#8220;bottom&#8220; animation_intensity_slide=&#8220;10%&#8220;]<\/p>\n<p>&nbsp;<\/p>\n<p>[\/et_pb_image][\/et_pb_column][et_pb_column type=&#8220;1_6&#8243; _builder_version=&#8220;3.25&#8243; custom_padding=&#8220;|||&#8220; custom_padding__hover=&#8220;|||&#8220;][et_pb_image src=&#8220;https:\/\/www.casavacanzemoresco.com\/wp-content\/uploads\/2018\/11\/trilocale-massimo-5-persone.png&#8220; align_tablet=&#8220;center&#8220; align_last_edited=&#8220;on|desktop&#8220; admin_label=&#8220;5 persone&#8220; _builder_version=&#8220;3.23&#8243; animation_style=&#8220;slide&#8220; animation_direction=&#8220;bottom&#8220; animation_intensity_slide=&#8220;10%&#8220;]<\/p>\n<p>&nbsp;<\/p>\n<p>[\/et_pb_image][\/et_pb_column][\/et_pb_row][\/et_pb_section][et_pb_section fb_built=&#8220;1&#8243; disabled_on=&#8220;on|off|on&#8220; _builder_version=&#8220;3.22.3&#8243; background_color=&#8220;rgba(0,0,0,0)&#8220; background_image=&#8220;https:\/\/www.casavacanzemoresco.com\/wp-content\/uploads\/2019\/01\/bilocale-ceriale-fronte-mare.jpg&#8220; filter_brightness=&#8220;115%&#8220; filter_sepia=&#8220;6%&#8220; animation_style=&#8220;slide&#8220; animation_direction=&#8220;top&#8220; animation_intensity_slide=&#8220;10%&#8220; custom_css_main_element=&#8220;height:400px;&#8220;][\/et_pb_section][et_pb_section fb_built=&#8220;1&#8243; disabled_on=&#8220;off|on|on&#8220; _builder_version=&#8220;3.22.3&#8243; background_color=&#8220;rgba(0,0,0,0)&#8220; background_image=&#8220;https:\/\/www.casavacanzemoresco.com\/wp-content\/uploads\/2019\/01\/bilocale-ceriale-fronte-mare.jpg&#8220; filter_brightness=&#8220;115%&#8220; filter_sepia=&#8220;6%&#8220; animation_style=&#8220;slide&#8220; animation_direction=&#8220;top&#8220; animation_intensity_slide=&#8220;10%&#8220; custom_css_main_element=&#8220;height:200px;&#8220;][\/et_pb_section][et_pb_section fb_built=&#8220;1&#8243; disabled_on=&#8220;||on&#8220; _builder_version=&#8220;3.22.3&#8243; custom_margin=&#8220;0px||0px|&#8220; custom_padding=&#8220;0px||0px|&#8220; custom_css_main_element=&#8220;z-index:99999;&#8220;][et_pb_row custom_padding=&#8220;0px||0px&#8220; custom_margin=&#8220;0px||0px&#8220; admin_label=&#8220;righe book e tel mobile&#8220; _builder_version=&#8220;3.25&#8243;][et_pb_column type=&#8220;4_4&#8243; _builder_version=&#8220;3.25&#8243; custom_padding=&#8220;|||&#8220; custom_padding__hover=&#8220;|||&#8220;][et_pb_code disabled_on=&#8220;off|off|off&#8220; admin_label=&#8220;codice book now mobile&#8220; _builder_version=&#8220;3.21.4&#8243; z_index_tablet=&#8220;500&#8243;]<a href=\"https:\/\/www.casavacanzemoresco.com\/de\/book-now-de\/\"><\/p>\n<div id=\"booknow\">BOOK NOW <img decoding=\"async\" src=\"https:\/\/www.casavacanzemoresco.com\/wp-content\/uploads\/2019\/02\/bester-pris-garantert.png\" width=\"150px\" style=\"vertical-align:middle;\"><\/div>\n<p><\/a>[\/et_pb_code][et_pb_code disabled_on=&#8220;off|off|off&#8220; admin_label=&#8220;codice telefono mobile&#8220; _builder_version=&#8220;3.21.4&#8243; z_index_tablet=&#8220;500&#8243;]<a href=\"tel:+390182930020\"><\/p>\n<div id=\"telmob\"><img decoding=\"async\" src=\"https:\/\/www.casavacanzemoresco.com\/wp-content\/uploads\/2018\/12\/telefono-cellulare.png\" width=\"25px\"><\/div>\n<p><\/a>[\/et_pb_code][\/et_pb_column][\/et_pb_row][\/et_pb_section][et_pb_section fb_built=&#8220;1&#8243; custom_padding_last_edited=&#8220;on|phone&#8220; _builder_version=&#8220;3.22.3&#8243; background_size=&#8220;contain&#8220; background_position=&#8220;top_left&#8220; custom_padding_tablet=&#8220;0px||&#8220; animation_style=&#8220;slide&#8220; animation_direction=&#8220;bottom&#8220; animation_intensity_slide=&#8220;10%&#8220;][et_pb_row _builder_version=&#8220;3.25&#8243;][et_pb_column type=&#8220;4_4&#8243; _builder_version=&#8220;3.25&#8243; custom_padding=&#8220;|||&#8220; custom_padding__hover=&#8220;|||&#8220;][et_pb_text admin_label=&#8220;Bilocali in affitto per 4 persone&#8220; _builder_version=&#8220;3.22.7&#8243; text_font=&#8220;|300|||||||&#8220; text_font_size=&#8220;18px&#8220; text_line_height=&#8220;1.4em&#8220; header_font=&#8220;Roboto||||||||&#8220; header_text_color=&#8220;#aa0956&#8243; header_line_height=&#8220;1.4em&#8220; header_2_font=&#8220;|700|||||||&#8220; header_2_text_color=&#8220;#b265ae&#8220; header_2_font_size=&#8220;35px&#8220; custom_margin=&#8220;|||&#8220; custom_padding=&#8220;|||&#8220; text_font_size_last_edited=&#8220;on|phone&#8220; header_font_size_phone=&#8220;24px&#8220; header_font_size_last_edited=&#8220;on|desktop&#8220; header_line_height_last_edited=&#8220;on|tablet&#8220;]<\/p>\n<h1 class=\"testores\">Zwei-Zimmer Wohnungen f\u00fcr 4\/5 Personen zu vermieten, mit Balkon und Blick auf&#8217;s Meer<\/h1>\n<p>In unserer Ferienresidenz in <strong>Ceriale<\/strong> k\u00f6nnen Sie <strong>Zwei-Zimmer-Wohnungen<\/strong> f\u00fcr Ihren Ferienaufenthalt mieten.<br \/> Diese Wohnung ist ideal f\u00fcr eine <strong>Familie mit 4\/5 Personen<\/strong>, hat eine Wohnfl\u00e4che von <strong>ca. 45 m\u00b2<\/strong> und einen Balkon mit einem wunderbaren Blick direkt auf&#8217;s Meer. Zimmeraufteilung: <strong>Schlafzimmer<\/strong> mit Doppelbett und einer zus\u00e4tzlichen Schlafcouch, gro\u00dfes Wohnzimmer mit zwei Schlafsofas als Einzelbetten, gut ausgestattete Kochecke und Bad mit Dusche.<\/p>\n<p>[\/et_pb_text][\/et_pb_column][\/et_pb_row][\/et_pb_section][et_pb_section fb_built=&#8220;1&#8243; disabled_on=&#8220;on|on|off&#8220; _builder_version=&#8220;3.22.3&#8243; background_color=&#8220;#793673&#8243; custom_margin=&#8220;0px||0px&#8220; custom_padding=&#8220;80px||80px&#8220; animation_direction=&#8220;bottom&#8220;][et_pb_row custom_padding=&#8220;0px||&#8220; custom_margin=&#8220;0px||&#8220; _builder_version=&#8220;3.25&#8243; background_size=&#8220;initial&#8220; background_position=&#8220;top_left&#8220; background_repeat=&#8220;repeat&#8220;][et_pb_column type=&#8220;4_4&#8243; _builder_version=&#8220;3.25&#8243; custom_padding=&#8220;|||&#8220; custom_padding__hover=&#8220;|||&#8220;][et_pb_text admin_label=&#8220;Servizi inclusi&#8220; _builder_version=&#8220;3.21.4&#8243; text_font=&#8220;|300|||||||&#8220; text_font_size=&#8220;18px&#8220; text_line_height=&#8220;1.4em&#8220; header_font=&#8220;Roboto||||||||&#8220; header_text_color=&#8220;#aa0956&#8243; header_2_font=&#8220;||||||||&#8220; header_2_text_color=&#8220;#ffffff&#8220; header_2_font_size=&#8220;35px&#8220; text_orientation=&#8220;center&#8220; background_layout=&#8220;dark&#8220; custom_margin=&#8220;|||&#8220; custom_padding=&#8220;|||&#8220; text_font_size_tablet=&#8220;18px&#8220; text_font_size_last_edited=&#8220;on|tablet&#8220; header_2_font_size_phone=&#8220;24px&#8220; header_2_font_size_last_edited=&#8220;on|desktop&#8220;]<\/p>\n<h2>Alle Dienstleistungen inbegriffen<\/h3>\n<p>Unsere gut strukturierten <b>2-Zimmer-Appartements<\/b> sind ger\u00e4umig und mit allem Notwendigen f\u00fcr einen bequemen Aufenthalt ausgestattet.<br \/>\n[\/et_pb_text][\/et_pb_column][\/et_pb_row][et_pb_row use_custom_gutter=&#8220;on&#8220; gutter_width=&#8220;1&#8243; custom_padding=&#8220;||0px&#8220; custom_margin=&#8220;||0px&#8220; module_id=&#8220;eight-columns&#8220; module_class=&#8220;eight-columns&#8220; _builder_version=&#8220;3.25&#8243; background_size=&#8220;initial&#8220; background_position=&#8220;top_left&#8220; background_repeat=&#8220;repeat&#8220; max_width=&#8220;1400px&#8220; animation_style=&#8220;slide&#8220; use_custom_width=&#8220;on&#8220; custom_width_px=&#8220;1400px&#8220;][et_pb_column type=&#8220;4_4&#8243; _builder_version=&#8220;3.25&#8243; custom_padding=&#8220;|||&#8220; custom_padding__hover=&#8220;|||&#8220;][et_pb_blurb title=&#8220;Schlie\u00dffach&#8220; image=&#8220;https:\/\/www.casavacanzemoresco.com\/wp-content\/uploads\/2018\/10\/sicurezza-camere-cassaforte-1.png&#8220; image_max_width=&#8220;50%&#8220; image_max_width_phone=&#8220;30%&#8220; image_max_width_last_edited=&#8220;on|desktop&#8220; _builder_version=&#8220;3.21.4&#8243; header_font=&#8220;||||||||&#8220; header_text_align=&#8220;center&#8220; header_text_color=&#8220;#ffffff&#8220; header_font_size=&#8220;20px&#8220;][\/et_pb_blurb][et_pb_blurb title=&#8220;Satellitenfernsehen&#8220; image=&#8220;https:\/\/www.casavacanzemoresco.com\/wp-content\/uploads\/2018\/11\/tv-satellitare-canali-esteri.png&#8220; image_max_width=&#8220;50%&#8220; image_max_width_phone=&#8220;30%&#8220; image_max_width_last_edited=&#8220;on|desktop&#8220; _builder_version=&#8220;3.21.4&#8243; header_font=&#8220;||||||||&#8220; header_text_align=&#8220;center&#8220; header_text_color=&#8220;#ffffff&#8220; header_font_size=&#8220;20px&#8220; body_font=&#8220;|300|||||||&#8220; text_orientation=&#8220;center&#8220; background_layout=&#8220;dark&#8220;]mit ausl\u00e4ndischen Kan\u00e4len<br \/>\n[\/et_pb_blurb][et_pb_blurb title=&#8220;Telefon&#8220; image=&#8220;https:\/\/www.casavacanzemoresco.com\/wp-content\/uploads\/2018\/11\/teleono-diretto-nelle-camere.png&#8220; image_max_width=&#8220;50%&#8220; image_max_width_phone=&#8220;30%&#8220; image_max_width_last_edited=&#8220;on|desktop&#8220; _builder_version=&#8220;3.21.4&#8243; header_font=&#8220;||||||||&#8220; header_text_align=&#8220;center&#8220; header_text_color=&#8220;#ffffff&#8220; header_font_size=&#8220;20px&#8220; body_font=&#8220;|300|||||||&#8220; text_orientation=&#8220;center&#8220; background_layout=&#8220;dark&#8220;][\/et_pb_blurb][et_pb_blurb title=&#8220;Haartrockner&#8220; image=&#8220;https:\/\/www.casavacanzemoresco.com\/wp-content\/uploads\/2018\/11\/asciugacapelli-in-camera.png&#8220; image_max_width=&#8220;50%&#8220; image_max_width_phone=&#8220;30%&#8220; image_max_width_last_edited=&#8220;on|desktop&#8220; _builder_version=&#8220;3.21.4&#8243; header_font=&#8220;||||||||&#8220; header_text_align=&#8220;center&#8220; header_text_color=&#8220;#ffffff&#8220; header_font_size=&#8220;20px&#8220; body_font=&#8220;|300|||||||&#8220; text_orientation=&#8220;center&#8220; background_layout=&#8220;dark&#8220; custom_padding=&#8220;||&#8220; custom_padding_tablet=&#8220;20px||&#8220; custom_padding_last_edited=&#8220;on|tablet&#8220;][\/et_pb_blurb][et_pb_blurb title=&#8220;WLAN&#8220; image=&#8220;https:\/\/www.casavacanzemoresco.com\/wp-content\/uploads\/2018\/11\/wifi-gratuito.png&#8220; image_max_width=&#8220;50%&#8220; image_max_width_phone=&#8220;30%&#8220; image_max_width_last_edited=&#8220;on|desktop&#8220; _builder_version=&#8220;3.21.4&#8243; header_font=&#8220;||||||||&#8220; header_text_align=&#8220;center&#8220; header_text_color=&#8220;#ffffff&#8220; header_font_size=&#8220;20px&#8220; body_font=&#8220;|300|||||||&#8220; text_orientation=&#8220;center&#8220; background_layout=&#8220;dark&#8220; custom_padding_tablet=&#8220;20px||&#8220; custom_padding_last_edited=&#8220;on|desktop&#8220;][\/et_pb_blurb][et_pb_blurb title=&#8220;Mikrowelle&#8220; image=&#8220;https:\/\/www.casavacanzemoresco.com\/wp-content\/uploads\/2019\/04\/forno-microonde.png&#8220; image_max_width=&#8220;50%&#8220; image_max_width_phone=&#8220;30%&#8220; image_max_width_last_edited=&#8220;on|desktop&#8220; _builder_version=&#8220;3.22.7&#8243; header_font=&#8220;||||||||&#8220; header_text_align=&#8220;center&#8220; header_text_color=&#8220;#ffffff&#8220; header_font_size=&#8220;20px&#8220; body_font=&#8220;|300|||||||&#8220; text_orientation=&#8220;center&#8220; background_layout=&#8220;dark&#8220; custom_padding_tablet=&#8220;20px||&#8220; custom_padding_last_edited=&#8220;on|desktop&#8220;][\/et_pb_blurb][et_pb_blurb title=&#8220;Deckenventilator&#8220; image=&#8220;https:\/\/www.casavacanzemoresco.com\/wp-content\/uploads\/2018\/11\/impianto-ventilazione-a-pale.png&#8220; image_max_width=&#8220;50%&#8220; image_max_width_phone=&#8220;30%&#8220; image_max_width_last_edited=&#8220;on|desktop&#8220; _builder_version=&#8220;3.21.4&#8243; header_font=&#8220;||||||||&#8220; header_text_align=&#8220;center&#8220; header_text_color=&#8220;#ffffff&#8220; header_font_size=&#8220;20px&#8220; body_font=&#8220;|300|||||||&#8220; text_orientation=&#8220;center&#8220; background_layout=&#8220;dark&#8220; custom_padding_tablet=&#8220;20px||&#8220; custom_padding_last_edited=&#8220;on|desktop&#8220;][\/et_pb_blurb][et_pb_blurb title=&#8220;Leinen&#8220; image=&#8220;https:\/\/www.casavacanzemoresco.com\/wp-content\/uploads\/2019\/04\/biancheria-camera-bagno-cucina-1.png&#8220; image_max_width=&#8220;50%&#8220; image_max_width_phone=&#8220;30%&#8220; image_max_width_last_edited=&#8220;on|desktop&#8220; _builder_version=&#8220;3.21.4&#8243; header_font=&#8220;||||||||&#8220; header_text_align=&#8220;center&#8220; header_text_color=&#8220;#ffffff&#8220; header_font_size=&#8220;20px&#8220; body_font=&#8220;|300|||||||&#8220; text_orientation=&#8220;center&#8220; background_layout=&#8220;dark&#8220; custom_padding_tablet=&#8220;20px||&#8220; custom_padding_last_edited=&#8220;on|desktop&#8220;]<\/p>\n<p>Bett-, Bad- und K\u00fcchenw\u00e4sche<\/p>\n<p>[\/et_pb_blurb][\/et_pb_column][\/et_pb_row][\/et_pb_section][et_pb_section fb_built=&#8220;1&#8243; disabled_on=&#8220;off|off|on&#8220; _builder_version=&#8220;3.22.3&#8243; background_color=&#8220;#793673&#8243; custom_margin=&#8220;0px||0px&#8220; custom_padding=&#8220;80px||80px&#8220;][et_pb_row custom_padding=&#8220;0px||&#8220; custom_margin=&#8220;0px||&#8220; _builder_version=&#8220;3.25&#8243; background_size=&#8220;initial&#8220; background_position=&#8220;top_left&#8220; background_repeat=&#8220;repeat&#8220;][et_pb_column type=&#8220;4_4&#8243; _builder_version=&#8220;3.25&#8243; custom_padding=&#8220;|||&#8220; custom_padding__hover=&#8220;|||&#8220;][et_pb_text admin_label=&#8220;Servizi inclusi&#8220; _builder_version=&#8220;3.21.4&#8243; text_font=&#8220;|300|||||||&#8220; text_font_size=&#8220;18px&#8220; text_line_height=&#8220;1.4em&#8220; header_font=&#8220;Roboto||||||||&#8220; header_text_color=&#8220;#ffffff&#8220; header_2_font=&#8220;||||||||&#8220; header_2_text_color=&#8220;#ffffff&#8220; header_2_font_size=&#8220;35px&#8220; header_3_font=&#8220;||||||||&#8220; header_3_text_color=&#8220;#ffffff&#8220; text_orientation=&#8220;center&#8220; background_layout=&#8220;dark&#8220; custom_margin=&#8220;|||&#8220; custom_padding=&#8220;|||&#8220; text_font_size_tablet=&#8220;18px&#8220; text_font_size_last_edited=&#8220;on|tablet&#8220; header_2_font_size_tablet=&#8220;27px&#8220; header_2_font_size_phone=&#8220;25px&#8220; header_2_font_size_last_edited=&#8220;on|phone&#8220;]<\/p>\n<h2>Alle Dienstleistungen inbegriffen<\/h3>\n<p>Unsere gut strukturierten <b>2-Zimmer-Appartements<\/b> sind ger\u00e4umig und mit allem Notwendigen f\u00fcr einen bequemen Aufenthalt ausgestattet.<br \/>\n[\/et_pb_text][\/et_pb_column][\/et_pb_row][et_pb_row column_structure=&#8220;1_6,1_6,1_6,1_6,1_6,1_6&#8243; use_custom_gutter=&#8220;on&#8220; gutter_width=&#8220;1&#8243; custom_padding=&#8220;||0px&#8220; custom_margin=&#8220;||0px&#8220; _builder_version=&#8220;3.25&#8243; background_size=&#8220;initial&#8220; background_position=&#8220;top_left&#8220; background_repeat=&#8220;repeat&#8220; animation_style=&#8220;slide&#8220; custom_width_px=&#8220;1400px&#8220;][et_pb_column type=&#8220;1_6&#8243; _builder_version=&#8220;3.25&#8243; custom_padding=&#8220;|||&#8220; custom_padding__hover=&#8220;|||&#8220;][et_pb_blurb title=&#8220;Schlie\u00dffach&#8220; image=&#8220;https:\/\/www.casavacanzemoresco.com\/wp-content\/uploads\/2018\/10\/sicurezza-camere-cassaforte-1.png&#8220; image_max_width=&#8220;50%&#8220; image_max_width_phone=&#8220;30%&#8220; image_max_width_last_edited=&#8220;on|desktop&#8220; _builder_version=&#8220;3.21.4&#8243; header_font=&#8220;||||||||&#8220; header_text_align=&#8220;center&#8220; header_text_color=&#8220;#ffffff&#8220; header_font_size=&#8220;20px&#8220;][\/et_pb_blurb][\/et_pb_column][et_pb_column type=&#8220;1_6&#8243; _builder_version=&#8220;3.25&#8243; custom_padding=&#8220;|||&#8220; custom_padding__hover=&#8220;|||&#8220;][et_pb_blurb title=&#8220;Satellitenfernsehen&#8220; image=&#8220;https:\/\/www.casavacanzemoresco.com\/wp-content\/uploads\/2018\/11\/tv-satellitare-canali-esteri.png&#8220; image_max_width=&#8220;50%&#8220; image_max_width_phone=&#8220;30%&#8220; image_max_width_last_edited=&#8220;on|desktop&#8220; _builder_version=&#8220;3.21.4&#8243; header_font=&#8220;||||||||&#8220; header_text_align=&#8220;center&#8220; header_text_color=&#8220;#ffffff&#8220; header_font_size=&#8220;20px&#8220; body_font=&#8220;|300|||||||&#8220; text_orientation=&#8220;center&#8220; background_layout=&#8220;dark&#8220;]mit ausl\u00e4ndischen Kan\u00e4len<br \/>\n[\/et_pb_blurb][\/et_pb_column][et_pb_column type=&#8220;1_6&#8243; _builder_version=&#8220;3.25&#8243; custom_padding=&#8220;|||&#8220; custom_padding__hover=&#8220;|||&#8220;][et_pb_blurb title=&#8220;Telefon&#8220; image=&#8220;https:\/\/www.casavacanzemoresco.com\/wp-content\/uploads\/2018\/11\/teleono-diretto-nelle-camere.png&#8220; image_max_width=&#8220;50%&#8220; image_max_width_phone=&#8220;30%&#8220; image_max_width_last_edited=&#8220;on|desktop&#8220; _builder_version=&#8220;3.21.4&#8243; header_font=&#8220;||||||||&#8220; header_text_align=&#8220;center&#8220; header_text_color=&#8220;#ffffff&#8220; header_font_size=&#8220;20px&#8220; body_font=&#8220;|300|||||||&#8220; text_orientation=&#8220;center&#8220; background_layout=&#8220;dark&#8220;][\/et_pb_blurb][\/et_pb_column][et_pb_column type=&#8220;1_6&#8243; _builder_version=&#8220;3.25&#8243; custom_padding=&#8220;|||&#8220; custom_padding__hover=&#8220;|||&#8220;][et_pb_blurb title=&#8220;Haartrockner&#8220; image=&#8220;https:\/\/www.casavacanzemoresco.com\/wp-content\/uploads\/2018\/11\/asciugacapelli-in-camera.png&#8220; image_max_width=&#8220;50%&#8220; image_max_width_phone=&#8220;30%&#8220; image_max_width_last_edited=&#8220;on|desktop&#8220; _builder_version=&#8220;3.21.4&#8243; header_font=&#8220;||||||||&#8220; header_text_align=&#8220;center&#8220; header_text_color=&#8220;#ffffff&#8220; header_font_size=&#8220;20px&#8220; body_font=&#8220;|300|||||||&#8220; text_orientation=&#8220;center&#8220; background_layout=&#8220;dark&#8220; custom_padding=&#8220;||&#8220; custom_padding_tablet=&#8220;20px||&#8220; custom_padding_last_edited=&#8220;on|tablet&#8220;][\/et_pb_blurb][\/et_pb_column][et_pb_column type=&#8220;1_6&#8243; _builder_version=&#8220;3.25&#8243; custom_padding=&#8220;|||&#8220; custom_padding__hover=&#8220;|||&#8220;][et_pb_blurb title=&#8220;WLAN&#8220; image=&#8220;https:\/\/www.casavacanzemoresco.com\/wp-content\/uploads\/2018\/11\/wifi-gratuito.png&#8220; image_max_width=&#8220;50%&#8220; image_max_width_phone=&#8220;30%&#8220; image_max_width_last_edited=&#8220;on|desktop&#8220; _builder_version=&#8220;3.21.4&#8243; header_font=&#8220;||||||||&#8220; header_text_align=&#8220;center&#8220; header_text_color=&#8220;#ffffff&#8220; header_font_size=&#8220;20px&#8220; body_font=&#8220;|300|||||||&#8220; text_orientation=&#8220;center&#8220; background_layout=&#8220;dark&#8220; custom_padding_tablet=&#8220;20px||&#8220; custom_padding_last_edited=&#8220;on|desktop&#8220;][\/et_pb_blurb][\/et_pb_column][et_pb_column type=&#8220;1_6&#8243; _builder_version=&#8220;3.25&#8243; custom_padding=&#8220;|||&#8220; custom_padding__hover=&#8220;|||&#8220;][et_pb_blurb title=&#8220;Mikrowelle&#8220; image=&#8220;https:\/\/www.casavacanzemoresco.com\/wp-content\/uploads\/2019\/04\/forno-microonde.png&#8220; image_max_width=&#8220;50%&#8220; image_max_width_phone=&#8220;30%&#8220; image_max_width_last_edited=&#8220;on|desktop&#8220; _builder_version=&#8220;3.22.7&#8243; header_font=&#8220;||||||||&#8220; header_text_align=&#8220;center&#8220; header_text_color=&#8220;#ffffff&#8220; header_font_size=&#8220;20px&#8220; body_font=&#8220;|300|||||||&#8220; text_orientation=&#8220;center&#8220; background_layout=&#8220;dark&#8220; custom_padding_tablet=&#8220;20px||&#8220; custom_padding_last_edited=&#8220;on|desktop&#8220;][\/et_pb_blurb][\/et_pb_column][\/et_pb_row][et_pb_row column_structure=&#8220;1_6,1_6,1_6,1_6,1_6,1_6&#8243; use_custom_gutter=&#8220;on&#8220; gutter_width=&#8220;1&#8243; custom_padding=&#8220;||0px&#8220; custom_margin=&#8220;||0px&#8220; _builder_version=&#8220;3.25&#8243; background_size=&#8220;initial&#8220; background_position=&#8220;top_left&#8220; background_repeat=&#8220;repeat&#8220; animation_style=&#8220;slide&#8220; custom_width_px=&#8220;1400px&#8220;][et_pb_column type=&#8220;1_6&#8243; _builder_version=&#8220;3.25&#8243; custom_padding=&#8220;|||&#8220; custom_padding__hover=&#8220;|||&#8220;][et_pb_blurb title=&#8220;Deckenventilator&#8220; image=&#8220;https:\/\/www.casavacanzemoresco.com\/wp-content\/uploads\/2018\/11\/impianto-ventilazione-a-pale.png&#8220; image_max_width=&#8220;50%&#8220; image_max_width_phone=&#8220;30%&#8220; image_max_width_last_edited=&#8220;on|desktop&#8220; _builder_version=&#8220;3.21.4&#8243; header_font=&#8220;||||||||&#8220; header_text_align=&#8220;center&#8220; header_text_color=&#8220;#ffffff&#8220; header_font_size=&#8220;20px&#8220; body_font=&#8220;|300|||||||&#8220; text_orientation=&#8220;center&#8220; background_layout=&#8220;dark&#8220; custom_padding_tablet=&#8220;20px||&#8220; custom_padding_last_edited=&#8220;on|desktop&#8220;][\/et_pb_blurb][\/et_pb_column][et_pb_column type=&#8220;1_6&#8243; _builder_version=&#8220;3.25&#8243; custom_padding=&#8220;|||&#8220; custom_padding__hover=&#8220;|||&#8220;][et_pb_blurb title=&#8220;Leinen&#8220; image=&#8220;https:\/\/www.casavacanzemoresco.com\/wp-content\/uploads\/2019\/04\/biancheria-camera-bagno-cucina-1.png&#8220; image_max_width=&#8220;50%&#8220; image_max_width_phone=&#8220;30%&#8220; image_max_width_last_edited=&#8220;on|desktop&#8220; _builder_version=&#8220;3.21.4&#8243; header_font=&#8220;||||||||&#8220; header_text_align=&#8220;center&#8220; header_text_color=&#8220;#ffffff&#8220; header_font_size=&#8220;20px&#8220; body_font=&#8220;|300|||||||&#8220; text_orientation=&#8220;center&#8220; background_layout=&#8220;dark&#8220; custom_padding_tablet=&#8220;20px||&#8220; custom_padding_last_edited=&#8220;on|desktop&#8220;]Bett-, Bad- und K\u00fcchenw\u00e4sche<br \/>\n[\/et_pb_blurb][\/et_pb_column][et_pb_column type=&#8220;1_6&#8243; _builder_version=&#8220;3.25&#8243; custom_padding=&#8220;|||&#8220; custom_padding__hover=&#8220;|||&#8220;][\/et_pb_column][et_pb_column type=&#8220;1_6&#8243; _builder_version=&#8220;3.25&#8243; custom_padding=&#8220;|||&#8220; custom_padding__hover=&#8220;|||&#8220;][\/et_pb_column][et_pb_column type=&#8220;1_6&#8243; _builder_version=&#8220;3.25&#8243; custom_padding=&#8220;|||&#8220; custom_padding__hover=&#8220;|||&#8220;][\/et_pb_column][et_pb_column type=&#8220;1_6&#8243; _builder_version=&#8220;3.25&#8243; custom_padding=&#8220;|||&#8220; custom_padding__hover=&#8220;|||&#8220;][\/et_pb_column][\/et_pb_row][\/et_pb_section][et_pb_section fb_built=&#8220;1&#8243; admin_label=&#8220;Gallery Section&#8220; _builder_version=&#8220;3.22.3&#8243; background_color=&#8220;#ffffff&#8220; animation_direction=&#8220;bottom&#8220;][et_pb_row column_structure=&#8220;1_2,1_4,1_4&#8243; use_custom_gutter=&#8220;on&#8220; gutter_width=&#8220;1&#8243; _builder_version=&#8220;3.25&#8243;][et_pb_column type=&#8220;1_2&#8243; _builder_version=&#8220;3.25&#8243; custom_padding=&#8220;|||&#8220; custom_padding__hover=&#8220;|||&#8220;][et_pb_image src=&#8220;https:\/\/www.casavacanzemoresco.com\/wp-content\/uploads\/2019\/03\/bilocale-moresco-fronte-mare-sala-pranzo-panoramica.jpg&#8220; align_tablet=&#8220;center&#8220; align_last_edited=&#8220;on|desktop&#8220; _builder_version=&#8220;3.23&#8243; border_width_all=&#8220;10px&#8220; border_color_all=&#8220;#ffffff&#8220; animation_style=&#8220;slide&#8220; animation_direction=&#8220;left&#8220; animation_intensity_slide=&#8220;10%&#8220; locked=&#8220;off&#8220;][\/et_pb_image][\/et_pb_column][et_pb_column type=&#8220;1_4&#8243; _builder_version=&#8220;3.25&#8243; custom_padding=&#8220;|||&#8220; custom_padding__hover=&#8220;|||&#8220;][et_pb_image src=&#8220;https:\/\/www.casavacanzemoresco.com\/wp-content\/uploads\/2019\/03\/bilocale-moresco-fronte-mare-camera-da-letto.jpg&#8220; align_tablet=&#8220;center&#8220; align_last_edited=&#8220;on|desktop&#8220; _builder_version=&#8220;3.23&#8243; border_width_all=&#8220;10px&#8220; border_color_all=&#8220;#ffffff&#8220; animation_style=&#8220;slide&#8220; animation_direction=&#8220;bottom&#8220; animation_intensity_slide=&#8220;10%&#8220; locked=&#8220;off&#8220;][\/et_pb_image][et_pb_image src=&#8220;https:\/\/www.casavacanzemoresco.com\/wp-content\/uploads\/2019\/03\/bilocale-moresco-fronte-mare-angolo-cottura-tavolo.jpg&#8220; align_tablet=&#8220;center&#8220; align_last_edited=&#8220;on|desktop&#8220; _builder_version=&#8220;3.23&#8243; border_width_all=&#8220;10px&#8220; border_color_all=&#8220;#ffffff&#8220; animation_style=&#8220;slide&#8220; animation_direction=&#8220;bottom&#8220; animation_intensity_slide=&#8220;10%&#8220; locked=&#8220;off&#8220;][\/et_pb_image][\/et_pb_column][et_pb_column type=&#8220;1_4&#8243; _builder_version=&#8220;3.25&#8243; custom_padding=&#8220;|||&#8220; custom_padding__hover=&#8220;|||&#8220;][et_pb_image src=&#8220;https:\/\/www.casavacanzemoresco.com\/wp-content\/uploads\/2019\/03\/bilocale-moresco-fronte-mare-angolo-cottura.jpg&#8220; align_tablet=&#8220;center&#8220; align_last_edited=&#8220;on|desktop&#8220; _builder_version=&#8220;3.23&#8243; border_width_all=&#8220;10px&#8220; border_color_all=&#8220;#ffffff&#8220; animation_style=&#8220;slide&#8220; animation_direction=&#8220;bottom&#8220; animation_intensity_slide=&#8220;10%&#8220; locked=&#8220;off&#8220;][\/et_pb_image][et_pb_image src=&#8220;https:\/\/www.casavacanzemoresco.com\/wp-content\/uploads\/2019\/03\/bilocale-moresco-fronte-mare-camera-letto.jpg&#8220; align_tablet=&#8220;center&#8220; align_last_edited=&#8220;on|desktop&#8220; _builder_version=&#8220;3.23&#8243; border_width_all=&#8220;10px&#8220; border_color_all=&#8220;#ffffff&#8220; animation_style=&#8220;slide&#8220; animation_direction=&#8220;bottom&#8220; animation_intensity_slide=&#8220;10%&#8220; locked=&#8220;off&#8220;][\/et_pb_image][\/et_pb_column][\/et_pb_row][\/et_pb_section][et_pb_section fb_built=&#8220;1&#8243; _builder_version=&#8220;3.22.3&#8243; background_color=&#8220;#f7f7f7&#8243; custom_margin=&#8220;||&#8220; custom_padding=&#8220;||&#8220; animation_style=&#8220;slide&#8220; animation_direction=&#8220;bottom&#8220; animation_intensity_slide=&#8220;10%&#8220;][et_pb_row custom_padding=&#8220;0px||0px&#8220; custom_margin=&#8220;0px||0px&#8220; _builder_version=&#8220;3.25&#8243;][et_pb_column type=&#8220;4_4&#8243; _builder_version=&#8220;3.25&#8243; background_size=&#8220;initial&#8220; background_position=&#8220;bottom_right&#8220; custom_padding=&#8220;|||&#8220; custom_padding__hover=&#8220;|||&#8220;][et_pb_button button_url=&#8220;https:\/\/www.casavacanzemoresco.com\/de\/book-now-de\/&#8220; button_text=&#8220;VERF\u00dcGBARKEIT ANFRAGEN&#8220; button_alignment=&#8220;center&#8220; disabled_on=&#8220;off|off|off&#8220; admin_label=&#8220;Pulsante tedesco verde&#8220; _builder_version=&#8220;3.26.3&#8243; custom_button=&#8220;on&#8220; button_text_size=&#8220;22px&#8220; button_bg_color=&#8220;#74b757&#8243; button_border_width=&#8220;0px&#8220; button_border_color=&#8220;rgba(255,255,255,0.47)&#8220; button_use_icon=&#8220;off&#8220; z_index_tablet=&#8220;500&#8243; button_text_size_tablet=&#8220;22&#8243; button_text_size_phone=&#8220;18&#8243; button_text_size_last_edited=&#8220;on|phone&#8220; button_text_shadow_horizontal_length_tablet=&#8220;0px&#8220; button_text_shadow_vertical_length_tablet=&#8220;0px&#8220; button_text_shadow_blur_strength_tablet=&#8220;1px&#8220; box_shadow_horizontal_tablet=&#8220;0px&#8220; box_shadow_vertical_tablet=&#8220;0px&#8220; box_shadow_blur_tablet=&#8220;40px&#8220; box_shadow_spread_tablet=&#8220;0px&#8220; saved_tabs=&#8220;all&#8220;][\/et_pb_button][\/et_pb_column][\/et_pb_row][\/et_pb_section][et_pb_section fb_built=&#8220;1&#8243; custom_padding_last_edited=&#8220;on|phone&#8220; _builder_version=&#8220;3.22.3&#8243; custom_padding=&#8220;54px|0px|150px|0px|false|false&#8220; custom_padding_tablet=&#8220;||50px|&#8220; animation_style=&#8220;slide&#8220; animation_direction=&#8220;bottom&#8220; animation_intensity_slide=&#8220;10%&#8220;][et_pb_row custom_padding=&#8220;27px|0px|60px|0px|false|false&#8220; _builder_version=&#8220;3.25&#8243;][et_pb_column type=&#8220;4_4&#8243; _builder_version=&#8220;3.25&#8243; custom_padding=&#8220;|||&#8220; custom_padding__hover=&#8220;|||&#8220;][et_pb_text admin_label=&#8220;I nostri appartamenti&#8220; _builder_version=&#8220;3.22.7&#8243; text_font=&#8220;||||||||&#8220; text_text_color=&#8220;#aa0956&#8243; text_font_size=&#8220;35px&#8220; text_line_height=&#8220;1.4em&#8220; header_font=&#8220;Roboto||||||||&#8220; header_text_color=&#8220;#aa0956&#8243; header_line_height=&#8220;1.1em&#8220; header_2_font=&#8220;|700|||||||&#8220; header_2_text_color=&#8220;#b265ae&#8220; header_2_font_size=&#8220;35px&#8220; text_orientation=&#8220;center&#8220; custom_margin=&#8220;|||&#8220; custom_padding=&#8220;|||&#8220; text_font_size_tablet=&#8220;24px&#8220; text_font_size_last_edited=&#8220;on|tablet&#8220;]Die anderen Arten von Zwei-Zimmer Wohnungen<br \/>\n[\/et_pb_text][\/et_pb_column][\/et_pb_row][et_pb_row column_structure=&#8220;1_3,1_3,1_3&#8243; use_custom_gutter=&#8220;on&#8220; gutter_width=&#8220;2&#8243; custom_padding=&#8220;0px||0px&#8220; custom_margin=&#8220;0px||0px&#8220; module_class=&#8220; et_pb_row_fullwidth&#8220; _builder_version=&#8220;3.25&#8243; width=&#8220;94%&#8220; width_tablet=&#8220;80%&#8220; width_last_edited=&#8220;on|desktop&#8220; max_width=&#8220;94%&#8220; max_width_tablet=&#8220;80%&#8220; max_width_last_edited=&#8220;on|desktop&#8220; make_fullwidth=&#8220;on&#8220; custom_width_px=&#8220;1300px&#8220;][et_pb_column type=&#8220;1_3&#8243; _builder_version=&#8220;3.25&#8243; custom_padding=&#8220;|||&#8220; custom_padding__hover=&#8220;|||&#8220;][et_pb_image src=&#8220;https:\/\/www.casavacanzemoresco.com\/wp-content\/uploads\/2019\/03\/bilocale-moresco-vista-mare-laterale-1.jpg&#8220; url=&#8220;https:\/\/www.casavacanzemoresco.com\/de\/ferienwohnungen-ceriale\/2-zimmer-appartements\/seitlicher-meerblick\/&#8220; show_bottom_space=&#8220;off&#8220; force_fullwidth=&#8220;on&#8220; align_tablet=&#8220;center&#8220; align_last_edited=&#8220;on|desktop&#8220; _builder_version=&#8220;3.23&#8243;][\/et_pb_image][et_pb_text admin_label=&#8220;Monolocali&#8220; module_class=&#8220;ds-advent-6-text-hide&#8220; _builder_version=&#8220;3.21.4&#8243; text_font=&#8220;|300|||||||&#8220; text_font_size=&#8220;20px&#8220; text_line_height=&#8220;1em&#8220; header_font=&#8220;||||||||&#8220; header_3_font=&#8220;Roboto|||on|||||&#8220; header_3_font_size=&#8220;30px&#8220; use_background_color_gradient=&#8220;on&#8220; background_color_gradient_start=&#8220;rgba(121,54,115,0.53)&#8220; background_color_gradient_end=&#8220;rgba(121,54,115,0.53)&#8220; background_color_gradient_direction=&#8220;90deg&#8220; text_orientation=&#8220;center&#8220; background_layout=&#8220;dark&#8220; module_alignment=&#8220;center&#8220; custom_padding=&#8220;20px|20px|20px|20px&#8220; link_option_url=&#8220;https:\/\/www.casavacanzemoresco.com\/de\/ferienwohnungen-ceriale\/2-zimmer-appartements\/seitlicher-meerblick\/&#8220; text_font_size_phone=&#8220;16px&#8220; text_font_size_last_edited=&#8220;on|desktop&#8220; header_3_font_size_phone=&#8220;22px&#8220; header_3_font_size_last_edited=&#8220;on|desktop&#8220;]<\/p>\n<h3>Seitlicher Meerblick<\/h3>\n<p>[\/et_pb_text][\/et_pb_column][et_pb_column type=&#8220;1_3&#8243; _builder_version=&#8220;3.25&#8243; custom_padding=&#8220;|||&#8220; custom_padding__hover=&#8220;|||&#8220;][et_pb_image src=&#8220;https:\/\/www.casavacanzemoresco.com\/wp-content\/uploads\/2019\/03\/bilocale-moresco-vista-monte.jpg&#8220; url=&#8220;https:\/\/www.casavacanzemoresco.com\/de\/ferienwohnungen-ceriale\/2-zimmer-appartements\/bergseite\/&#8220; show_bottom_space=&#8220;off&#8220; force_fullwidth=&#8220;on&#8220; align_tablet=&#8220;center&#8220; align_last_edited=&#8220;on|desktop&#8220; _builder_version=&#8220;3.23&#8243;][\/et_pb_image][et_pb_text admin_label=&#8220;bilocali&#8220; module_class=&#8220;ds-advent-6-text-hide&#8220; _builder_version=&#8220;3.22.7&#8243; text_font=&#8220;|300|||||||&#8220; text_font_size=&#8220;20px&#8220; text_line_height=&#8220;1em&#8220; header_font=&#8220;||||||||&#8220; header_3_font=&#8220;Roboto|||on|||||&#8220; header_3_font_size=&#8220;30px&#8220; use_background_color_gradient=&#8220;on&#8220; background_color_gradient_start=&#8220;rgba(121,54,115,0.53)&#8220; background_color_gradient_end=&#8220;rgba(121,54,115,0.53)&#8220; background_color_gradient_direction=&#8220;90deg&#8220; text_orientation=&#8220;center&#8220; background_layout=&#8220;dark&#8220; module_alignment=&#8220;center&#8220; custom_padding=&#8220;20px|20px|20px|20px&#8220; link_option_url=&#8220;https:\/\/www.casavacanzemoresco.com\/de\/ferienwohnungen-ceriale\/2-zimmer-appartements\/bergseite\/&#8220; text_font_size_phone=&#8220;16px&#8220; text_font_size_last_edited=&#8220;on|phone&#8220; header_3_font_size_phone=&#8220;22px&#8220; header_3_font_size_last_edited=&#8220;on|desktop&#8220;]<\/p>\n<h3> BERGSEITE <\/h3>\n<p>[\/et_pb_text][\/et_pb_column][et_pb_column type=&#8220;1_3&#8243; _builder_version=&#8220;3.25&#8243; custom_padding=&#8220;|||&#8220; custom_padding__hover=&#8220;|||&#8220;][et_pb_image src=&#8220;https:\/\/www.casavacanzemoresco.com\/wp-content\/uploads\/2019\/03\/bilocale-moresco-piano-reception.jpg&#8220; url=&#8220;https:\/\/www.casavacanzemoresco.com\/de\/ferienwohnungen-ceriale\/2-zimmer-appartements\/empfangsebene\/&#8220; show_bottom_space=&#8220;off&#8220; force_fullwidth=&#8220;on&#8220; align_tablet=&#8220;center&#8220; align_last_edited=&#8220;on|desktop&#8220; _builder_version=&#8220;3.23&#8243;][\/et_pb_image][et_pb_text admin_label=&#8220;trilocali&#8220; module_class=&#8220;ds-advent-6-text-hide&#8220; _builder_version=&#8220;3.21.4&#8243; text_font=&#8220;|300|||||||&#8220; text_font_size=&#8220;20px&#8220; text_line_height=&#8220;1em&#8220; header_font=&#8220;||||||||&#8220; header_3_font=&#8220;Roboto|||on|||||&#8220; header_3_font_size=&#8220;30px&#8220; use_background_color_gradient=&#8220;on&#8220; background_color_gradient_start=&#8220;rgba(121,54,115,0.53)&#8220; background_color_gradient_end=&#8220;rgba(121,54,115,0.53)&#8220; background_color_gradient_direction=&#8220;90deg&#8220; text_orientation=&#8220;center&#8220; background_layout=&#8220;dark&#8220; module_alignment=&#8220;center&#8220; custom_padding=&#8220;20px|20px|20px|20px&#8220; link_option_url=&#8220;https:\/\/www.casavacanzemoresco.com\/de\/ferienwohnungen-ceriale\/2-zimmer-appartements\/empfangsebene\/&#8220; text_font_size_phone=&#8220;16px&#8220; text_font_size_last_edited=&#8220;on|phone&#8220; header_3_font_size_phone=&#8220;22px&#8220; header_3_font_size_last_edited=&#8220;on|desktop&#8220;]<\/p>\n<h3> Empfangsebene<\/h3>\n<p>[\/et_pb_text][\/et_pb_column][\/et_pb_row][\/et_pb_section][et_pb_section fb_built=&#8220;1&#8243; custom_padding_last_edited=&#8220;on|phone&#8220; _builder_version=&#8220;3.22.3&#8243; background_color=&#8220;#f7f7f7&#8243; custom_margin=&#8220;|||&#8220; custom_padding=&#8220;120px||175px&#8220; custom_padding_tablet=&#8220;0px||50px|&#8220; animation_style=&#8220;slide&#8220; animation_direction=&#8220;bottom&#8220; animation_intensity_slide=&#8220;10%&#8220;][et_pb_row custom_padding=&#8220;27px|0px|60px|0px|false|false&#8220; _builder_version=&#8220;3.25&#8243;][et_pb_column type=&#8220;4_4&#8243; _builder_version=&#8220;3.25&#8243; custom_padding=&#8220;|||&#8220; custom_padding__hover=&#8220;|||&#8220;][et_pb_text admin_label=&#8220;I nostri appartamenti&#8220; _builder_version=&#8220;3.21.4&#8243; text_font=&#8220;||||||||&#8220; text_text_color=&#8220;#aa0956&#8243; text_font_size=&#8220;35px&#8220; text_line_height=&#8220;1.4em&#8220; header_font=&#8220;Roboto||||||||&#8220; header_text_color=&#8220;#aa0956&#8243; header_line_height=&#8220;1.1em&#8220; header_2_font=&#8220;|700|||||||&#8220; header_2_text_color=&#8220;#b265ae&#8220; header_2_font_size=&#8220;35px&#8220; text_orientation=&#8220;center&#8220; custom_margin=&#8220;|||&#8220; custom_padding=&#8220;|||&#8220; text_font_size_tablet=&#8220;24px&#8220; text_font_size_last_edited=&#8220;on|tablet&#8220;]Unsere Wohnungen<br \/>\n[\/et_pb_text][\/et_pb_column][\/et_pb_row][et_pb_row column_structure=&#8220;1_3,1_3,1_3&#8243; use_custom_gutter=&#8220;on&#8220; gutter_width=&#8220;2&#8243; custom_padding=&#8220;0px||0px&#8220; custom_margin=&#8220;0px||0px&#8220; module_class=&#8220; et_pb_row_fullwidth&#8220; _builder_version=&#8220;3.25&#8243; width=&#8220;94%&#8220; width_tablet=&#8220;80%&#8220; width_last_edited=&#8220;on|desktop&#8220; max_width=&#8220;94%&#8220; max_width_tablet=&#8220;80%&#8220; max_width_last_edited=&#8220;on|desktop&#8220; make_fullwidth=&#8220;on&#8220; custom_width_px=&#8220;1300px&#8220;][et_pb_column type=&#8220;1_3&#8243; _builder_version=&#8220;3.25&#8243; custom_padding=&#8220;|||&#8220; custom_padding__hover=&#8220;|||&#8220;][et_pb_image src=&#8220;https:\/\/www.casavacanzemoresco.com\/wp-content\/uploads\/2018\/11\/monolocale-ceriale-moresco.jpg&#8220; url=&#8220;https:\/\/www.casavacanzemoresco.com\/de\/ferienwohnungen-ceriale\/1-zimmer-appartements\/&#8220; show_bottom_space=&#8220;off&#8220; force_fullwidth=&#8220;on&#8220; align_tablet=&#8220;center&#8220; align_last_edited=&#8220;on|desktop&#8220; _builder_version=&#8220;3.23&#8243;][\/et_pb_image][et_pb_text admin_label=&#8220;Monolocali&#8220; module_class=&#8220;ds-advent-6-text-hide&#8220; _builder_version=&#8220;3.22.7&#8243; text_font=&#8220;|300|||||||&#8220; text_font_size=&#8220;20px&#8220; text_line_height=&#8220;1em&#8220; header_3_font=&#8220;Roboto|||on|||||&#8220; header_3_font_size=&#8220;30px&#8220; use_background_color_gradient=&#8220;on&#8220; background_color_gradient_start=&#8220;rgba(121,54,115,0.53)&#8220; background_color_gradient_end=&#8220;rgba(121,54,115,0.53)&#8220; background_color_gradient_direction=&#8220;90deg&#8220; text_orientation=&#8220;center&#8220; background_layout=&#8220;dark&#8220; module_alignment=&#8220;center&#8220; custom_padding=&#8220;20px|20px|20px|20px&#8220; link_option_url=&#8220;https:\/\/www.casavacanzemoresco.com\/de\/ferienwohnungen-ceriale\/1-zimmer-appartements\/&#8220; text_font_size_phone=&#8220;16px&#8220; text_font_size_last_edited=&#8220;on|desktop&#8220; header_3_font_size_phone=&#8220;22px&#8220; header_3_font_size_last_edited=&#8220;on|desktop&#8220;]<\/p>\n<h3>1-zimmer-appartements<\/h3>\n<p><img decoding=\"async\" src=\"https:\/\/www.casavacanzemoresco.com\/wp-content\/uploads\/2018\/11\/persone-per-appartamento.png\" alt=\"\" width=\"15\"> 3 Personen &#8211; <img decoding=\"async\" src=\"https:\/\/www.casavacanzemoresco.com\/wp-content\/uploads\/2018\/11\/mq.png\" alt=\"\" width=\"15\"> 30 m\u00b2<\/p>\n<p>[\/et_pb_text][\/et_pb_column][et_pb_column type=&#8220;1_3&#8243; _builder_version=&#8220;3.25&#8243; custom_padding=&#8220;|||&#8220; custom_padding__hover=&#8220;|||&#8220;][et_pb_image src=&#8220;https:\/\/www.casavacanzemoresco.com\/wp-content\/uploads\/2019\/01\/bilocale-ceriale-fronte-mare.jpg&#8220; url=&#8220;https:\/\/www.casavacanzemoresco.com\/de\/ferienwohnungen-ceriale\/2-zimmer-appartements\/&#8220; show_bottom_space=&#8220;off&#8220; force_fullwidth=&#8220;on&#8220; align_tablet=&#8220;center&#8220; align_last_edited=&#8220;on|desktop&#8220; _builder_version=&#8220;3.23&#8243;][\/et_pb_image][et_pb_text admin_label=&#8220;Appartements de deux pi\u00e8ces&#8220; module_class=&#8220;ds-advent-6-text-hide&#8220; _builder_version=&#8220;3.22.7&#8243; text_font=&#8220;|300|||||||&#8220; text_font_size=&#8220;20px&#8220; text_line_height=&#8220;1em&#8220; header_3_font=&#8220;Roboto|||on|||||&#8220; header_3_font_size=&#8220;30px&#8220; use_background_color_gradient=&#8220;on&#8220; background_color_gradient_start=&#8220;rgba(121,54,115,0.53)&#8220; background_color_gradient_end=&#8220;rgba(121,54,115,0.53)&#8220; background_color_gradient_direction=&#8220;90deg&#8220; text_orientation=&#8220;center&#8220; background_layout=&#8220;dark&#8220; module_alignment=&#8220;center&#8220; custom_padding=&#8220;20px|20px|20px|20px&#8220; link_option_url=&#8220;https:\/\/www.casavacanzemoresco.com\/de\/ferienwohnungen-ceriale\/2-zimmer-appartements\/&#8220; text_font_size_phone=&#8220;16px&#8220; text_font_size_last_edited=&#8220;on|phone&#8220; header_3_font_size_phone=&#8220;22px&#8220; header_3_font_size_last_edited=&#8220;on|desktop&#8220;]<\/p>\n<h3>2-zimmer-appartements<\/h3>\n<p><img decoding=\"async\" src=\"https:\/\/www.casavacanzemoresco.com\/wp-content\/uploads\/2018\/11\/persone-per-appartamento.png\" alt=\"\" width=\"15\"> 4\/5 Personen &#8211; <img decoding=\"async\" src=\"https:\/\/www.casavacanzemoresco.com\/wp-content\/uploads\/2018\/11\/mq.png\" alt=\"\" width=\"15\"> 40\/45 m\u00b2<\/p>\n<p>[\/et_pb_text][\/et_pb_column][et_pb_column type=&#8220;1_3&#8243; _builder_version=&#8220;3.25&#8243; custom_padding=&#8220;|||&#8220; custom_padding__hover=&#8220;|||&#8220;][et_pb_image src=&#8220;https:\/\/www.casavacanzemoresco.com\/wp-content\/uploads\/2019\/03\/trilocali-moresco-residence.jpg&#8220; url=&#8220;https:\/\/www.casavacanzemoresco.com\/de\/ferienwohnungen-ceriale\/3-zimmer-appartements\/&#8220; show_bottom_space=&#8220;off&#8220; force_fullwidth=&#8220;on&#8220; align_tablet=&#8220;center&#8220; align_last_edited=&#8220;on|desktop&#8220; _builder_version=&#8220;3.23&#8243;][\/et_pb_image][et_pb_text admin_label=&#8220;Appartements de  trois pi\u00e8ces&#8220; module_class=&#8220;ds-advent-6-text-hide&#8220; _builder_version=&#8220;3.22.7&#8243; text_font=&#8220;|300|||||||&#8220; text_font_size=&#8220;20px&#8220; text_line_height=&#8220;1em&#8220; header_3_font=&#8220;Roboto|||on|||||&#8220; header_3_font_size=&#8220;30px&#8220; use_background_color_gradient=&#8220;on&#8220; background_color_gradient_start=&#8220;rgba(121,54,115,0.53)&#8220; background_color_gradient_end=&#8220;rgba(121,54,115,0.53)&#8220; background_color_gradient_direction=&#8220;90deg&#8220; text_orientation=&#8220;center&#8220; background_layout=&#8220;dark&#8220; module_alignment=&#8220;center&#8220; custom_padding=&#8220;20px|20px|20px|20px&#8220; link_option_url=&#8220;https:\/\/www.casavacanzemoresco.com\/de\/ferienwohnungen-ceriale\/3-zimmer-appartements\/&#8220; text_font_size_phone=&#8220;16px&#8220; text_font_size_last_edited=&#8220;on|phone&#8220; header_3_font_size_phone=&#8220;22px&#8220; header_3_font_size_last_edited=&#8220;on|desktop&#8220;]<\/p>\n<h3>3-zimmer-appartements<\/h3>\n<p><img decoding=\"async\" src=\"https:\/\/www.casavacanzemoresco.com\/wp-content\/uploads\/2018\/11\/persone-per-appartamento.png\" alt=\"\" width=\"15\"> 5\/6 Personen &#8211; <img decoding=\"async\" src=\"https:\/\/www.casavacanzemoresco.com\/wp-content\/uploads\/2018\/11\/mq.png\" alt=\"\" width=\"15\"> 55 m\u00b2<\/p>\n<p>[\/et_pb_text][\/et_pb_column][\/et_pb_row][\/et_pb_section]<\/p>\n","protected":false},"excerpt":{"rendered":"<p>&nbsp; &nbsp; Zwei-Zimmer Wohnungen f\u00fcr 4\/5 Personen zu vermieten, mit Balkon und Blick auf&#8217;s Meer In unserer Ferienresidenz in Ceriale k\u00f6nnen Sie Zwei-Zimmer-Wohnungen f\u00fcr Ihren Ferienaufenthalt mieten. Diese Wohnung ist ideal f\u00fcr eine Familie mit 4\/5 Personen, hat eine Wohnfl\u00e4che von ca. 45 m\u00b2 und einen Balkon mit einem wunderbaren Blick direkt auf&#8217;s Meer. Zimmeraufteilung: [&hellip;]<\/p>\n","protected":false},"author":1,"featured_media":0,"parent":206596,"menu_order":0,"comment_status":"closed","ping_status":"closed","template":"","meta":{"_et_pb_use_builder":"on","_et_pb_old_content":"","_et_gb_content_width":"","footnotes":""},"class_list":["post-208645","page","type-page","status-publish","hentry"],"yoast_head":"<!-- This site is optimized with the Yoast SEO plugin v27.4 - https:\/\/yoast.com\/product\/yoast-seo-wordpress\/ -->\n<title>2-Zimmer-Appartements mit Meerblick | Residence Moresco<\/title>\n<meta name=\"robots\" content=\"index, follow, max-snippet:-1, max-image-preview:large, max-video-preview:-1\" \/>\n<link rel=\"canonical\" href=\"https:\/\/www.casavacanzemoresco.com\/de\/ferienwohnungen-ceriale\/2-zimmer-appartements\/direkt-am-meer\/\" \/>\n<meta property=\"og:locale\" content=\"de_DE\" \/>\n<meta property=\"og:type\" content=\"article\" \/>\n<meta property=\"og:title\" content=\"2-Zimmer-Appartements mit Meerblick | Residence Moresco\" \/>\n<meta property=\"og:description\" content=\"&nbsp; &nbsp; Zwei-Zimmer Wohnungen f\u00fcr 4\/5 Personen zu vermieten, mit Balkon und Blick auf&#039;s Meer In unserer Ferienresidenz in Ceriale k\u00f6nnen Sie Zwei-Zimmer-Wohnungen f\u00fcr Ihren Ferienaufenthalt mieten. Diese Wohnung ist ideal f\u00fcr eine Familie mit 4\/5 Personen, hat eine Wohnfl\u00e4che von ca. 45 m\u00b2 und einen Balkon mit einem wunderbaren Blick direkt auf&#039;s Meer. Zimmeraufteilung: [&hellip;]\" \/>\n<meta property=\"og:url\" content=\"https:\/\/www.casavacanzemoresco.com\/de\/ferienwohnungen-ceriale\/2-zimmer-appartements\/direkt-am-meer\/\" \/>\n<meta property=\"og:site_name\" content=\"Residence Moresco\" \/>\n<meta property=\"article:modified_time\" content=\"2019-07-22T07:42:29+00:00\" \/>\n<meta property=\"og:image\" content=\"https:\/\/www.casavacanzemoresco.com\/wp-content\/uploads\/2019\/02\/bester-pris-garantert.png\" \/>\n<meta name=\"twitter:card\" content=\"summary_large_image\" \/>\n<meta name=\"twitter:label1\" content=\"Gesch\u00e4tzte Lesezeit\" \/>\n\t<meta name=\"twitter:data1\" content=\"21\u00a0Minuten\" \/>\n<script type=\"application\/ld+json\" class=\"yoast-schema-graph\">{\"@context\":\"https:\\\/\\\/schema.org\",\"@graph\":[{\"@type\":\"WebPage\",\"@id\":\"https:\\\/\\\/www.casavacanzemoresco.com\\\/de\\\/ferienwohnungen-ceriale\\\/2-zimmer-appartements\\\/direkt-am-meer\\\/\",\"url\":\"https:\\\/\\\/www.casavacanzemoresco.com\\\/de\\\/ferienwohnungen-ceriale\\\/2-zimmer-appartements\\\/direkt-am-meer\\\/\",\"name\":\"2-Zimmer-Appartements mit Meerblick | Residence Moresco\",\"isPartOf\":{\"@id\":\"https:\\\/\\\/www.casavacanzemoresco.com\\\/#website\"},\"primaryImageOfPage\":{\"@id\":\"https:\\\/\\\/www.casavacanzemoresco.com\\\/de\\\/ferienwohnungen-ceriale\\\/2-zimmer-appartements\\\/direkt-am-meer\\\/#primaryimage\"},\"image\":{\"@id\":\"https:\\\/\\\/www.casavacanzemoresco.com\\\/de\\\/ferienwohnungen-ceriale\\\/2-zimmer-appartements\\\/direkt-am-meer\\\/#primaryimage\"},\"thumbnailUrl\":\"https:\\\/\\\/www.casavacanzemoresco.com\\\/wp-content\\\/uploads\\\/2019\\\/02\\\/bester-pris-garantert.png\",\"datePublished\":\"2019-02-28T10:56:23+00:00\",\"dateModified\":\"2019-07-22T07:42:29+00:00\",\"breadcrumb\":{\"@id\":\"https:\\\/\\\/www.casavacanzemoresco.com\\\/de\\\/ferienwohnungen-ceriale\\\/2-zimmer-appartements\\\/direkt-am-meer\\\/#breadcrumb\"},\"inLanguage\":\"de\",\"potentialAction\":[{\"@type\":\"ReadAction\",\"target\":[\"https:\\\/\\\/www.casavacanzemoresco.com\\\/de\\\/ferienwohnungen-ceriale\\\/2-zimmer-appartements\\\/direkt-am-meer\\\/\"]}]},{\"@type\":\"ImageObject\",\"inLanguage\":\"de\",\"@id\":\"https:\\\/\\\/www.casavacanzemoresco.com\\\/de\\\/ferienwohnungen-ceriale\\\/2-zimmer-appartements\\\/direkt-am-meer\\\/#primaryimage\",\"url\":\"https:\\\/\\\/www.casavacanzemoresco.com\\\/wp-content\\\/uploads\\\/2019\\\/02\\\/bester-pris-garantert.png\",\"contentUrl\":\"https:\\\/\\\/www.casavacanzemoresco.com\\\/wp-content\\\/uploads\\\/2019\\\/02\\\/bester-pris-garantert.png\"},{\"@type\":\"BreadcrumbList\",\"@id\":\"https:\\\/\\\/www.casavacanzemoresco.com\\\/de\\\/ferienwohnungen-ceriale\\\/2-zimmer-appartements\\\/direkt-am-meer\\\/#breadcrumb\",\"itemListElement\":[{\"@type\":\"ListItem\",\"position\":1,\"name\":\"Home\",\"item\":\"https:\\\/\\\/www.casavacanzemoresco.com\\\/de\\\/\"},{\"@type\":\"ListItem\",\"position\":2,\"name\":\"Ferienwohnungen\",\"item\":\"https:\\\/\\\/www.casavacanzemoresco.com\\\/de\\\/ferienwohnungen-ceriale\\\/\"},{\"@type\":\"ListItem\",\"position\":3,\"name\":\"2-Zimmer-Appartements\",\"item\":\"https:\\\/\\\/www.casavacanzemoresco.com\\\/de\\\/ferienwohnungen-ceriale\\\/2-zimmer-appartements\\\/\"},{\"@type\":\"ListItem\",\"position\":4,\"name\":\"2-Zimmer-Appartements mit Meerblick\"}]},{\"@type\":\"WebSite\",\"@id\":\"https:\\\/\\\/www.casavacanzemoresco.com\\\/#website\",\"url\":\"https:\\\/\\\/www.casavacanzemoresco.com\\\/\",\"name\":\"Residence Moresco\",\"description\":\"Casa vacanza Liguria fronte mare\",\"publisher\":{\"@id\":\"https:\\\/\\\/www.casavacanzemoresco.com\\\/#organization\"},\"potentialAction\":[{\"@type\":\"SearchAction\",\"target\":{\"@type\":\"EntryPoint\",\"urlTemplate\":\"https:\\\/\\\/www.casavacanzemoresco.com\\\/?s={search_term_string}\"},\"query-input\":{\"@type\":\"PropertyValueSpecification\",\"valueRequired\":true,\"valueName\":\"search_term_string\"}}],\"inLanguage\":\"de\"},{\"@type\":\"Organization\",\"@id\":\"https:\\\/\\\/www.casavacanzemoresco.com\\\/#organization\",\"name\":\"Casa Vacanze Moresco\",\"url\":\"https:\\\/\\\/www.casavacanzemoresco.com\\\/\",\"logo\":{\"@type\":\"ImageObject\",\"inLanguage\":\"de\",\"@id\":\"https:\\\/\\\/www.casavacanzemoresco.com\\\/#\\\/schema\\\/logo\\\/image\\\/\",\"url\":\"https:\\\/\\\/www.casavacanzemoresco.com\\\/wp-content\\\/uploads\\\/2018\\\/10\\\/logo-residence-moresco.png\",\"contentUrl\":\"https:\\\/\\\/www.casavacanzemoresco.com\\\/wp-content\\\/uploads\\\/2018\\\/10\\\/logo-residence-moresco.png\",\"width\":756,\"height\":270,\"caption\":\"Casa Vacanze Moresco\"},\"image\":{\"@id\":\"https:\\\/\\\/www.casavacanzemoresco.com\\\/#\\\/schema\\\/logo\\\/image\\\/\"}}]}<\/script>\n<!-- \/ Yoast SEO plugin. -->","yoast_head_json":{"title":"2-Zimmer-Appartements mit Meerblick | Residence Moresco","robots":{"index":"index","follow":"follow","max-snippet":"max-snippet:-1","max-image-preview":"max-image-preview:large","max-video-preview":"max-video-preview:-1"},"canonical":"https:\/\/www.casavacanzemoresco.com\/de\/ferienwohnungen-ceriale\/2-zimmer-appartements\/direkt-am-meer\/","og_locale":"de_DE","og_type":"article","og_title":"2-Zimmer-Appartements mit Meerblick | Residence Moresco","og_description":"&nbsp; &nbsp; Zwei-Zimmer Wohnungen f\u00fcr 4\/5 Personen zu vermieten, mit Balkon und Blick auf's Meer In unserer Ferienresidenz in Ceriale k\u00f6nnen Sie Zwei-Zimmer-Wohnungen f\u00fcr Ihren Ferienaufenthalt mieten. Diese Wohnung ist ideal f\u00fcr eine Familie mit 4\/5 Personen, hat eine Wohnfl\u00e4che von ca. 45 m\u00b2 und einen Balkon mit einem wunderbaren Blick direkt auf's Meer. Zimmeraufteilung: [&hellip;]","og_url":"https:\/\/www.casavacanzemoresco.com\/de\/ferienwohnungen-ceriale\/2-zimmer-appartements\/direkt-am-meer\/","og_site_name":"Residence Moresco","article_modified_time":"2019-07-22T07:42:29+00:00","og_image":[{"url":"https:\/\/www.casavacanzemoresco.com\/wp-content\/uploads\/2019\/02\/bester-pris-garantert.png","type":"","width":"","height":""}],"twitter_card":"summary_large_image","twitter_misc":{"Gesch\u00e4tzte Lesezeit":"21\u00a0Minuten"},"schema":{"@context":"https:\/\/schema.org","@graph":[{"@type":"WebPage","@id":"https:\/\/www.casavacanzemoresco.com\/de\/ferienwohnungen-ceriale\/2-zimmer-appartements\/direkt-am-meer\/","url":"https:\/\/www.casavacanzemoresco.com\/de\/ferienwohnungen-ceriale\/2-zimmer-appartements\/direkt-am-meer\/","name":"2-Zimmer-Appartements mit Meerblick | Residence Moresco","isPartOf":{"@id":"https:\/\/www.casavacanzemoresco.com\/#website"},"primaryImageOfPage":{"@id":"https:\/\/www.casavacanzemoresco.com\/de\/ferienwohnungen-ceriale\/2-zimmer-appartements\/direkt-am-meer\/#primaryimage"},"image":{"@id":"https:\/\/www.casavacanzemoresco.com\/de\/ferienwohnungen-ceriale\/2-zimmer-appartements\/direkt-am-meer\/#primaryimage"},"thumbnailUrl":"https:\/\/www.casavacanzemoresco.com\/wp-content\/uploads\/2019\/02\/bester-pris-garantert.png","datePublished":"2019-02-28T10:56:23+00:00","dateModified":"2019-07-22T07:42:29+00:00","breadcrumb":{"@id":"https:\/\/www.casavacanzemoresco.com\/de\/ferienwohnungen-ceriale\/2-zimmer-appartements\/direkt-am-meer\/#breadcrumb"},"inLanguage":"de","potentialAction":[{"@type":"ReadAction","target":["https:\/\/www.casavacanzemoresco.com\/de\/ferienwohnungen-ceriale\/2-zimmer-appartements\/direkt-am-meer\/"]}]},{"@type":"ImageObject","inLanguage":"de","@id":"https:\/\/www.casavacanzemoresco.com\/de\/ferienwohnungen-ceriale\/2-zimmer-appartements\/direkt-am-meer\/#primaryimage","url":"https:\/\/www.casavacanzemoresco.com\/wp-content\/uploads\/2019\/02\/bester-pris-garantert.png","contentUrl":"https:\/\/www.casavacanzemoresco.com\/wp-content\/uploads\/2019\/02\/bester-pris-garantert.png"},{"@type":"BreadcrumbList","@id":"https:\/\/www.casavacanzemoresco.com\/de\/ferienwohnungen-ceriale\/2-zimmer-appartements\/direkt-am-meer\/#breadcrumb","itemListElement":[{"@type":"ListItem","position":1,"name":"Home","item":"https:\/\/www.casavacanzemoresco.com\/de\/"},{"@type":"ListItem","position":2,"name":"Ferienwohnungen","item":"https:\/\/www.casavacanzemoresco.com\/de\/ferienwohnungen-ceriale\/"},{"@type":"ListItem","position":3,"name":"2-Zimmer-Appartements","item":"https:\/\/www.casavacanzemoresco.com\/de\/ferienwohnungen-ceriale\/2-zimmer-appartements\/"},{"@type":"ListItem","position":4,"name":"2-Zimmer-Appartements mit Meerblick"}]},{"@type":"WebSite","@id":"https:\/\/www.casavacanzemoresco.com\/#website","url":"https:\/\/www.casavacanzemoresco.com\/","name":"Residence Moresco","description":"Casa vacanza Liguria fronte mare","publisher":{"@id":"https:\/\/www.casavacanzemoresco.com\/#organization"},"potentialAction":[{"@type":"SearchAction","target":{"@type":"EntryPoint","urlTemplate":"https:\/\/www.casavacanzemoresco.com\/?s={search_term_string}"},"query-input":{"@type":"PropertyValueSpecification","valueRequired":true,"valueName":"search_term_string"}}],"inLanguage":"de"},{"@type":"Organization","@id":"https:\/\/www.casavacanzemoresco.com\/#organization","name":"Casa Vacanze Moresco","url":"https:\/\/www.casavacanzemoresco.com\/","logo":{"@type":"ImageObject","inLanguage":"de","@id":"https:\/\/www.casavacanzemoresco.com\/#\/schema\/logo\/image\/","url":"https:\/\/www.casavacanzemoresco.com\/wp-content\/uploads\/2018\/10\/logo-residence-moresco.png","contentUrl":"https:\/\/www.casavacanzemoresco.com\/wp-content\/uploads\/2018\/10\/logo-residence-moresco.png","width":756,"height":270,"caption":"Casa Vacanze Moresco"},"image":{"@id":"https:\/\/www.casavacanzemoresco.com\/#\/schema\/logo\/image\/"}}]}},"_links":{"self":[{"href":"https:\/\/www.casavacanzemoresco.com\/de\/wp-json\/wp\/v2\/pages\/208645","targetHints":{"allow":["GET"]}}],"collection":[{"href":"https:\/\/www.casavacanzemoresco.com\/de\/wp-json\/wp\/v2\/pages"}],"about":[{"href":"https:\/\/www.casavacanzemoresco.com\/de\/wp-json\/wp\/v2\/types\/page"}],"author":[{"embeddable":true,"href":"https:\/\/www.casavacanzemoresco.com\/de\/wp-json\/wp\/v2\/users\/1"}],"replies":[{"embeddable":true,"href":"https:\/\/www.casavacanzemoresco.com\/de\/wp-json\/wp\/v2\/comments?post=208645"}],"version-history":[{"count":16,"href":"https:\/\/www.casavacanzemoresco.com\/de\/wp-json\/wp\/v2\/pages\/208645\/revisions"}],"predecessor-version":[{"id":209968,"href":"https:\/\/www.casavacanzemoresco.com\/de\/wp-json\/wp\/v2\/pages\/208645\/revisions\/209968"}],"up":[{"embeddable":true,"href":"https:\/\/www.casavacanzemoresco.com\/de\/wp-json\/wp\/v2\/pages\/206596"}],"wp:attachment":[{"href":"https:\/\/www.casavacanzemoresco.com\/de\/wp-json\/wp\/v2\/media?parent=208645"}],"curies":[{"name":"wp","href":"https:\/\/api.w.org\/{rel}","templated":true}]}}